{"id":1033,"date":"2016-10-14T12:52:01","date_gmt":"2016-10-14T09:52:01","guid":{"rendered":"http:\/\/brassoi-turista-egyesulet.eu\/?page_id=1033"},"modified":"2017-03-30T17:08:36","modified_gmt":"2017-03-30T14:08:36","slug":"brasso-hajdanaban-es-ma","status":"publish","type":"page","link":"https:\/\/brassoi-turista-egyesulet.eu\/?page_id=1033","title":{"rendered":"Brass\u00f3 &#8211; hajdan\u00e1ban \u00e9s ma"},"content":{"rendered":"<p><strong>Brass\u00f3 a Barcas\u00e1g\u00a0 legszebb v\u00e1rosa.<\/strong><\/p>\n<p><strong>Brass\u00f3 a remek m\u0171eml\u00e9kek v\u00e1rosa.<\/strong><\/p>\n<p><strong>Brass\u00f3 a K\u00e1rp\u00e1t-kanyar v\u00e1rosa.<\/strong><\/p>\n<p>&nbsp;<\/p>\n<p>Ha\u00a0 a Brass\u00f3 k\u00f6zl\u00e9ben lev\u0151 Lempes\u00a0 hegyre kimegy\u00fcnk, egy nagyon sz\u00e9p panor\u00e1m\u00e1ban lesz r\u00e9sz\u00fcnk. Inn\u00e9t bel\u00e1thatjuk a K\u00e1rp\u00e1t-kanyar hegyeinek a sorozat\u00e1t. N\u00e9zel\u0151dj\u00fcnk nyugatr\u00f3l \u2013 kelet fel\u00e9:<\/p>\n<p>A Kir\u00e1lyk\u00f6t\u0151l messze nyugat fel\u00e9 a Fogarasi-havasok el\u0151hegyei l\u00e1tszanak, a Kir\u00e1lyk\u00f6t\u0151l Keletre a Bucsecs hatalmas cs\u00facsait l\u00e1tjuk, tov\u00e1bb a Kereszt\u00e9ny-havast \u2013 Nagyk\u0151-havast, Csuklyont, Baj-hegys\u00e9get, Vajda-havast, Grohotis hegyeit, Tat\u00e1r-havast, Z\u0103ganut, majd a Csuk\u00e1s hegyeit l\u00e1tjuk. Ha a K\u00e1rp\u00e1t-kanyar f\u00f3kusz\u00e1ba\u00a0 pillantunk egy magas k\u00e9m\u00e9nyre lehet\u00fcnk figyelmesek \u00e9s a k\u00f6r\u00fcl\u00f6tte lev\u0151 h\u00e1zakra \u2013 \u00e9p\u00fcletekre, ez <strong>Brass\u00f3. <\/strong>\u00a0A l\u00e1bunk alatt, Barcaszentp\u00e9ter \u00e9s Sz\u00e1szherm\u00e1ny v\u00e1rtemplomainak a tornyait l\u00e1thassuk. A Lempes hegy \u00e9s a Cenk Brass\u00f3 vir\u00e1gos kertje, de m\u00e9g vannak csod\u00e1latos vir\u00e1gos kertek Brass\u00f3 k\u00f6r\u00fcl, P\u00e9ld\u00e1ul a Salamon-k\u0151, F\u00fcgg\u0151-k\u0151 stb.<\/p>\n<p>Brass\u00f3 sz\u00e9ps\u00e9geit <strong>Orb\u00e1n Bal\u00e1zs <\/strong>is megcsod\u00e1lta. A Kir\u00e1lyh\u00e1g\u00f3n inneni r\u00e9sz legszebb v\u00e1ros\u00e1nak ismerte el. <strong>Orb\u00e1n Bal\u00e1zs<\/strong>, nagyon megszerette Brass\u00f3t, bizony\u00edt\u00e9k erre az, hogy a \u201e<strong>A SZ\u00c9KELY F\u00d6LD LE\u00cdR\u00c1SA\u201d <\/strong>c\u00edm\u0171\u00a0 f\u00fczeteiben h\u00e1rom f\u00fczetben Brass\u00f3t \u00edrja le, nagyon r\u00e9szletesen.<\/p>\n<p>Lapozzunk vissza a m\u00faltban \u00e9s sz\u00f3laltassuk meg <strong>Orb\u00e1n Bal\u00e1zst. Id\u00e9z\u00fcnk a 22. sz. f\u00fczet\u00e9b\u0151l, ahogy \u0150 megl\u00e1tta Brass\u00f3t.<\/strong><\/p>\n<p>\u201e Barczas\u00e1got k\u00f6r\u00fclker\u00fcl\u0151 utunk\u00a0 elvezetett e sz\u00e9p t\u00e9r legnevezetesebb \u00e9s term\u00e9szet\u00e9n\u00e9l fogva legfontosabb pontj\u00e1hoz : Brass\u00f3hoz. E v\u00e1rost jogosan mondhatjuk a Kir\u00e1lyh\u00e1g\u00f3n inneni r\u00e9sz legszebb \u00e9s legtekint\u00e9lyesebb v\u00e1ros\u00e1nak mely k\u00fcl\u00f6n\u00f6sen nagys\u00e1g \u00e9s sz\u00e9p fekv\u00e9sre n\u00e9zve t\u00e1rsai k\u00f6zt b\u00e1r\u00a0 melyikkel el\u0151ny\u00f6sen versenyez. B\u00e1r mely oldalr\u00f3l k\u00f6zel\u00edts\u00fcnk fel\u00e9, minden\u00fctt tal\u00e1lunk valami sz\u00e9pet ; de t\u00e1volb\u00f3l szeml\u00e9lve m\u00e9gis legszebb azon k\u00e9pe, mely a H\u00e9tfalu fel\u0151l j\u00f6v\u0151nek \u00f6tlik\u00a0 szem\u00e9ben. A v\u00e1ros f\u00f6l\u00f6tt keletr\u0151l felmagasod\u00f3 C z e n k (hegy) f\u00e9l\u00e9nken rejtegeti azt mindaddig, m\u00edg az utas a Cenknek t\u00e9rbe kisz\u00f6kell\u0151 el\u0151hegy\u00e9t : az \u00fagynevezett C s i g a h e g y e t t\u00falhaladja. Ekkor egyszerre, v\u00e1ratlanul mint var\u00e1zst\u00fcnem\u00e9ny mer\u00fcl fel el\u0151tte a gy\u00f6ny\u00f6r\u0171 v\u00e1ros, mely a fellegv\u00e1r koron\u00e1zta Szent M\u00e1rton hegy \u00e9s a Czenk z\u00f6ld lombs\u00e1tra k\u00f6zt mint egy keretben jelenik meg, gy\u00f6ny\u00f6r\u0171 k\u00f6rnyezet k\u00f6zepette, m\u00e9g gy\u00f6ny\u00f6r\u0171bben csoportos\u00edtott h\u00e1zakkal, melyeknek vidor tekintet\u0171 t\u00f6meg\u00e9b\u0151l \u00f3don alak\u00fa tornyok, hegyes fed\u00e9lzet\u0171 b\u00e1sty\u00e1k, s\u00f6t\u00e9t z\u00f6mtornyok (donjonos) emelkednek ki, s mindezek f\u00f6l\u00f6tt mint m\u00falt id\u0151knek nagyszer\u0171 k\u0151epope\u00e1ja a fekete templom magasul ki imposans\u00a0\u00a0 alakj\u00e1val, \u00e9l\u00e9nk ellent\u00e9tben mutatva fel a jelennel egybe\u00f6lelkezett m\u00faltat, a k\u00f6z\u00e9pkori eml\u00e9k\u00e9p\u00fcletek \u00e1ltal k\u00f6r\u00fcl \u00f6lelt \u00e9s tark\u00e1zott \u00fajkori v\u00e1rost. Itt a b\u00e9ke k\u00e9nyelmes \u00e9p\u00fcletei, r\u00e9gi harczias id\u0151k er\u0151ditv\u00e9nyei m\u0171veivel vannak k\u00f6r\u00fclv\u00e9ve, a m\u00faltnak tiszteletet kelt\u0151 t\u00f6m\u00f6r \u00e9p\u00edtm\u00e9nyei, a jelennek k\u00f6nny\u00fcded m\u0171veivel \u00e9rintkeznek,\u00a0 s mindezek f\u00f6l\u00f6tt kiemelkedve \u00e1ll a vall\u00e1s k\u0151be v\u00e9sett k\u00f6lt\u00e9szete, az istenim\u00e1d\u00e1s nagy eszm\u00e9j\u00e9t mintegy megtestes\u00edteni t\u00f6rekv\u0151 b\u00fcszke alkot\u00e1sa az embereknek ; m\u0171remeke a vall\u00e1sos buzgalom \u00e1ldozatk\u00e9szs\u00e9g\u00e9nek, eml\u00e9k\u00e9p\u00fclet az \u00f6nmag\u00e1t dics\u0151\u00edt\u0151 m\u00faltb\u00f3l, egy hatalmas d\u00f3m, mely \u00e9vsz\u00e1zadokkal k\u00e9pes daczolni, mintha jelk\u00e9pezn\u00e9 a hit erej\u00e9t, mely l\u00e9tel\u00e9nek indoka volt.<\/p>\n<p>Brass\u00f3nak nemcsak elhelyez\u00e9se meglep\u0151, nemcsak \u00e9p\u00fcletcsoportos\u00edt\u00e1sa fest\u0151i ; hanem k\u00f6rnyezete is a kigondolhat\u00f3 legreg\u00e9nyesebb, fekv\u00e9se a legsaj\u00e1ts\u00e1gosabb, min\u0151nek hasonl\u00f3j\u00e1t alig tudn\u00f3k feltal\u00e1lni, mert m\u00edg legt\u00f6bb v\u00e1rosaink ny\u00edlt helyen fek\u00fcsznek, &#8211; hol a fejl\u0151d\u00e9s \u00e9s terjeszked\u00e9se szabad t\u00e9r ny\u00edlik\u00a0 &#8211; addig Brass\u00f3 egy z\u00e1rt hegykebelben rejt\u0151zk\u00f6d\u00f6tt el f\u00e9l\u00e9nken, mintha e\u00a0 rejt\u0151zk\u00f6d\u00e9se \u00e1ltal \u00e9rdekess\u00e9g\u00e9t k\u00edv\u00e1nta volna fokozni. A hat\u00e1rsz\u00e9li K\u00e1rp\u00e1tok egyik elz\u00e1rt kies v\u00f6lgyecsk\u00e9j\u00e9be h\u00faz\u00f3dott meg, melyet egyfel\u0151l a 3054\u00a0 l\u00e1b magas C z e n k\u00a0 f\u00fcgg\u00e9lyes oldala, m\u00e1s fel\u0151l a\u00a0 R a u p e n &#8211; B e r g\u00a0 magas l\u00e1nczolata k\u00f6r\u00edti be. Ezen ekk\u00e9nt hat\u00e1rolt, \u00e9s a K \u00f6 sz \u00f6 r \u00fc\u00a0 p a t a k a\u00a0 \u00e1ltal \u00e1tfolyt jelent\u00e9ktelen v\u00f6lgyben fekszik Barczas\u00e1gnak sz\u00e9p koron\u00e1ja : Brass\u00f3, mint a dr\u00e1gak\u0151, melyet a foglalv\u00e1ny egyszer\u0171s\u00e9ge \u00e1ltal akar m\u00e9g fel\u00f6tl\u0151bb\u00e9 tenni a m\u0171v\u00e9sz keze.<\/p>\n<p>Hogy elrejtett v\u00e1rosunk m\u00e9g ink\u00e1bb fedve \u00e9s eldugva legyen, a term\u00e9szet szesz\u00e9lye a fekv\u00f6lgy torkolata el\u00e9be egy azt csaknem eg\u00e9szen elz\u00e1r\u00f3 \u00e9s teljesen \u00f6n\u00e1ll\u00f3lag felmagasul\u00f3 v\u00e9dhegyet helyezett, hogy az a k\u00e9nyes-begyes v\u00e1rost nemcsak a Nemere hideg lehellete, hanem ellens\u00e9g ellen is fedezze, amennyiben e hegy \u00f6nk\u00e9nt k\u00edn\u00e1lkozott arra, hogy oda a v\u00e1rost fedez\u0151 s k\u00fclmegt\u00e1mad\u00e1sok ellen v\u00e9d\u0151 er\u0151d\u00edtm\u00e9nyt emeljen az ember biztons\u00e1got keres\u0151 akarata. A v\u00e1r fel is \u00e9p\u00fclt ottan, s m\u00e9g most is ott emelkednek a r\u00e9gi fellegv\u00e1r t\u00f6m\u00f6r falai, melyek ha ma m\u00e1r a hadtudom\u00e1ny \u00e1ltal t\u00falsz\u00e1rnyaltan nem v\u00e9dnek t\u00f6bb\u00e9, de az\u00e9rt a t\u00e1j sz\u00e9ps\u00e9g\u00e9re befoly\u00e1st gyakorolnak.<\/p>\n<p>Nekem itt nem lehet feladatom Brass\u00f3nak r\u00e9szletes ismertet\u00e9s\u00e9t adnom, mert mint mond\u00e1m, \u00e9n a Barczas\u00e1gra legink\u00e1bb az ott lev\u0151 nagysz\u00e1m\u00fa magyars\u00e1g ismertet\u00e9s\u00e9\u00e9rt tolakodtam be ; m\u00e9gis, mint a sz\u00e9p t\u00e1jak kedvel\u0151je, a r\u00e9gi historiai eml\u00e9kek tisztel\u0151je, s a r\u00e9gi m\u0171eml\u00e9kek szenved\u00e9lyes b\u00fav\u00e1ra, nem vonulhatok el k\u00f6z\u00f6ny\u00f6sen az oly gy\u00f6ny\u00f6r\u0171 fekv\u00e9s\u0171, t\u00f6rt\u00e9netileg oly nevezetes, s annyi m\u0171eml\u00e9kkel d\u00edszes Brass\u00f3 mellett, annyival ink\u00e1bb nem, mivel Brass\u00f3 nemzetis\u00e9gi tekintetben sem idegen el\u0151tt\u00fcnk, mert amint al\u00e1bb ki fogom mutatni, a 9000-et meghaladja az \u00e1lland\u00f3lag ott lak\u00f3 magyarok sz\u00e1ma, s vagy 2000-nyi van ott szolg\u00e1latban, s ek\u00e9nt ha felvessz\u00fck, hogy a sz\u00e1szok l\u00e9tsz\u00e1ma Brass\u00f3ban alig t\u00f6bb 9000-n\u00e9l, Brass\u00f3t ink\u00e1bb tekinthetj\u00fck magyar, mint sz\u00e1sz v\u00e1rosnak ; tov\u00e1bb\u00e1 mint a Sz\u00e9kelyf\u00f6ld f\u0151piacza \u00e9s kereskedelmi k\u00f6zpontja \u00e9ppen oly m\u00e9rt\u00e9kben \u00e9rdekel minket, mint haz\u00e1nk b\u00e1rmelyik v\u00e1rosa. Ez okon az indok, mi engem a Barczas\u00e1gra vezetett, Brass\u00f3 megl\u00e1togat\u00e1s\u00e1ra is jogosan \u00f6szt\u00f6n\u00f6zhet.<\/p>\n<p>Az\u00e9rt \u00e9n itt Brass\u00f3nak ha nem is kimer\u00edt\u0151en r\u00e9szletezett, de m\u00e9g is egy r\u00f6vid le\u00edr\u00e1s\u00e1t adom, f\u0151leg az\u00e9rt, hogy e t\u00e1jon utaz\u00f3 haz\u00e1mfiainak ez oly sok tekintetben \u00e9rdekes v\u00e1rosban le\u00edr\u00e1som kalauzul \u00e9s \u00fatmutat\u00f3ul szolg\u00e1ljon. Miel\u0151tt azonban e v\u00e1rosba szeml\u00e9l\u0151d\u00e9s\u00fcnket\u00a0 megkezden\u0151k, l\u00e1ssuk legel\u0151bb Brass\u00f3 alakul\u00e1s\u00e1nak \u00e9s fejl\u0151d\u00e9s\u00e9nek r\u00f6vid t\u00f6rt\u00e9net\u00e9t.\u201d<\/p>\n<p><strong>Orb\u00e1n Bal\u00e1zs <\/strong>Brass\u00f3 le\u00edr\u00e1s\u00e1t a <strong>23. sz. \u00e9s a 24. sz. <\/strong>f\u00fczetekben folytatja.<\/p>\n<p><strong>Brass\u00f3 alakul\u00e1sa, fejl\u0151d\u00e9se \u00e9s n\u00e9v eredete.<\/strong><\/p>\n<p><strong>\u00a0\u00a0\u00a0\u00a0\u00a0\u00a0\u00a0\u00a0\u00a0\u00a0\u00a0 Brass\u00f3 kiv\u00e1lts\u00e1gai, t\u00f6rt\u00e9nelme.<\/strong><\/p>\n<p><strong>\u00a0\u00a0\u00a0\u00a0\u00a0\u00a0\u00a0\u00a0\u00a0\u00a0\u00a0 Brass\u00f3 a T\u00f6k\u00f6li \u00e9s R\u00e1k\u00f3czi-mozgalom alatt.<\/strong><\/p>\n<p><strong>\u00a0\u00a0\u00a0\u00a0\u00a0\u00a0\u00a0\u00a0\u00a0\u00a0\u00a0 Brass\u00f3 az 1848. \u00e9s 49-ki\u00a0 szabads\u00e1gharc alatt.<\/strong><\/p>\n<p><strong>\u00a0\u00a0\u00a0\u00a0\u00a0\u00a0\u00a0\u00a0\u00a0\u00a0\u00a0 Folytathassuk tov\u00e1bb a sok alc\u00edmet, \u00f6sszesen 42 alc\u00edmet tal\u00e1lunk.<\/strong><\/p>\n<p><strong>\u00a0\u00a0\u00a0\u00a0\u00a0\u00a0\u00a0\u00a0\u00a0\u00a0\u00a0 Orb\u00e1n Bal\u00e1zs nek\u00fcnk magyaroknak \u00edrta le Brass\u00f3 t\u00f6rt\u00e9net\u00e9t. Eltudjuk k\u00e9pzelni, hogy milyen nagy munka volt ez ?<\/strong><\/p>\n<p><strong>\u00a0\u00a0\u00a0\u00a0\u00a0\u00a0\u00a0\u00a0\u00a0\u00a0\u00a0 <\/strong>\u00c9rdemes el\u0151venni\u00a0 <strong>Orb\u00e1n Bal\u00e1zs <\/strong>\u00edr\u00e1sait \u00e9s tanulm\u00e1nyozni, mert sok \u00e9rdekess\u00e9get fogunk megtudni. Pl. <strong>Brass\u00f3 az 1848. \u00e9s 49-ik szabads\u00e1gharc alatt. <\/strong>Sok Brass\u00f3ban \u00e9l\u0151 magyaroknak\u00a0 fogalmuk\u00a0 sincs arr\u00f3l, hogy Brass\u00f3ban is voltak. a szabads\u00e1g\u00e9rt v\u00edvott harcok. A Fellegv\u00e1ron magyar felirat\u00fa t\u00e1bla is hirdeti a v\u00e1rat v\u00e9delmez\u0151 h\u0151s\u00f6ket. Hogy ez a t\u00e1bla l\u00e9tezik, ami nem m\u00e1s mint egy\u00a0 m\u00e1sodik t\u00f6rt\u00e9nelmi csoda. Az els\u0151 t\u00f6rt\u00e9nelmi csoda maga a v\u00e1r h\u0151sies v\u00e9delmez\u00e9se volt. A t\u00e1bla felszerel\u00e9se \u00e9s felavat\u00e1sa <strong>Szente L\u00e1szl\u00f3 <\/strong>v\u00e1rosi tan\u00e1csos \u00e9rdeme. T\u00f6bb \u00e9vi kitart\u00f3 k\u00fczdelm\u00e9nek az eredm\u00e9nye, hogy a t\u00e1bla v\u00e9gre felker\u00fclt a Fellegv\u00e1r fal\u00e1ra, j\u00f3 magasra.<\/p>\n<p>Brass\u00f3 m\u0171remek \u00e9p\u00fcleteit <strong>Orb\u00e1n Bal\u00e1zs <\/strong>is megcsod\u00e1lta. Nem hi\u00e1ba nevezte Brass\u00f3t gy\u00f6ny\u00f6r\u0171 v\u00e1rosnak.<\/p>\n<p>A remek-csod\u00e1s \u00e9p\u00fcletek a hajdani Brass\u00f3ban \u00e9p\u00fcltek. A\u00a0\u00a0 h\u00e1bor\u00fa ut\u00e1n Brass\u00f3ban csak t\u00f6mbh\u00e1zakat \u00e9p\u00edtettek. Brass\u00f3 ipar v\u00e1ros lett. Az ipar miatt\u00a0 val\u00f3s\u00e1ggal lerohant\u00e1k Brass\u00f3t. Az orsz\u00e1g miden v\u00e1rosaib\u00f3l \u2013 falvaib\u00f3l \u00f6z\u00f6nl\u00f6ttek a bev\u00e1ndorlok. J\u00f6ttek a rom\u00e1nok, magyarok \u00e9s mindenki aki munk\u00e1hoz akart jutni. Ez az ipar m\u00e1ma csak eml\u00e9k.<\/p>\n<p>A Brass\u00f3ban sz\u00fcletett magyarok, az igazi brass\u00f3i magyarok\u00a0 sz\u00e1ma elt\u00f6rp\u00fcl a bev\u00e1ndorolt magyarokkal szemben. Sajnos, nagyon sokan\u00a0 kiv\u00e1ndoroltak f\u0151leg Magyarorsz\u00e1gra. A vegyes h\u00e1zass\u00e1gok sz\u00e1ma is megn\u0151tt, f\u0151leg a l\u00e1nyok h\u00e1zasodnak rom\u00e1n f\u00e9rfiakkal. Tudunk olyanokr\u00f3l, ahol a f\u00e9rj megtiltja a feles\u00e9g\u00e9nek, hogy magyarul besz\u00e9ljen, de olyanr\u00f3l is tudunk ahol \u00e1ltal\u00e1ban a fi\u00fa gyerek megtiltja az any\u00e1nak, hogy magyarul besz\u00e9ljen el\u0151tte. Ha a f\u00e9rj magyar, akkor a megbecs\u00fcli rom\u00e1n feles\u00e9g\u00e9t, \u00e1ltal\u00e1ban a gyerek magyar iskol\u00e1ba ker\u00fcl. Persze tudunk tisztess\u00e9ges vegyes h\u00e1zass\u00e1gr\u00f3l is.<\/p>\n<p>Mindezek ellen\u00e9re a\u00a0 magyarok sz\u00e1ma Brass\u00f3ban megk\u00f6zel\u00edti a h\u00e1bor\u00fa el\u0151ttit.<\/p>\n<p><strong>Szotyory Gy\u00f6rgy<\/strong> <strong>a Brass\u00f3i Turista Egyes\u00fclet <\/strong>alap\u00edt\u00f3 eln\u00f6ke sok f\u00e9nyk\u00e9pet k\u00e9sz\u00edtett szeretet v\u00e1ros\u00e1r\u00f3l <strong>Brass\u00f3r\u00f3l. A honlap <\/strong>\u00e9rdekl\u0151it megh\u00edvja egy brass\u00f3i s\u00e9t\u00e1ra, vezet\u0151 n\u00e9lk\u00fcl, Brass\u00f3 f\u00e9nyk\u00e9peit n\u00e9zegetve. Magyar\u00e1zatok n\u00e9lk\u00fcl, a remek, d\u00edszes \u00e9p\u00fcletekre figyelve.<\/p>\n<p>&nbsp;<\/p>\n<p>A Brass\u00f3r\u00f3l k\u00e9sz\u00fclt f\u00e9nyk\u00e9pek n\u00e9zeget\u00e9s\u00e9hez h\u00e1rom nagy siker\u0171\u00a0 k\u00f6nyvet aj\u00e1nlunk, mind \u00fatmutat\u00f3 : <strong>Orb\u00e1n Bal\u00e1zs,\u00a0 a\u201d 22 \u2013 23 \u2013 24-es\u201d sz\u00e1m\u00fa f\u00fczeteit,<\/strong><\/p>\n<p><strong>Bal\u00e1zs J\u00e1nos \u2013 Petki Judit,\u00a0\u00a0 \u201eK\u0151 k\u00f6v\u00f6n\u201d Brass\u00f3ban, Brass\u00f3i Lapok, 2005.\u00a0 <\/strong><\/p>\n<p><strong>\u00a0\u00a0\u00a0\u00a0\u00a0\u00a0\u00a0\u00a0\u00a0\u00a0\u00a0 Bal\u00e1zs J\u00e1nos\u00a0\u00a0 \u201eBRASS\u00d3\u00a0 <\/strong>\u00a0T\u00d6RT\u00c9NELMI V\u00c1ROSKALAUZ\u201d\u00a0 2013.<\/p>\n<span style=\"display:block;clear:both;height: 0px;padding-top: 20px;\"><\/span>\n<p>[nggallery id=260]<\/p>\n<span style=\"display:block;clear:both;height: 0px;padding-top: 20px;\"><\/span>\n<p><strong>\u00a0 \u00a0 \u00a0 \u00a0 \u00a0 J\u00f3 sz\u00f3rakoz\u00e1st k\u00edv\u00e1nunk Brass\u00f3 remek m\u0171alkot\u00e1sait n\u00e9zegetve.\u00a0\u00a0 <\/strong><\/p>\n<p><strong>\u00a0\u00a0\u00a0\u00a0\u00a0\u00a0\u00a0\u00a0\u00a0 A k\u00e9psorozatokat a Cenkr\u0151l, a Fellegv\u00e1r\u00f3l valamint a Warth\u00e9ren voltak felv\u00e9ve:\u00a0\u00a0<\/strong><\/p>\n<p style=\"text-align: center;\"><strong>I<\/strong><\/p>\n<span style=\"display:block;clear:both;height: 0px;padding-top: 20px;\"><\/span>\n<p>[nggallery id=259]<\/p>\n<span style=\"display:block;clear:both;height: 0px;padding-top: 20px;\"><\/span>\n<p><strong>\u00a0 <\/strong><\/p>\n<p><strong>\u00a0 \u00a0 \u00a0 \u00a0 <\/strong><strong>\u00a0A k\u00f6vetkez\u0151 k\u00e9peket a belv\u00e1rosr\u00f3l mutatjuk be:<\/strong><\/p>\n<p style=\"text-align: center;\"><strong>II<\/strong><\/p>\n<span style=\"display:block;clear:both;height: 0px;padding-top: 20px;\"><\/span>\n<p>[nggallery id=263]<\/p>\n<span style=\"display:block;clear:both;height: 0px;padding-top: 20px;\"><\/span>\n<p style=\"text-align: center;\"><strong>III<\/strong><\/p>\n<span style=\"display:block;clear:both;height: 0px;padding-top: 20px;\"><\/span>\n<p>[nggallery id=266]<\/p>\n<span style=\"display:block;clear:both;height: 0px;padding-top: 20px;\"><\/span>\n<p>&nbsp;<\/p>\n<p style=\"text-align: center;\"><strong>IV<\/strong><\/p>\n<p><strong>A Fellegv\u00e1r k\u00f6rny\u00e9ke:<\/strong><\/p>\n<p><strong>Graft s\u00e9t\u00e1ny &#8211; Jorgasor &#8211; Rezs\u0151k\u00f6r \u00fat &#8211; Porond &#8211; stb<\/strong><\/p>\n<span style=\"display:block;clear:both;height: 0px;padding-top: 20px;\"><\/span>\n<p>[nggallery id=268]<\/p>\n<span style=\"display:block;clear:both;height: 0px;padding-top: 20px;\"><\/span>\n<p style=\"text-align: center;\"><strong>V<\/strong><\/p>\n<p><strong>Porond &#8211; Hossz\u00fa utca &#8211; Bukaresti \u00fati reform\u00e1tus templom &#8211; K\u00fat utca &#8211; Vas\u00fat utca &#8211; Uszoda utca &#8211; G\u00e1csmajor<\/strong><\/p>\n<span style=\"display:block;clear:both;height: 0px;padding-top: 20px;\"><\/span>\n<p>[nggallery id=271]<\/p>\n<span style=\"display:block;clear:both;height: 0px;padding-top: 20px;\"><\/span>\n<p>&nbsp;<\/p>\n<p style=\"text-align: center;\"><strong>VI<\/strong><\/p>\n<p style=\"text-align: center;\"><strong>A Fekete-templom<\/strong><\/p>\n<p><b>Brass\u00f3i bazilika<\/b>, m\u00e1s n\u00e9ven <b>Fekete-templom, sz\u00e1sz evang\u00e9likus templom. A sz\u00e1szok elmentek, a templom itt maradt, a magyarok vigy\u00e1znak r\u00e1ja.\u00a0<\/b>\u00a01383-ban kezdt\u00e9k \u00e9p\u00edteni \u00e9s 100 \u00e9v alatt nem k\u00e9sz\u00fclt el. 1689-es nagy t\u0171zv\u00e9sz ut\u00e1n kezdt\u00e9k <b>Fekete-templomnak<\/b> nevezni.<\/p>\n<div>\n<p>Figyelemre m\u00e9lt\u00f3 az orsz\u00e1g legh\u00edresebb, 4000 s\u00edpot megsz\u00f3laltat\u00f3 orgon\u00e1ja. Az olt\u00e1ra viszont szeg\u00e9nyes.<\/p>\n<div><b>E gazdagon d\u00edsz\u00edtett \u00a0remekm\u0171<\/b>\u00a0 \u00e9p\u00edtkez\u00e9s\u00e9vel \u00e9s t\u00f6rt\u00e9nelm\u00e9vel kapcsolatban nem bocs\u00e1tkozunk r\u00e9szletekben, mert err\u0151l m\u00e1r sok le\u00edr\u00e1s l\u00e9tezik, viszont arr\u00f3l keveset \u00edrtak, hogy mib\u0151l \u00e9p\u00edtett\u00e9k a templomot \u00e9s honn\u00e9t szerezt\u00e9k be a nagy mennyis\u00e9g\u0171 hozz\u00e1val\u00f3 anyagot. <b>Sz\u00e9kely G\u00e9za \u00a0<\/b>a hajdani BTE <span class=\"il\">turista<\/span> titk\u00e1ra a\u00a0<b>\u00a0&#8220;NAGYK\u0150HAVAS&#8221;<\/b>\u00a0c\u00edm\u0171 k\u00f6nyv\u00e9ben erre megtal\u00e1ljuk a v\u00e1laszt.<\/div>\n<div>A <b>Fekete-templom <\/b>minden k\u0151kock\u00e1ja \u00e9s figur\u00e1ja a Nagyk\u0151havas z\u00f3n\u00e1j\u00e1b\u00f3l, pontosabban a Sz\u00e1razt\u00f6m\u00f6sb\u0151l sz\u00e1rmaz\u00f3 homokk\u00f6b\u00f6l \u00e9p\u00fclt. A homokk\u0151vel megrakott szekerek a T\u00f6m\u00f6s-v\u00f6lgy\u00e9n kereszt\u00fcl haladtak. Id\u00e9zet a k\u00f6nyvb\u0151l: <b>&#8220;Itt j\u00e1rtak m\u00e1r 1380 &#8211; 1440 k\u00f6z\u00f6tt a Fekete-templom \u00e9p\u00edt\u00e9s\u00e9hez a Sz\u00e1razt\u00f6m\u00f6sb\u0151l homokk\u00f6vet hord\u00f3 szekerek&#8221;.\u00a0<\/b><\/div>\n<div>A k\u00e9rd\u00e9s az, hogy hol volt ez a k\u0151b\u00e1nya ? A B\u00e1nya-b\u00e9rc a Hasad-k\u0151t\u0151l kezd\u0151d\u0151en \u00a0 a Nagyk\u0151havas<b>\u00a0<\/b>\u00a0cs\u00facs\u00e1ig hatol fel. Ha Fels\u0151t\u00f6m\u00f6sr\u00f6l elindulunk a Hasad-k\u0151 &#8211; Tamina fel\u00e9 az erd\u0151i \u00faton, a jobb oldali patak mellett, ami nem m\u00e1s mint a B\u00e1nyav\u00f6lgy patakja. Kb. 1\/2 km. ut\u00e1ni \u00fat el\u00e1gaz\u00e1sn\u00e1l jobb fel\u00e9 az \u00fat a Hasad-k\u0151h\u00f6z vezet, el\u0151re menve a patak melletti \u00faton a B\u00e1nya patak v\u00f6lgy\u00e9ben \u00e9r\u00fcnk a B\u00e1nya-b\u00e9rc al\u00e1.\u00a0 Itt lehetett valahol a k\u0151b\u00e1nya, val\u00f3sz\u00edn\u0171, hogy az \u00e9vsz\u00e1zadok sor\u00e1n a b\u00e1ny\u00e1t az erd\u0151 ben\u0151tte.<\/div>\n<div><b>Kisgy\u00f6rgy Zolt\u00e1n<\/b>\u00a0geol\u00f3gus, \u00edr\u00f3, \u00fajs\u00e1g \u00edr\u00f3, a nagy siker\u0171 \u00a0&#8220;<b>Harangosk\u00f6nyv&#8221; <\/b>c\u00edm\u0171 k\u00f6nyv\u00e9ben, amelyhez egy <b>DVD<\/b>\u00a0van mell\u00e9kelve, a <b>Fekete templom <\/b>harangja is meg &#8220;szollal&#8221;.\u00a0 Tov\u00e1bb\u00e1\u00a0le\u00edrja, hogy a \u00a0templom harangja 6,4 tonna s\u00faly\u00fa, ami a legnagyobb az orsz\u00e1gban. <b>Andraschovsfski J\u00e1nos <\/b>mester munk\u00e1ja.\u00a0Mind a n\u00e9gy oldal\u00e1n n\u00e9met \u00e9s latin felirat tal\u00e1lhat\u00f3. Magyar ford\u00edt\u00e1sban: \u00a0<b>&#8220;VIGY\u00c1ZZATOK \u00c9S IM\u00c1DKOZZATOK&#8221; \u00a0# AZ 1858. ESZTEND\u0150BEN K\u00c9SZ\u00cdTETT ENGEM JOHANN ANDRASCHOFSKI MESTER JOHANN \u00c9S EPHARAIM FIAIVAL \u00c9S EPHRAIM UNOKA\u00d6CS\u00c9VEL EGY\u00dcTT, KOLOZSV\u00c1RR\u00d3L A BRASS\u00d3I GY\u00dcLEKEZET SZERETETADOM\u00c1NY\u00c1B\u00d3L # &#8220;ER\u0150S V\u00c1R A MI ISTEN\u00dcNK, J\u00d3 FEGYVER\u00dcNK \u00c9S PAJZSUNK&#8221; # &#8220;AZ \u00daR SZAVA \u00d6R\u00d6KK\u00c9VAL\u00d3&#8221;.\u00a0<\/b><\/div>\n<div><b>Ha megkondul ez a harang \u00e9s megsz\u00f3lal az orgon\u00e1ja, az felhallatszik a Mennyorsz\u00e1gig!\u00a0<\/b><b>\u00a0<\/b>\u00a0 A templom, h\u00e9tf\u0151t kiv\u00e9ve mindennap l\u00e1togathat\u00f3. A bel\u00e9p\u0151 9 lej.<\/div>\n<div><b>A templomban f\u00e9nyk\u00e9pezni \u00e9s vide\u00f3zni tilos !\u00a0<\/b><\/div>\n<\/div>\n<div><\/div>\n<div><span style=\"display:block;clear:both;height: 0px;padding-top: 20px;\"><\/span><\/div>\n<div>[nggallery id=276]<\/div>\n<div><span style=\"display:block;clear:both;height: 0px;padding-top: 20px;\"><\/span><\/div>\n<div style=\"text-align: center;\"><\/div>\n<div style=\"text-align: center;\"><strong>VII<\/strong><\/div>\n<div><\/div>\n<div>\n<p><b>Brass\u00f3 nyomd\u00e1i h\u00edrlapjai.<\/b><\/p>\n<div><b>\u00a0<\/b><\/div>\n<div><b>Brass\u00f3ban, <\/b>hajdan\u00e1ban t\u00f6bb h\u00edrlap &#8211; \u00fajs\u00e1g jelent meg magyar nyelven. Ma, egyetlen magyar nyelv\u0171 \u00fajs\u00e1g l\u00e9tezik a <b>Brass\u00f3i Lapok.<\/b><\/div>\n<div>Ahhoz, hogy hajdan\u00e1ban milyen \u00fajs\u00e1gok jelentek meg Brass\u00f3ban, azt leg hitelesebben <b>Orb\u00e1n Bal\u00e1zst meghallgatva <\/b>tudhatjuk meg:<\/div>\n<div>&#8220;A mint Brass\u00f3nak k\u00f6zoktat\u00e1s, vall\u00e1s \u00e9s k\u00f6zm\u00fcvelts\u00e9g ter\u00e9n Honterus volt megv\u00e1lt\u00f3 \u00e9s f\u00f6lemel\u0151 szelleme, ugy \u0151 volt a k\u00f6zm\u00fcvelts\u00e9g m\u00fchelyeinek : Brass\u00f3 iskol\u00e1j\u00e1nak \u00e9s nyomd\u00e1j\u00e1nak is teremt\u0151je. E nyomd\u00e1t, a mely Brass\u00f3 els\u0151 nyomd\u00e1ja volt, Honterus 1533-ban k\u00fclf\u00f6ldr\u0151l mag\u00e1val hozott kell\u00e9kekkel rendezte be, s m\u00e1r 1534-ben hitujit\u00e1st t\u00e1rgyal\u00f3 kisebb r\u00f6piratot nyomtatott ott; 1541-ben g\u00f6r\u00f6g \u00e9s latin p\u00e1rbesz\u00e9deket nyomtatott, melyhez az el\u0151sz\u00f3t az akkori hirhedt tud\u00f3s Pesti G\u00e1sp\u00e1r irta&#8230;. 1580-ban m\u00e9g nyomtatnak a Honterus ut\u00f3dok nyomd\u00e1j\u00e1ban, b\u00e1r ekkor m\u00e1r egy 2-ik nyomd\u00e1ja is van Brass\u00f3nak, melyet a szebeni Nitreus J\u00e1nos \u00e1llitott&#8230;.1755 t\u00e1j\u00e1t Lehmann Kristian fordul el\u0151 nyomd\u00e1szk\u00e9nt&#8230;.Most Brass\u00f3nak k\u00e9t nyomd\u00e1ja van, a G\u00f6tt \u00e9s Schobel \u00f6r\u00f6k\u00f6s\u00f6k nyomd\u00e1ji&#8230;.<\/div>\n<div>Brass\u00f3nak vir\u00e1gz\u00f3 hirlapirodalma is van&#8230;. a &#8220;&#8221;Nemere&#8221;&#8221; czim\u0171 hetenkint k\u00e9tszer megjelen\u0151 ujs\u00e1gja. Azonban a Nemere nem els\u0151, hanem a harmadik magyar lapja Brass\u00f3nak&#8230;. 1838. jan. 1. teh\u00e1t K\u00f6pe J\u00e1nos mostani ujfalvi evang. lelk\u00e9sz szerkeszt\u00e9se alatt megindult a lap &#8220;&#8221;Erd\u00e9lyi Hirlap&#8221;&#8221; czimen &#8220;&#8221;Mulattat\u00f3&#8221;&#8221; czim\u0171 mell\u00e9klappal&#8230;.1838 v\u00e9g\u00e9ig szerkesztette az iker lapot, ekkor szemf\u00e1j\u00e1s \u00e9s m\u00e1s gyeng\u00e9lked\u00e9s miatt visszavonulva, Veres Gy\u00f6rgy vette \u00e1t a szerkeszt\u00e9st ; ki azt hasonl\u00f3 buzgalommal \u00e9s lelkesed\u00e9ssel folytatta 1839 v\u00e9g\u00e9ig, mikor a lap r\u00e9szv\u00e9tlens\u00e9g miatt bev\u00e9gezte p\u00e1ly\u00e1j\u00e1t.<\/div>\n<div>A m\u00e1sodik brassai hirlapnak, a &#8220;&#8221;Brassai Lapok&#8221;&#8221;-nak m\u00e9g r\u00f6videbb \u00e9lete volt, mert az 1849-ben Bem t\u00e1bornok Brass\u00f3ban val\u00f3 bevonul\u00e1sakor keletkezett s az \u0151 kivonul\u00e1s\u00e1val v\u00e9gz\u0151d\u00f6tt&#8230;<\/div>\n<div>Hosszas sz\u00fcnet \u00e1llott be, egy gy\u00e1szos korszak, a mid\u0151n a magyar idegen volt saj\u00e1t haz\u00e1j\u00e1ban&#8230;.<\/div>\n<div>s az &#8220;&#8221;Erd\u00e9lyi Hirlap&#8221;&#8221; hamvaib\u00f3l mint Ph\u00f6nix \u00e9ledet fel Brass\u00f3 harmadik magyar hirlapja a &#8220;&#8221;Nemere&#8221;&#8221;, mely 1871-ben Kenyeres Adolf szerkeszt\u00e9se alatt megindulv\u00e1n, m\u00e1r 3-ik \u00e9vi p\u00e1ly\u00e1j\u00e1t futja s mely k\u00e9ts\u00e9gtelen\u00fcl nem lesz \u00a0el\u0151deik\u00e9nt r\u00f6vid, hanem hosszas \u00e9let\u0171&#8221;&#8230;.<\/div>\n<div><b>Pontos\u00edt\u00e1s:<\/b><\/div>\n<div><b>1838-ban megjelent az \u00a0&#8220;ERD\u00c9LYI H\u00cdRLAP&#8221;, 1849-ben a &#8220;BRASS\u00d3I LAP&#8221;, \u00a01871-ben a &#8220;NEMERE&#8221;, 1884-ben &#8220;BRASS\u00d3&#8221;, 1894-ben a &#8220;Brass\u00f3i Lapok&#8221;, 1933-ban a &#8220;BRASS\u00d3I NAPL\u00d3&#8221;, Hal\u00e1sz Gyula \u00e9s Sz\u00e9kely G\u00e9za szerkeszt\u00e9s\u00e9ben. 1940-ben besz\u00fcntett\u00e9k a Brass\u00f3i Lapot, \u00a01944-ben a \u00a0&#8220;N\u00c9PI EGYS\u00c9G&#8221; jelent meg.\u00a0<\/b><b>Nem tudjuk menyi ideig. 1963-ban az &#8220;\u00daj Id\u0151&#8221; indult \u00fatnak. Amikor Albert S\u00e1ndort nevezt\u00e9k ki f\u0151szerkeszt\u0151nek, el\u00e9rte, hogy a lap Brass\u00f3i Lapok n\u00e9ven jelenhessen meg.\u00a0<\/b><\/div>\n<\/div>\n<div><\/div>\n<div>\n<p><b>A BRASS\u00d3I LAP, NEMERE, BRASS\u00d3, BRASS\u00d3I LAPOK \u00e9s a N\u00c9PI EGYS\u00c9G <\/b>c\u00edm\u0171 \u00fajs\u00e1gokat\u00a0<b>\u00a0a BRASS\u00d3I LAPOK 150 \u00e9ves \u00e9vfordul\u00f3j\u00e1ra kiadott &#8220;EML\u00c9K SZ\u00c1MB\u00d3L&#8221; <\/b>l vett\u00fck \u00e1t.<\/p>\n<div><b>Turista lapok is jelentek meg Brass\u00f3ban :\u00a0<\/b><\/div>\n<div><b>A kolozsv\u00e1ri EKE k\u00f6zpont, ezel\u0151tt t\u00f6bb mint 100 \u00e9ve kiadott &#8220;ERD\u00c9LY&#8221; c\u00edm\u0171 foly\u00f3irat, <\/b>j\u00f3 min\u0151s\u00e9g\u0171 nyomtat\u00e1sban <b>Brass\u00f3ban is megjelent. <\/b>A brass\u00f3i <b>EKE <\/b>tagok a tags\u00e1gd\u00edj ellen\u00e9ben ingyen kapt\u00e1k meg. Tov\u00e1bbi megjelent: <b>1929-ben az &#8220;ERD\u00c9LYI TURISTA&#8221; a BTE kiadv\u00e1nya, 1935-ben az &#8220;ENCIAN&#8221;, az ENCIAN S\u00cd-\u00c9S TURISTA EGYES\u00dcLET HIVATALOS LAPJA, 1936-ban a \u00a0&#8220;A NAGYK\u0150HAVAS LE\u00cdR\u00c1SA&#8221;, 1939-ben a &#8220;BRASS\u00d3I TURISTA&#8221; Sz\u00e9kely G\u00e9za szerkeszt\u00e9s\u00e9ben, 1967-ben \u00a0&#8220;A SZ\u00c1ZADIK \u00c9V K\u00dcSZ\u00d6B\u00c9N&#8221; <i>HAL\u00c1SZ GYULA, EML\u00c9KEK.\u00a0<\/i><\/b><\/div>\n<div><b>1991-ben, <\/b>nem hivatalosan \u00fajra alakult brass\u00f3i <b>EKE<\/b>\u00a0oszt\u00e1ly, <b>1996-ban <\/b>megjelenteti a &#8220;<b>ZERGE&#8221; <\/b>c\u00edm\u0171 kiadv\u00e1ny\u00e1t <b>Kov\u00e1cs Attila <\/b>szerkeszt\u00e9s\u00e9ben. A <b>2006-ban <\/b>alakult brass\u00f3i <b>EKE <\/b>elind\u00edtja \u00fajra az <b>&#8220;ENCI\u00c1NT&#8217;, <\/b>a kiadv\u00e1ny nem \u00e9letk\u00e9pes.<\/div>\n<\/div>\n<div><\/div>\n<div><span style=\"display:block;clear:both;height: 0px;padding-top: 20px;\"><\/span><\/div>\n<div>[nggallery id=280]<\/div>\n<div><span style=\"display:block;clear:both;height: 0px;padding-top: 20px;\"><\/span><\/div>\n<div>\n<p>&nbsp;<\/p>\n<div><b>\u00a0<\/b><\/div>\n<div><b>\u00a0 \u00a0 \u00a0 \u00a0 \u00a0 \u00a0 \u00a0 \u00a0 \u00a0 \u00a0 \u00a0 \u00a0 \u00a0 \u00a0 \u00a0 \u00a0 \u00a0 \u00a0 \u00a0 \u00a0 \u00a0 \u00a0 \u00a0 \u00a0 \u00a0 \u00a0 \u00a0 \u00a0 \u00a0 \u00a0 \u00a0 \u00a0VIII<\/b><\/div>\n<div><b>\u00a0<\/b><\/div>\n<div><b>\u00a0<\/b><\/div>\n<div><b>\u00a0 \u00a0 \u00a0 \u00a0 \u00a0 \u00a0 \u00a0 \u00a0 \u00a0 \u00a0 \u00a0 \u00a0 \u00a0 \u00a0 \u00a0 \u00a0 \u00a0 \u00a0 \u00a0A CENK hegy, az alatta lev\u0151 \u00e9p\u00fcletek, s\u00e9t\u00e1nyok, k\u00f6rny\u00e9ke.<\/b><\/div>\n<div><b>\u00a0<\/b><\/div>\n<div><b>A Cenk<\/b>\u00a0rom\u00e1nul <b>Tampa (T\u00fcmp\u00e1). <\/b>A Cenk alatt a <b>Rakod\u00f3 v\u00f6lgy\u00e9ben,<\/b>\u00a0az \u00f6regek biztosan eml\u00e9keznek r\u00e1, volt egy kis vend\u00e9gl\u0151, a <b>Tompa <\/b>vend\u00e9gl\u0151. Vajon nem inn\u00e9t sz\u00e1rmazik a Cenk rom\u00e1n elnevez\u00e9se ? \u00a0\u00a0<b>\u00a0<\/b><\/div>\n<div>A <b>Cenk hegy\u00a0<\/b> m\u00e1ma\u00a0<b>\u00a0<\/b>a t\u00f6rv\u00e9ny \u00e1ltal v\u00e9dett. <b>Brass\u00f3nak <\/b>a vir\u00e1gos kertje \u00e9s a brass\u00f3iak \u00a0leg kedvelt kir\u00e1ndul\u00f3 helye. Sokan keresik fel, \u00fagy ny\u00e1ron, mind t\u00e9len. Sokan mennek f\u0151l a Cenk cs\u00facs\u00e1ra december 31-\u00e9n \u00e9s ott v\u00e1rj\u00e1k be az \u00daJ\u00c9VET. Gy\u00f6ny\u00f6r\u0171 l\u00e1tv\u00e1ny a kivil\u00e1g\u00edtott v\u00e1ros, de m\u00e9g szebb amikor a t\u0171zij\u00e1t\u00e9k f\u00e9nye vil\u00e1g\u00edtja meg. A t\u0171zij\u00e1t\u00e9k durrog\u00e1sa fel hallatszik \u00e9s a pezsg\u0151s \u00fcvegek durrog\u00e1sa mellett, elhangzik: <b>BOLDOG \u00daJ\u00c9VET!<\/b><\/div>\n<div>A <b>Cenk hegyr\u0151l <\/b>a m\u00faltban nem jelent meg magyar nyelv\u0171 le\u00edr\u00e1s, <b>Orb\u00e1n Bal\u00e1zs <\/b>az, aki els\u0151k\u00e9nt kutatta fel a <b>Cenk hegyet, <\/b>\u00e9s<b>\u00a0<\/b>\u00edrta le nagy lelkesed\u00e9ssel r\u00e9szletesen. Sz\u00f3laljon meg <b>Orb\u00e1n Bal\u00e1zs :<\/b><\/div>\n<div>&#8220;<b>A Czenk. A Czenk k\u00fcl\u00f6nb\u00f6z\u0151 nevei. Az ott \u00e1llott k\u00e1poln\u00e1k, az orosz eml\u00e9k, kil\u00e1t\u00e1s a Czenktet\u0151r\u0151l. A czenki v\u00e1r r\u00e9gi neve, t\u00f6rt\u00e9nete, most l\u00e1that\u00f3 maradv\u00e1nyai.<\/b><\/div>\n<div>Hogy Brass\u00f3t \u00e9s k\u00f6rny\u00e9k\u00e9t teljesen ismerj\u00fck, m\u00e9g meg kell j\u00e1rnunk n\u00e9h\u00e1ny hegyet, ezek k\u00f6z\u00f6t mindenekel\u0151t a Czenket. Ezen, a tenger szine f\u00f6l\u00f6tt 3054, Brass\u00f3 szinvonala f\u00f6l\u00f6tt 1265 l\u00e1bnyira magasul\u00f3 hegy csaknem falmeredeken emelkedik Brass\u00f3 keleti oldal\u00e1n, s mintha a term\u00e9szet kiv\u00e1l\u00f3 figyelmet \u00e9s gondot forditott volna e v\u00e1ros fekhely\u00e9nek f\u00f6l\u00e9kit\u00e9s\u00e9re, mig a Czenk keleti oldala kop\u00e1r, addig a v\u00e1rosra n\u00e9z\u0151 nyugati oldala alj\u00e1t\u00f3l tetej\u00e9ig a legszebb b\u00fckk erd\u0151vel van ben\u0151ve oly egyar\u00e1nyu s\u00fcr\u00fcn, mintha azt kert\u00e9sz rendez\u0151 keze \u00fcltette, \u00e9s nyirva idomitotta volna. \u00c9s ha alj\u00e1r\u00f3l f\u00f6ltekint az ember e f\u00fcgg\u00e9lyes oldalu hegyre, azt hiszi, hogy ez oldalon r\u00e1 fel nem juthatni : pedig az oldal\u00e1ba kigy\u00f3zva v\u00e9sett, de a f\u00e1k s\u00fcr\u00fcj\u00e9t\u0151l elf\u00f6d\u00f6tt 26 kanyarulatban fokozatosan emelked\u0151 \u00f6sv\u00e9nyen el\u00e9g k\u00e9nyelmesen s nagy f\u00e1rads\u00e1g n\u00e9lk\u00fcl lehet egy r\u00f6vid \u00f3ra alatt tetej\u00e9re hatolni.<\/div>\n<div>A Czenket n\u00e9met\u00fcl Kapeellenbergnek hivj\u00e1k&#8230;. r\u00f3maiak kor\u00e1ban ismeretes volt, azonositv\u00e1n azt a Ptolemaeus f\u00f6ldabroszain el\u0151j\u00f6v\u0151 Monts Cinummal s ebb\u0151l sz\u00e1rmaztatj\u00e1k e hegy Zinne nev\u00e9t, melyet sok\u00e1ig viselt, s melyb\u0151l magyar elnevez\u00e9se is (Czenk) k\u00e9ts\u00e9gtelen\u00fcl sz\u00e1rmazik.<\/div>\n<div>1696-ban magister Heiehim a Zinne tetej\u00e9re egy k\u00e1poln\u00e1t \u00e9pitett, mely elpusztulv\u00e1n, 1712-ben a katholikus hitre \u00e1tt\u00e9rt Draudt J\u00e1nos sen\u00e1tor ujb\u00f3l m\u00e1s k\u00e1poln\u00e1t emeltetett, melyet minden \u00e9vben b\u00facs\u00faj\u00e1ratokkal l\u00e1togattak meg: de a vill\u00e1m egy ily \u00e1hitatoskod\u00e1s alkalm\u00e1val lecsapv\u00e1n, nemcsak a k\u00e1poln\u00e1t ontotta le, hanem a benne lev\u0151 b\u00facs\u00faj\u00e1r\u00f3kb\u00f3l is t\u00f6bbet meg\u00f6lt, mi\u00e9rt az el\u00f6i\u00e9letes n\u00e9p a b\u00facs\u00faj\u00e1ratokkal felhagyott, s a k\u00e1polna vill\u00e1msujtotta falai sz\u00e9tporlottak&#8230;.<\/div>\n<div>A Czenk tet\u0151csucs\u00e1t koron\u00e1zott k\u00e1polna hely\u00e9n most egy idomtalan t\u00e9gla diszg\u00fala (obeliszk) \u00e1ll, melyet 1849-ben az orosz invasio eml\u00e9k\u00e9re emeltek a brassaiak: a haza eltiportat\u00e1s\u00e1nak e haza sz\u00fcl\u00f6ttjei \u00e1ltal emelt nem eml\u00e9k &#8211; hanem sz\u00e9gyenk\u00f6ve, nem volt hosszas tartamu,mert a sz\u00e1szoknak a muszka beavatkoz\u00e1sa feletti \u00f6r\u00f6m\u00e9t \u00f6r\u00f6kiteni akarta ez obeliszk, mintha \u00f6nmag\u00e1t is sz\u00e9gyelte volna a h\u00e1l\u00e1tlans\u00e1g r\u00fat szerep\u00e9t, melyre hivatva volt, mintha a haza f\u00f6ldj\u00e9b\u0151l gy\u00fart t\u00e9gla t\u00f6bb \u00e9rz\u00e9ssel birt volna a h\u00e1l\u00e1tlan ember kebl\u00e9n\u00e9l: 1870-ben \u00f6nmag\u00e1t\u00f3l \u00f6sszeomlott; hely\u00e9be azt\u00e1n egy oszlopt\u00f6ves erk\u00e9ly \u00e9p\u00fclt, honnan oly nagyszer\u0171 kil\u00e1t\u00e1s nyilik, melynek &#8211; merem \u00e1litani &#8211; kev\u00e9s p\u00e1rja van a f\u00f6ld kereks\u00e9g\u00e9n&#8230;. K\u00f6zvetlen\u00fcl a alj\u00e1ban Brass\u00f3nak meglep\u0151en sz\u00e9p mad\u00e1rt\u00e1vlati k\u00e9pe ter\u00fcl el, melynek s\u00fcr\u00fc h\u00e1zt\u00f6megei f\u00f6l\u00e9 mult id\u0151k nagys\u00e1g\u00e1nak eml\u00e9kek\u00e9nt a Fekete-templom emelkedik, e t\u00e1volb\u00f3l m\u00e9g imposansabbnak tetsz\u0151 t\u00f6mege mellett minden elt\u00f6rp\u00fcl, minden meghuny\u00e1szkodik&#8230;.<\/div>\n<div>A Czenk tet\u0151t koron\u00e1zott v\u00e1rat szint\u00e9n figyelmem t\u00e1rgy\u00e1v\u00e1 teszem. L\u00e1ssuk mindenek el\u0151tt e v\u00e1r multj\u00e1ra vonatkoz\u00f3 kev\u00e9s adatot.<\/div>\n<div>R\u00e9gi okiratokban egy <b>B a s s o v i a &#8211; v\u00e1rr\u00f3l <\/b>van emlit\u00e9s t\u00e9ve, mely Brass\u00f3 lakoss\u00e1g\u00e1nak 1421-ben a t\u00f6r\u00f6k\u00f6k v\u00e1rosukat feldul\u00f3 be\u00fct\u00e9sekor biztos menhelyet nyujtott&#8221;. <b>Orb\u00e1n Bal\u00e1zs<\/b>\u00a0n\u00e9gy oldalon, r\u00e9szletesen elemezi a Cenk tet\u0151n volt v\u00e1r t\u00f6rt\u00e9net\u00e9t. \u00c9rdemes elolvasni.<\/div>\n<div>A v\u00e1rat egyes \u00edr\u00e1sok 1250 &#8211; 1453 -ra teszik ? Elgondolkoztat\u00f3 az a t\u00e9ny, hogy a ma megjelen\u0151 \u00edr\u00e1sok k\u00fcl\u00f6nb\u00f6z\u0151 d\u00e1tumokat \u00e9s adatokat k\u00f6z\u00f6lnek, <b>Orb\u00e1n Bal\u00e1zs \u00ed<\/b>r\u00e1s\u00e1t\u00f3l elt\u00e9r\u0151en. \u00a0 \u00a0 Aki a Cenken j\u00e1r, l\u00e1thassa a falak maradv\u00e1nyait, a v\u00e1r k\u00fatja is megvan, k\u00f6r\u00fcl van ker\u00edtve, kb. 1,5 m. m\u00e9lys\u00e9g \u00a0l\u00e1that\u00f3 bel\u0151le. <b>Orb\u00e1n Bal\u00e1zs <\/b>a cs\u00facs alatt l\u00e9v\u0151 barlangot is eml\u00edti.<\/div>\n<div><b>1896-ban \u00e1ll\u00edtj\u00e1k fel a Cenk cs\u00facs\u00e1n az \u00c1RP\u00c1D SZOBROT. <\/b>R\u00e9szletes le\u00edr\u00e1st tal\u00e1lunk ezzel kapcsolatban a <b>HONLAPON, \u00c1rp\u00e1d szobor c\u00edmmel. \u00a0<\/b><\/div>\n<div>Az <b>1893-ban <\/b>alakult brass\u00f3i <b>EKE magasra emelt \u00a0<\/b>z\u00e1szlaj\u00e1t l\u00e1thassuk az <b>\u00c1RP\u00c1D <\/b>szoborr\u00f3l k\u00f6z\u00f6lt f\u00e9nyk\u00e9pen, a k\u00e9p k\u00f6zep\u00e9n. ( Az EKE z\u00e1szlaja\u00a0<b>Erzs\u00e9bet magyar kir\u00e1lyn\u00e9t <\/b>\u00e1br\u00e1zolta) \u00a0Ezek szerint a k\u00e9pet az EKE k\u00e9sz\u00edtette a honlapon k\u00f6z\u00f6lt <b>\u00c1RP\u00c1D<\/b>\u00a0\u00fcnnep\u00e9ly keret\u00e9n.<\/div>\n<div><b>1891-ben, <\/b>a cs\u00facs alatt l\u00e9v\u0151 kis barlangba vend\u00e9gl\u0151t l\u00e9tes\u00edtettek \u00e9s <b>Bthlen Barlang <\/b>vend\u00e9gl\u0151nek nevezt\u00e9k el, k\u00e9s\u0151bb a barlang el\u00e9 egy t\u00e1gasabb vend\u00e9gl\u0151t \u00e9p\u00edtettek c\u00f6l\u00f6p\u00f6kre, <b>1977-ben <\/b>le\u00e9gett. <b>2001-ben <\/b>a barlangot r\u00e1csal lez\u00e1rt\u00e1k \u00a0\u00e9s egy m\u00e1rv\u00e1ny keresztet \u00a0\u00e1ll\u00edtottak fel. <b>1930 &#8211; 1931 k\u00f6z\u00f6tt <\/b>meg\u00e9p\u00edtett\u00e9k a szikl\u00e1ba v\u00e1gott <b>G\u00c1BONYI l\u00e9pcs\u0151ket, mellette az OSKAR k\u0151pad <\/b>l\u00e1that\u00f3.\u00a0Az a k\u0151pad is megvan, amit <b>Orb\u00e1n Bal\u00e1zs<\/b>\u00a0is eml\u00edt, a s\u00e9t\u00e1ny t\u00fals\u00f3 fel\u00e9n.<\/div>\n<div><b>1950-ben, Brass\u00f3t Szt\u00e1lin <\/b>v\u00e1rosnak nevezt\u00e9k el. A <b>Cenk,\u00a0<\/b>v\u00e1rosra n\u00e9z\u0151 oldal\u00e1ra s\u00f6t\u00e9t sz\u00edn\u0171 feny\u0151f\u00e1k \u00fcltet\u00e9s\u00e9vel kirakt\u00e1k, hogy\u00a0STALIN. Egyes bet\u0171k m\u00e9g ma is kivehet\u0151k.<\/div>\n<div><b>1970-ben <\/b>\u00e9p\u00fclt meg a felvon\u00f3 \u00e9s a <b>PANORAMIC\u00a0<\/b>vend\u00e9gl\u0151, tetej\u00e9n TV rel\u00e9-torony.<\/div>\n<div>Ahol az <b>\u00c1rp\u00e1d szobor<\/b>\u00a0\u00e1llt a cs\u00facson, 1 m. magas k\u00f6rfalat emeltek, valaki piros fest\u00e9kkel a falra felm\u00e1zolta, hogy \u00c1RP\u00c1D.<\/div>\n<div>A <b>Cenk <\/b>alatti s\u00e9t\u00e1nyokon a <b>Cenket <\/b>k\u00f6r\u00fcl lehet s\u00e9t\u00e1lni. Induljunk el a <b>STAR \u00e1ruh\u00e1zt\u00f3l: <\/b>A s\u00e1rga h\u00e1romsz\u00f6g jelz\u00e9sen, a szikl\u00e1ba v\u00e9set utat a <b>G\u00e1bony <\/b>l\u00e9pcs\u0151ig k\u00f6vess\u00fck, egy kiss\u00e9 tov\u00e1bb menve jobbra t\u00e9r\u00fcnk \u00e9s a k\u00e9k h\u00e1romsz\u00f6g jelz\u00e9st k\u00f6vess\u00fck a <b>Rakod\u00f3 <\/b>v\u00f6lgy\u00e9ben a soromp\u00f3ig. A soromp\u00f3n\u00e1l felt\u00e9r\u00fcnk a <b>Cenk <\/b>nyeregbe \u00e9s inn\u00e9t a Lovagok \u00fatj\u00e1n leereszked\u00fcnk \u00a0a k\u00e9k s\u00e1v jelz\u00e9sen ahonn\u00e9t vissza \u00e9rkez\u00fcnk a v\u00e1ros fel\u0151li s\u00e9t\u00e1nyra.<\/div>\n<div>Egy hosszabb v\u00e1ltozat : a soromp\u00f3n\u00e1l a k\u00e9k jelz\u00e9sen tov\u00e1bb megy\u00fcnk, ki\u00e9r\u00fcnk a volt <b>Tompa vend\u00e9gl\u0151h\u00f6z, <\/b>ma egy otromba \u00e9p\u00fclet \u00e1ll itt, majd a <b>Rokapad-hoz <\/b>vezet a k\u00e9k h\u00e1romsz\u00f6ggel jelzett \u00a0\u00fat, a forr\u00e1sn\u00e1l let\u00e9r\u00fcnk jelzetlen \u00faton a <b>Vizes-v\u00f6lgyben, <\/b>ahonn\u00e9t hamarosan ki\u00e9r\u00fcnk a <b>Slamnk\u0151h\u00f6z, <\/b>tov\u00e1bb a <b>Cenk <\/b>alatti utakon megy\u00fcnk tov\u00e1bb az \u00e1ruh\u00e1zig.<\/div>\n<div><b>A v\u00e1ros fel\u0151li s\u00e9t\u00e1nyon, minden cs\u00fct\u00f6rt\u00f6k\u00f6n d\u00e9lut\u00e1n \u00a0Hanke Rezs\u0151 s\u00e9tat\u00far\u00e1t szervez az id\u0151seknek \u00e9s nyugd\u00edjasoknak. Nagyon sokan vesznek r\u00e9szt a s\u00e9t\u00e1l\u00e1son, sokszor negyvenen is tal\u00e1lkoznak.<\/b><\/div>\n<\/div>\n<div><\/div>\n<div><span style=\"display:block;clear:both;height: 0px;padding-top: 20px;\"><\/span><\/div>\n<div>[singlepic id=4262 w=480 h=640 float=center]<\/div>\n<div><span style=\"display:block;clear:both;height: 0px;padding-top: 20px;\"><\/span><\/div>\n<div><\/div>\n<div><span style=\"display:block;clear:both;height: 0px;padding-top: 20px;\"><\/span><\/div>\n<div>[nggallery id=283]<\/div>\n<div><span style=\"display:block;clear:both;height: 0px;padding-top: 20px;\"><\/span><\/div>\n<div><\/div>\n<div><\/div>\n<div>\n<div style=\"text-align: center;\"><b>IX<\/b><\/div>\n<div style=\"text-align: center;\"><b>\u00a0<\/b><\/div>\n<div style=\"text-align: center;\"><b>A tramv\u00e1j &#8211; 1944, Brass\u00f3 bomb\u00e1z\u00e1sa &#8211; Menek\u00fcl\u00e9s Zajzonba &#8211; Szt\u00e1linv\u00e1ros &#8211; A Szabad Eur\u00f3pa R\u00e1di\u00f3&#8230;.<\/b><\/div>\n<div><b>\u00a0<\/b><\/div>\n<div><b>A TRAMV\u00c1J.<\/b><\/div>\n<div>Minden valamire val\u00f3 v\u00e1rosnak, volt valami sz\u00e1ll\u00edt\u00e1si j\u00e1rm\u0171ve a fi\u00e1kereken k\u00edv\u00fcl, amivel a lakoss\u00e1got sz\u00e1ll\u00edtani tudta. Ez vagy aut\u00f3busz, vagy villamos volt. De olyan sz\u00e1ll\u00edt\u00e1si eszk\u00f6ze amilyen \u00a0Brass\u00f3nak volt, egyetlen egy v\u00e1rosban sem l\u00e9tezett. Brass\u00f3ban egy kis g\u0151zzel m\u0171k\u00f6d\u0151 vonatot fejlesztettek ki. Ezt a kis vonatot, amit el\u0151sz\u00f6r f\u00e1val, majd pakur\u00e1val f\u0171t\u00f6ttek, <b>TRAMV\u00c1JNAK <\/b>nevezt\u00e9k.\u00a0 T\u00e1volabbr\u00f3l l\u00e1tva j\u00e1t\u00e9k vonatnak l\u00e1tszott. A mozdony \u00a0tejesen sz\u00f6gletes volt, \u00a0v\u00edgan p\u00f6f\u00e9kelve, \u00e9les hangon s\u00edpolva \u00a0h\u00fazta a kis vagonk\u00e1kat.<b>\u00a01892 m\u00e1rcius 7-\u00e9n <\/b>ind\u00edtott\u00e1k el. A f\u0151 \u00e1llom\u00e1sa a<b>\u00a0Schiel-el\u00e1gaz\u00e1s,<\/b>\u00a0a v\u00e1rosban h\u00e1rom szakasza volt: els\u0151 szakasz:\u00a0<b>K\u00fat utca\u00a0<\/b>&#8211; <b>Rezs\u00f6k\u00f6r \u00fat,<\/b>\u00a0a m\u00e1sodik szakasz: <b>Rezs\u00f6k\u00f6r \u00fat \u00a0<\/b><b>Kolostor utca &#8211; Fekete templom, <\/b>harmadik szakasz <b>Rezs\u00f6k\u00f6r \u00fat &#8211; Bertalan<\/b>. Tov\u00e1bb csatlakozott a rozsny\u00f3i vonalba. A <b>Schiel-el\u00e1gaz\u00e1sn\u00e1l<\/b><b>Hossz\u00fafaluba \u00e9s az vas\u00fat \u00e1llom\u00e1sra is\u00a0<\/b>volt bek\u00f6t\u0151je. Itten tolatt\u00e1k ki a cementel megrakott vagonokat. A<b>\u00a0<\/b>hossz\u00fafalusi vonalon t\u00f6bb ipari le\u00e1gaz\u00e1sa volt, a fontosabbakat eml\u00edtve: <b>Kr\u00fcgler Cementgy\u00e1r, Schmidt T\u00e9glagy\u00e1r, Metrom gy\u00e1r, Honterus \u00dcveggy\u00e1r, Honterus Astra, Czell S\u00f6rgy\u00e1r. A K\u00fat utc\u00e1ban <\/b>is volt egy ipari le\u00e1gaz\u00e1sa a <b>Carpatex poszt\u00f3 gy\u00e1rba, a mai Dorobantilor <\/b>utc\u00e1n kereszt\u00fcl.<\/div>\n<div><b>A tramv\u00e1jt <\/b>a kommunista rendszer \u00a0tejesen \u00a0t\u00f6nkretette. A v\u00e1rosi vonalait megsz\u00fcntette, csak a Carpatex ipari le\u00e1gaz\u00e1s maradt meg. A Hossz\u00fafalusi j\u00e1ratra, a tramv\u00e1j \u00a0mozdonyait \u00f3da nem ill\u0151 mozdonyokkal helyes\u00edtette. A tramv\u00e1j vagonjait vas\u00fati vagonokkal helyes\u00edtett\u00e9k. Ezek szerint Brass\u00f3 \u00e9s N\u00e9gyfal\u00fa k\u00f6z\u00f6tt rendes vonat j\u00e1rat lett, ezt nevezt\u00e9k Cs\u00e1ng\u00f3 expressznek. <b>1957-ben <\/b>a s\u00edneket felszedt\u00e9k, megsz\u00fcntett\u00e9k Brass\u00f3nak ezt a szimb\u00f3lum \u00e9rt\u00e9k\u00e9t.<\/div>\n<div><\/div>\n<div><b>1944, BRASS\u00d3 BOMB\u00c1Z\u00c1SA.<\/b><\/div>\n<div>Brass\u00f3 bomb\u00e1z\u00e1ss\u00e1r\u00f3l m\u00e1r \u00edrtunk. Tudjuk, hogy Brass\u00f3t Amerika bomb\u00e1zta le. Nagyon aljas m\u00f3don. <b>1944 \u00e1prilis 16-\u00e1n ortodox h\u00fasv\u00e9t napj\u00e1n. A m\u00e1sodik bomba t\u00e1mad\u00e1s m\u00e1jus 6-\u00e1n volt. \u00a0<\/b><\/div>\n<div>T\u00e9rj\u00fcnk vissza 1944-re. Brass\u00f3 lakoss\u00e1ga tudta,hogy bomb\u00e1zni fognak. Felk\u00e9sz\u00fcltek a bomb\u00e1z\u00e1sra, a kertekben t\u00f6bb bunkert \u00e1stak. Az \u00e9lelmesebbek a h\u00e1zak ablakair\u00f3l, leszedt\u00e9k az egyik rend ablakot, hogy a l\u00e9gi t\u00e1mad\u00e1s ut\u00e1n legal\u00e1bb egy rend ablak maradjon meg \u00e9pen, a dolog bev\u00e1lt.<\/div>\n<div><b>El\u00e9rkezett \u00a0az ortodox h\u00fasv\u00e9t vas\u00e1rnapja, \u00e1prilis 16. Nagy csend. Teljesen tiszta \u00e9gbolt, egy felh\u0151 sincs az \u00e9gen! \u00c9s m\u00e9gis a T\u00fcrk\u00f6s utc\u00e1ban, az evang\u00e9likus iskola udvarja \u00a0felett, egy feh\u00e9r felh\u0151t pillantottunk meg. Mi ez? hogyan ker\u00fclt oda ? Ez egy jel arra, hogy hol kell bomb\u00e1zni? Nem volt sok id\u0151 r\u00e9m\u00fcletben esni, mert m\u00e1r hulltak a bomb\u00e1k. A szir\u00e9na akkor sz\u00f3lalt meg, miut\u00e1n jav\u00e1ba hulltak a bomb\u00e1k. E miatt a bomb\u00e1z\u00e1s az embereket az utc\u00e1n tal\u00e1lta. Nem sz\u00e1m\u00edtott senki arra, hogy Amerika olyan aljas legyen, hogy \u00a0Brass\u00f3t egy szent \u00fcnnepi napon \u00a0keze bomb\u00e1zni, hogy min\u00e9l t\u00f6bb \u00e1rtatlan ember \u00e9let\u00e9t oltja ki.\u00a0 A bomb\u00e1k pontosan oda estek, ahol az jel volt. Az iskola udvarj\u00e1ra \u00e9s a szembe lev\u0151 h\u00e1zakra. A Schiel-gy\u00e1ra egyetlen egy bomba sem eset. Egy bomba eset a Kertsch-vill\u00e1ra, ahol a mai Modarom \u00e1ll. Ezek szerint a \u00a0bolonyai bomb\u00e1z\u00e1s nem a Schiel-gy\u00e1r ellen ir\u00e1nyult, hanem a lakoss\u00e1g ellen. Ha a l\u00e9gi riad\u00f3 idej\u00e9ben sz\u00f3lalt volna meg, kisebb lett volna az emberi \u00e1ldozat. \u00a0<\/b><\/div>\n<div>Az is megjegyezend\u0151, hogy a Brass\u00f3 bomb\u00e1z\u00e1s\u00e1r\u00f3l \u00a0szoll\u00f3 le\u00edr\u00e1sok nem minden felel meg a val\u00f3s\u00e1gnak.<\/div>\n<div>A T\u00fcrk\u00f6s Ferenc utca lak\u00f3i Zajzonban menek\u00fcltek. Abban az utc\u00e1ban ahol a nagy cs\u00e1ng\u00f3 k\u00f6lt\u0151 <b>Zajzoni Rab Istv\u00e1n <\/b>sz\u00fcl\u0151h\u00e1za \u00e1ll. A h\u00e1zat nem a k\u00f6lt\u0151 rokonai lakt\u00e1k. Az udvarban m\u00e9g egy h\u00e1z van. A nagy udvar bal oldal\u00e1n, a k\u00f6lt\u0151 sz\u00fcl\u0151h\u00e1z\u00e1ban a Sz\u00e1sz csal\u00e1d, a jobb oldalon a Feh\u00e9r csal\u00e1d lakott. A nagy kapuval szemben egy hatalmas cs\u0171r. Az udvart a kaput\u00f3l a cs\u0171rig egy vastag dr\u00f3t v\u00e1lasztotta el, a dr\u00f3thoz k\u00f6tve egy vad kutya szaladg\u00e1lt, nappal megk\u00f6t\u00f6tt\u00e9k, \u00e9jjelre elengedt\u00e9k. Jobb oldalt voltak az ist\u00e1ll\u00f3k, h\u00e1rom teh\u00e9n, k\u00e9t \u00f6k\u00f6r, h\u00e1rom l\u00f3, az egyiket Csill\u00e1nak h\u00edvt\u00e1k. Baloldali \u00f3lban \u00a0h\u00e9t diszn\u00f3 \u00a0r\u00f6f\u00f6g\u00f6tt, j\u00f3l \u00e9ltek. A felesleges tejet diszn\u00f3k kapt\u00e1k meg, minden este egy nagy \u00fcst krumplit is f\u0151ztek a diszn\u00f3knak, minden k\u00e9t h\u00e9ten begy\u00fajtottak a kemenc\u00e9ben \u00e9s krumplis h\u00e1zikenyeret s\u00fct\u00f6ttek. Az \u00f3l mellette lev\u0151 helys\u00e9gben tartott\u00e1k a mez\u0151gazdas\u00e1gi kell\u00e9keket. A rengeteg majors\u00e1g szabadon kapirg\u00e1lt az udvaron. \u00c9jjelre fel\u00fcltek a mell\u00e9k helys\u00e9gben tartott kell\u00e9kekre. \u00cdgy n\u00e9zett ki a k\u00f6lt\u0151 udvara 1944-ben. A faluban nem volt szeg\u00e9nys\u00e9g. Mindenkinek megvolt amire sz\u00fcks\u00e9ge volt.\u00a0 Dolgos emberek voltak. Hajnalban mentek ki a &#8220;Hat\u00e1rra&#8221;, (\u00edgy nevezt\u00e9k a kasz\u00e1l\u00f3t) sarl\u00f3val v\u00e1gt\u00e1k a b\u00faz\u00e1t \u00e9s k\u00f6t\u00f6tt\u00e9k k\u00e9v\u00e9ben. Mi gyerekek is kiment\u00fcnk a hat\u00e1rra \u00e9s onn\u00e9t figyel\u0151zt\u00fcnk Brass\u00f3 fel, hogy bomb\u00e1znak-e, k\u00f6zben rep\u00fcl\u0151k jelentek me az \u00e9gen \u00e9s labda szer\u0171en \u00f6sszeg\u00f6ngy\u00f6l\u00edtett f\u00e9nyes pap\u00edr cs\u00edkokat dob\u00e1ltak le, nem tudtuk, hogy mit jelent, a nagyok figyelmeztettek, hogy ne ny\u00faljunk hozz\u00e1. Lehetett tal\u00e1lni olyan t\u00e1rgyakat, ha megfogtad a kezedben felrobbant. Ez is csak amerikai tal\u00e1lm\u00e1ny lehetett. \u00a0 Mire elj\u00f6tt a cs\u00e9pl\u00e9s ideje a k\u00e9v\u00e9ket besz\u00e1ll\u00edtott\u00e1k, majd az udvar k\u00f6zep\u00e9re be\u00e1ll\u00edtottak egy f\u00e1b\u00f3l k\u00e9sz\u00fclt cs\u00e9pl\u0151g\u00e9pet \u00e9s egy g\u0151zg\u00e9pet, olyat amit Csern\u00e1tonban lehet l\u00e1tni a <b>Haszmann P\u00e1l M\u00fazeumba<\/b>. A kics\u00e9pelt b\u00faz\u00e1t P\u00fcrkeresztre sz\u00e1ll\u00edtott\u00e1k, ott \u0151r\u00f6lt\u00e9k meg.<\/div>\n<div>K\u00e9s\u0151 \u0151sszel hagytuk el Zajzont \u00e9s meg\u00e9rkezt\u00fcnk Brass\u00f3ba, amit k\u00e9s\u0151bb &#8220;Szt\u00e1lin&#8221; v\u00e1rosnak neveztek.<\/div>\n<div><b>\u00a0<\/b><\/div>\n<div><b>1950-ben, Brass\u00f3t Szt\u00e1lin v\u00e1rosnak, Orasul Stalin nevezt\u00e9k el.\u00a0<\/b><\/div>\n<div>Olyan nagy volt a kommunista \u00a0felhajt\u00e1s, hogy k\u00e9pesek voltak, a t\u0171zv\u00e9sz miatt le\u00e9gett Cenknek a Brass\u00f3 fel\u0151li oldal\u00e1ra feny\u0151f\u00e1kat \u00fcltessenek olyan sorrendben, hogy STALIN neve legyen olvashat\u00f3. Akkor a K\u00fat utca, Vas\u00fat utca, Rezs\u00f6k\u00f6r\u00fat \u00e9s a Kapu utca tal\u00e1lkoz\u00f3j\u00e1n\u00e1l k\u00f6rforgalom volt. Ennek k\u00f6rforgalomnak a k\u00f6zep\u00e9re fel\u00e1ll\u00edtottak egy gipszb\u0151l k\u00e9sz\u00fclt Szt\u00e1lin szobrot. \u00dagy h\u00e1rom m\u00e9ter magas volt. A szobor-Szt\u00e1lin nyugat fel\u00e9 n\u00e9zett \u00e9s integetett. Biztosan, hogy sokan eml\u00e9keznek m\u00e9g, hogy m\u00e1jus elsej\u00e9n \u00e9s augusztus 23-\u00e1n mas\u00edroz\u00e1st-felvonul\u00e1st szerveztek. A mas\u00edrozok Kelet fel\u00e9 vonultak, a gipsz Szt\u00e1lin nekik integetett. Ha nem volt mas\u00edroz\u00e1s, akkor Nyugatnak integetett.<\/div>\n<div>A k\u00f6rforgalmat felsz\u00e1molt\u00e1k. A gipsz szobor leker\u00fclt, de \u00f6nt\u00f6ttek helyette bronzb\u00f3l \u00e9s a Kapu utc\u00e1val szemben \u00e1ll\u00edtott\u00e1k fel. A mas\u00edroz\u00e1s ir\u00e1ny\u00e1t megford\u00edtott\u00e1l \u00e9s most Nyugat fel\u00e9 vonultak. Nem sok\u00e1ig tudott integetni a Cenknek, mert hamarosan leker\u00fclt, 1960-ban.<\/div>\n<div>Ebben a kommunista peri\u00f3dusban a securitate rossz n\u00e9ven vette, hogy az emberek r\u00e1di\u00f3t hallgatnak. Minden jobb csal\u00e1dnak volt r\u00e1di\u00f3ja. Rendelet j\u00f6tt, hogy a r\u00e1di\u00f3kat be kell szolg\u00e1ltatni. Tilos volt a r\u00e1di\u00f3 hallgat\u00e1s. egy id\u0151 ut\u00e1n vissza adt\u00e1k a r\u00e1di\u00f3kat, de a l\u00e1mp\u00e1kat kilopt\u00e1k bel\u0151le. De m\u00e9gsem volt ez j\u00f3, mert a megindul\u00f3 kommunista ad\u00f3kat se lehetett hallgatni. Ez\u00e9rt a F\u0151t\u00e9ren egy \u00fczletben a kilopott l\u00e1mp\u00e1kat belehetett szerezni.<\/div>\n<div>A <b>Fellegv\u00e1rt <\/b>b\u00f6rt\u00f6nnek rendezt\u00e9k be. Ide ker\u00fcltek azok, akik a sz\u00e1jukat nem tudt\u00e1k befogni, f\u0151leg magyarokkal volt teli a b\u00f6rt\u00f6n.<\/div>\n<div><\/div>\n<div><b>1949-ben megalakult a SZABAD EUR\u00d3PA R\u00c1DI\u00d3<\/b><\/div>\n<div>A kommunist\u00e1k r\u00e9me. A hallgat\u00e1sa szigor\u00faan tilos volt. Hi\u00e1ba volt a tilalom mindenki ezt hallgatta, \u00e9jjel nappal, igen hallgatta volna, mert kital\u00e1lt\u00e1k a <b>Szabad Eur\u00f3pa R\u00e1di\u00f3<\/b>\u00a0zavar\u00e1s\u00e1t. K\u00e9t zavar\u00f3 \u00e1llom\u00e1st \u00e1ll\u00edtottak fel Brass\u00f3ban, egy nagyszab\u00e1s\u00fat a <b>Fellegv\u00e1rban \u00e9s egy kisebbet a Dorob\u00e1ntilor <\/b>utca sark\u00e1n l\u00e9v\u0151 kertbe. A zavar\u00e1s ellen\u00e9re az\u00e9rt lehetett hallani. Minden kommunista rendszer\u0171 orsz\u00e1gnak volt zavar\u00f3 \u00e1llom\u00e1sa.<\/div>\n<div>Ez a zavar\u00e1si rendszer a kommunista orsz\u00e1gok sz\u00e9gyene volt. viccek is jelentek meg:<\/div>\n<div>S\u00e9t\u00e1l a rend\u0151rs\u00e9g az utc\u00e1n, hallj\u00e1k, hogy az egyik \u00a0cig\u00e1ny h\u00e1zb\u00f3l hallszik a tiltott hang. Bez\u00f6rgetnek, rend\u0151rs\u00e9g! Megijed a cig\u00e1ny, el\u0151veszi a nagyb\u0151g\u0151j\u00e9t \u00e9s h\u00fazni kezdi. A rend\u0151r\u00f6k az ajt\u00f3t bet\u00f6rik \u00e9s megk\u00e9rdik: <b>Mit csin\u00e1lsz te cig\u00e1ny? Mire a V\u00e1lasz: Zavarom Szabad Eur\u00f3p\u00e1t!\u00a0<\/b><\/div>\n<div>T\u00f6rt\u00e9nt egyszer \u00fagy 1955-t\u00e1j\u00e1n, hogy a cementgy\u00e1rn\u00e1l \u00a0vas\u00fati vagonok \u00a0tolat\u00e1sa k\u00f6zben, nem lehet tudni, hogy akarattal, vagy v\u00e9letlen\u00fcl k\u00e9t vagont \u00fagy megl\u00f6ktek, hogy az a meredek vas\u00fati p\u00e1ly\u00e1n \u00a0nagy sebess\u00e9get vett fel \u00e9s a Dorobantilor utcai zavar\u00f3\u00e1llom\u00e1s oszlopait leverve k\u00f6t\u00f6tt ki. Este t\u00f6rt\u00e9nt a dolog. Reggel mindenki l\u00e1tni akarta a kertben a vagonokat, szerencs\u00e9re senkit se \u00fct\u00f6ttek el a vagonok.<\/div>\n<\/div>\n<div><\/div>\n<div><span style=\"display:block;clear:both;height: 0px;padding-top: 20px;\"><\/span><\/div>\n<div>[nggallery id=292]<\/div>\n<div><span style=\"display:block;clear:both;height: 0px;padding-top: 20px;\"><\/span><\/div>\n<div><\/div>\n<div style=\"text-align: center;\">\n<p><b>X<\/b><\/p>\n<div><b>\u00a0<\/b><\/div>\n<div><b>\u00a0Elpusztult brass\u00f3i eml\u00e9kek.<\/b><\/div>\n<div><b>\u00a0<\/b><\/div>\n<div style=\"text-align: left;\"><b>A Kertsch villa, a belv\u00e1rosi reform\u00e1tus templom, a Schuller villa, az \u00c1rp\u00e1d szobor, a tramv\u00e1j, Bethlen barlang vend\u00e9gl\u0151, a Derestye \u00fati jegenye sor \u00e9s a 600-as FIAT, a Kr\u00fcgler cement gy\u00e1r, a vele szemben volt \u00a0samott-t\u00e9glagy\u00e1r, ugyancsak a bertalani \u00a0samott-t\u00e9glagy\u00e1r, a Schiel &#8211; Strungul majd Hidromechanika, a poj\u00e1nai s\u00e9ta helikopter, a Szt\u00e1lin szobor, Brass\u00f3 mozdonya, a Drakula expressz, a villamos. Ceausescu Brass\u00f3ban, azt sem kell elfelejteni, hogy a Ceausescu korszak\u00e1val megkezd\u0151d\u00f6tt Brass\u00f3 lerombol\u00e1sa. \u00a0\u00a0<\/b><\/div>\n<div style=\"text-align: left;\"><b>A kommunista rendszer rombol\u00e1sa alatt \u00e9gett le t\u00f6bb Brass\u00f3 k\u00f6rny\u00e9ki hegyekben \u00e9p\u00edtett <span class=\"il\">turista<\/span> h\u00e1zak amit a magyarok \u00e9s a sz\u00e1szok \u00e9p\u00edtettek: a nagyk\u0151havasi <span class=\"il\">turista<\/span> sz\u00e1ll\u00f3, a Bolnok, \u00a0Cristianul Mare, a Malaesti, a Balea.\u00a0 Az ugr\u00f3s\u00e1ncok is mind elpusztultak. \u00a0 \u00a0<\/b><\/div>\n<div style=\"text-align: left;\"><b>\u00a0<\/b><\/div>\n<div style=\"text-align: left;\"><b>A KERTSCH villa. <\/b>Magyarul egyszer\u0171en <b>Kert <\/b>vill\u00e1nak nevezt\u00e9k.<\/div>\n<div style=\"text-align: left;\">A villa f\u00e9nyk\u00e9p\u00e9t a IX-ik fejezetben a k\u00f6z\u00f6lt f\u00e9nyk\u00e9p &#8211; k\u00e9peslap gal\u00e9ri\u00e1ban l\u00e1that\u00f3.<\/div>\n<div style=\"text-align: left;\">Ott, ahol m\u00e1ma a <b>Modarom <\/b>\u00e1ruh\u00e1z \u00e1ll, 1887 el\u0151tt a <b>Csizmadi\u00e1k\u00a0<\/b>b\u00e1sty\u00e1ja \u00e1llt. <b>Kertsch Christian <\/b>m\u00e9rn\u00f6k, 1887-ben \u00a0a lebontott b\u00e1stya hely\u00e9ben \u00e9p\u00edtette fel a vill\u00e1t, 1899-ben k\u00e9sz\u00fclt el. 1896-bn itt volt a brass\u00f3i els\u0151 mozija. Amint m\u00e1r tudjuk 1944 tavasz\u00e1n bomba t\u00e1mad\u00e1s \u00e9rte. Csak egy kis r\u00e9sze s\u00e9r\u00fclt meg.\u00a0 A h\u00e1bor\u00fa ut\u00e1n a k\u00e1rosult r\u00e9sz\u00e9t \u00fajj\u00e1\u00e9p\u00edtett\u00e9k. Ez az \u00e9p\u00fclet valakiknek s\u00e9rtette a szem\u00e9t, ez\u00e9rt 1970-ben lerombolt\u00e1k. 1972-ben a <b>Modarom <\/b>\u00e1ruh\u00e1zat \u00e9p\u00edtett\u00e9k hely\u00e9be.<\/div>\n<div style=\"text-align: left;\"><b>\u00a0<\/b><\/div>\n<div style=\"text-align: left;\"><b>A BELV\u00c1ROSI REFORM\u00c1TUS TEMPLOM.<\/b><\/div>\n<div style=\"text-align: left;\">A templom alapk\u00f6veit 1891 j\u00falius 12-\u00e9n tett\u00e9k le \u00e9s 1892 augusztus 24-\u00e9n szentelt\u00e9k fel. A templom <b>Alp\u00e1r Ign\u00e1c <\/b>m\u0171\u00e9p\u00edt\u00e9sz<b>\u00a0<\/b>tervei alapj\u00e1n \u00e9p\u00edtett\u00e9k fel. Az \u00e9p\u00edtkez\u00e9s <b>Moln\u00e1r J\u00e1nos <\/b>lelkip\u00e1sztor idej\u00e9ben \u00e9p\u00fclt. A templom k\u00f6vetkez\u0151 lelkip\u00e1sztora <b>Csia P\u00e1l <\/b>volt. A templom neh\u00e9z id\u0151ket v\u00e9szelt \u00e1t. Trianon, a m\u00e1sodik h\u00e1bor\u00fa a kommunizmus idej\u00e9n. 1963-ban azonban beteljes\u00fclt a sorsa. A bomb\u00e1z\u00e1sokt\u00f3l ugyan megmenek\u00fclt, de a kommunizmus r\u00f3sz indulat\u00e1t\u00f3l nem, lerombol\u00e1sra \u00edt\u00e9lte a 71 \u00e9ves templomot.<\/div>\n<div style=\"text-align: left;\">A Brass\u00f3 Lapokb\u00f3l id\u00e9z\u00fcnk: &#8220;<b>1963-at <\/b>\u00edrtak. Brass\u00f3 belv\u00e1ros\u00e1ban a rombol\u00f3 buld\u00f3zerek f\u00fcls\u00e9rt\u0151 l\u00e1rm\u00e1ja hallatszott. Z\u00fagtak a g\u00e9pek, keser\u0171en hallgattak az emberek. A templom riadt f\u00e1jdalommal figyelte, amint test\u00e9be martak a vasfogak, egyre nagyobb darabokat harapva ki falaib\u00f3l. Led\u0151lt a torony, omoltak a falak, majd s\u00edri csend borult a t\u00e1jra, a porfelh\u0151 is le\u00fclepedett. A v\u00e1ros sz\u00edv\u00e9ben keletkezett romhalmazt sietve hordt\u00e1k az egym\u00e1s ut\u00e1n sorj\u00e1z\u00f3 teheraut\u00f3k. Sietni, sietni! &#8211; ez volt a hatalom parancsa, hogy nyoma se maradjon ennek a rettenetes rombol\u00e1snak. T\u0171nj\u00f6n el az eml\u00e9ke egy templomnak, amely annyira s\u00e9rtette a szem\u00fcket&#8221;.<\/div>\n<div style=\"text-align: left;\"><b>\u00a0<\/b><\/div>\n<div style=\"text-align: left;\"><b> \u00a0 \u00a0 \u00a0 \u00a0 \u00a0 \u00a0 \u00a0 \u00a0 \u00a0 \u00a0 \u00a0 \u00a0 \u00a0 \u00a0 \u00a0 \u00a0 \u00a0 \u00a0 \u00a0\u00a0<\/b><\/div>\n<div style=\"text-align: left;\"><b>\u00a0 KALAUZ \u00a0 <\/b>Hal\u00e1sz Gyula\u00a0 \u00a0Brass\u00f3 1962 \u00e1prilis 22.<\/div>\n<div style=\"text-align: left;\">\u00a0 \u00a0 \u00a0 \u00a0 \u00a0 \u00a0 \u00a0 \u00a0 \u00a0 \u00a0 \u00a0 \u00a0 \u00a0 \u00a0 \u00a0 \u00a0 \u00a0 \u00a0 \u00a0 \u00a0 \u00a0 \u00a0 \u00a0 \u00a0 \u00a0 A brass\u00f3i ev. reform\u00e1tus templom el\u0151tt.<\/div>\n<div style=\"text-align: left;\"><\/div>\n<div style=\"text-align: left;\">A templom amit itt l\u00e1tsz \u00a0 Figyeld csak meg b\u00e1rmerre m\u00e9sz \u00a0 A gy\u00f6ny\u00f6r\u0171 parkb\u00f3l n\u00e9zve,<\/div>\n<div style=\"text-align: left;\">\u00c9p\u00edtette Alp\u00e1r Ign\u00e1c \u00a0 \u00a0 \u00a0 \u00a0 \u00a0 \u00a0\u00d6sszhang, er\u0151, d\u00edsz, \u00e1h\u00edtat, \u00a0 \u00a0 \u00a0 \u00a0 \u00a0 \u00a0 \u00a0 El\u00e9d t\u00e1rul az eg\u00e9sze.<\/div>\n<div style=\"text-align: left;\">A nagy m\u0171\u00e9p\u00edt\u00e9sz. &#8211; \u00a0 \u00a0 \u00a0 \u00a0 \u00a0 \u00a0 Mintha sz\u00f3lna: az \u00dar h\u00edvat! \u00a0 \u00a0 \u00a0 \u00a0 \u00a0 \u00a0 \u00a0 \u00a0S elm\u00e9l\u00e1zva az \u0151si kincsen<\/div>\n<div style=\"text-align: left;\">\u00a0 \u00a0 \u00a0 \u00a0 \u00a0 \u00a0 \u00a0 \u00a0 \u00a0 \u00a0 \u00a0 \u00a0 \u00a0 \u00a0 \u00a0 \u00a0 \u00a0 \u00a0 \u00a0 \u00a0 \u00a0 \u00a0 \u00a0 \u00a0 \u00a0 \u00a0 \u00a0 \u00a0 \u00a0 \u00a0 \u00a0 \u00a0 \u00a0 \u00a0 \u00a0 \u00a0 \u00a0 \u00a0 \u00a0 \u00a0 \u00a0 \u00a0 \u00a0 \u00a0F\u00e1j, hogy b\u00e9ke ma m\u00e1r nincsen.<\/div>\n<\/div>\n<div style=\"text-align: left;\"><span style=\"display:block;clear:both;height: 0px;padding-top: 20px;\"><\/span><\/div>\n<div style=\"text-align: left;\">[singlepic id=4377 w=640 h=480 float=center]<\/div>\n<div style=\"text-align: left;\"><span style=\"display:block;clear:both;height: 0px;padding-top: 20px;\"><\/span><\/div>\n<div style=\"text-align: center;\">\n<div style=\"text-align: left;\"><b>\u00a0<\/b><\/div>\n<div style=\"text-align: left;\"><b>\u00a0<\/b><\/div>\n<div style=\"text-align: left;\"><b>A SCHULLER \u00a0villa.<\/b><\/div>\n<div style=\"text-align: left;\">Ez a gy\u00f6ny\u00f6r\u0171 m\u0171v\u00e9szi \u00e9p\u00fclet, 1896-ban \u00e9p\u00fclt a Rezs\u0151 \u00a0k\u00f6r\u00faton, a Sz\u00e9pm\u0171v\u00e9szeti M\u00fazeum mellett. Hogy milyen szerepet szolg\u00e1lt, nem tal\u00e1ltunk r\u00e1 utalv\u00e1nyt, annyit lehet tudni, hogy ezt is a sz\u00e1szok \u00e9p\u00edtett\u00e9k. \u00a0 A villa el\u0151tt az utca fel\u00e9 egy el\u00e9g nagy udvar volt, ez volt a vesztes\u00e9ge.<\/div>\n<div style=\"text-align: left;\">Valakinek esz\u00e9be jutott, hogy a villa udvarj\u00e1ra \u00e9p\u00edts\u00e9k fel Brass\u00f3 Telefon Palot\u00e1j\u00e1t. Ez meg is t\u00f6rt\u00e9nt. Majd sor ker\u00fclt a Telefon Palota b\u0151v\u00edt\u00e9s\u00e9re, ez\u00e9rt 1962-ben a <b>Schuller vill\u00e1t <\/b>lerombolt\u00e1k.<\/div>\n<div style=\"text-align: left;\"><b><span style=\"display:block;clear:both;height: 0px;padding-top: 20px;\"><\/span><\/b><\/div>\n<\/div>\n<div style=\"text-align: left;\">\u00a0[singlepic id=4391 w=640 h=480 float=center]<\/div>\n<div style=\"text-align: left;\"><span style=\"display:block;clear:both;height: 0px;padding-top: 20px;\"><\/span><\/div>\n<div style=\"text-align: center;\">\n<div style=\"text-align: left;\"><b>\u00a0<\/b><\/div>\n<div style=\"text-align: left;\"><b>Az \u00c1RP\u00c1D szobor.<\/b><\/div>\n<div style=\"text-align: left;\">A r\u00e9szleteket a honlapon az <b>\u00c1rp\u00e1d szobor <\/b>alc\u00edmen tal\u00e1ljuk meg.<\/div>\n<\/div>\n<div style=\"text-align: left;\"><\/div>\n<div style=\"text-align: left;\"><span style=\"display:block;clear:both;height: 0px;padding-top: 20px;\"><\/span><\/div>\n<div style=\"text-align: left;\">[singlepic id=4399 w=640 h=480 float=center]<\/div>\n<div style=\"text-align: left;\"><span style=\"display:block;clear:both;height: 0px;padding-top: 20px;\"><\/span><\/div>\n<div style=\"text-align: center;\">\n<div style=\"text-align: left;\"><b>\u00a0<\/b><\/div>\n<div style=\"text-align: left;\"><b>A tramv\u00e1j.<\/b><\/div>\n<div style=\"text-align: left;\">Le\u00edr\u00e1sa az el\u0151z\u0151 fejezetben tal\u00e1ljuk meg.<\/div>\n<div style=\"text-align: left;\"><b>\u00a0<\/b><\/div>\n<div style=\"text-align: left;\"><b>Bethlen barlang vend\u00e9gl\u0151.\u00a0<\/b><\/div>\n<div style=\"text-align: left;\">A c\u00f6l\u00f6p\u00f6kre \u00e9p\u00edtett \u00a0barlangi vend\u00e9gl\u0151vel \u00a0kapcsolatos r\u00e9szleteket a VIII-ik fejezetben tal\u00e1ljuk meg.<\/div>\n<div style=\"text-align: left;\"><b>\u00a0<\/b><\/div>\n<div style=\"text-align: left;\"><span style=\"display:block;clear:both;height: 0px;padding-top: 20px;\"><\/span><\/div>\n<div style=\"text-align: left;\">[singlepic id=4404 w=640 h=480 float=center]<\/div>\n<div style=\"text-align: left;\"><span style=\"display:block;clear:both;height: 0px;padding-top: 20px;\"><\/span><\/div>\n<div style=\"text-align: left;\"><b>\u00a0<\/b><\/div>\n<div style=\"text-align: left;\"><\/div>\n<div style=\"text-align: left;\"><b>Derestye \u00fati jegenye sor \u00e9s a 600-as FIAT.<\/b><\/div>\n<div style=\"text-align: left;\">Bisztosan sokan eml\u00e9keznek arra, hogy Brass\u00f3 \u00e9s Derestye k\u00f6z\u00f6tti \u00a0utat jegenye sor sz\u00e9p\u00edtette. Nem az\u00e9rt \u00fcltett\u00e9k ide a jegenye sort, hogy az utat sz\u00e9p\u00edts\u00e9k. Egy Tompa nev\u0171 erd\u00e9sz a derestyei Czell s\u00f6rgy\u00e1rt\u00f3l kapta azt a megb\u00edz\u00e1st, hogy magas f\u00e1kat, jegeny\u00e9t \u00fcltessenek Deresty\u00e9t\u0151l &#8211; Brass\u00f3ig. Ez az\u00e9rt kellett, hogy a Brass\u00f3ban sz\u00e1ll\u00edtand\u00f3 \u00a0s\u00f6r\u00f6s hord\u00f3kat ne s\u00fcsse a Nap. Hasznos is volt \u00e9s sz\u00e9p is volt, ez is m\u00e1r a m\u00falt\u00e9.<\/div>\n<div style=\"text-align: left;\">Ami a 600-as FIATOT illeti, egy nagyon kedvelt, gazdas\u00e1gos kis aut\u00f3 volt.<\/div>\n<div style=\"text-align: left;\"><\/div>\n<div style=\"text-align: left;\"><span style=\"display:block;clear:both;height: 0px;padding-top: 20px;\"><\/span><\/div>\n<div style=\"text-align: left;\">[singlepic id=4376 w=640 h=480 float=center]<\/div>\n<div style=\"text-align: left;\"><span style=\"display:block;clear:both;height: 0px;padding-top: 20px;\"><\/span><\/div>\n<div style=\"text-align: left;\"><\/div>\n<div style=\"text-align: left;\"><\/div>\n<div style=\"text-align: left;\"><\/div>\n<div style=\"text-align: left;\"><b>Kr\u00fcgler Cementgy\u00e1r &#8211; Temelia.<\/b><\/div>\n<div style=\"text-align: left;\">1891-ben a Kr\u00fcgler csal\u00e1d l\u00e9tes\u00edtette a K\u00e1rp\u00e1t utc\u00e1ban a Csigahegy oldal\u00e1ban, amely kiny\u00falott a Rakod\u00f3 v\u00f6lgy\u00e9ben. Hozz\u00e1 l\u00e9tes\u00fclt a k\u0151b\u00e1nya. tudott dolog, hogy a cement alapanyaga a m\u00e9szk\u0151. Nagy teljes\u00edtm\u00e9ny\u0171 k\u0151malmok is l\u00e9tes\u00fcltek a gy\u00e1r keret\u00e9n. A m\u00e9szk\u0151 kitermel\u00e9se nem volt k\u00f6nny\u0171 dolog. Dinamittal robbantottak, ilyenkor mindig lez\u00e1rt\u00e1k a gy\u00e1r el\u0151tt a forgalmat, mert sokszor k\u00f6vek kirep\u00fcltek az \u00fatra, \u00a0K\u00e9t forg\u00f3 kemence hatalmas k\u00e9m\u00e9nyeib\u0151l omlott a cement por. A k\u00f6rnyez\u0151 h\u00e1zak tetej\u00e9t vastagon befedve. J\u00f3 min\u0151s\u00e9g\u0171 cementet gy\u00e1rtottak. A Duna villany \u00a0er\u0151m\u0171 is brass\u00f3i cementb\u0151l \u00a0\u00e9p\u00fclt. 1948-ban nevezt\u00e9k Temeli\u00e1nak. 2006-ban kik\u00f6lt\u00f6ztett\u00e9k Brass\u00f3b\u00f3l. Hely\u00e9re a Magnolia bev\u00e1s\u00e1rl\u00f3 k\u00f6zpont \u00e9p\u00fclt.<\/div>\n<\/div>\n<div style=\"text-align: left;\"><span style=\"display:block;clear:both;height: 0px;padding-top: 20px;\"><\/span><\/div>\n<div style=\"text-align: left;\">[singlepic id=4380 w=640 h=480 float=center]<\/div>\n<div style=\"text-align: left;\"><span style=\"display:block;clear:both;height: 0px;padding-top: 20px;\"><\/span><\/div>\n<div style=\"text-align: center;\">\n<div style=\"text-align: left;\"><b>\u00a0<\/b><\/div>\n<div style=\"text-align: left;\"><b>\u00a0<\/b><\/div>\n<div style=\"text-align: left;\"><b>\u00a0<\/b><\/div>\n<div style=\"text-align: left;\"><b>SCHIEL &#8211; Strungul &#8211; Hidromecanica.\u00a0<\/b><\/div>\n<div style=\"text-align: left;\">A gy\u00e1rat a Schiel testv\u00e9rek l\u00e9tes\u00edtett\u00e9k 1880-ban, Schiel-gy\u00e1r \u00a0n\u00e9ven. A brass\u00f3i magyarok egyszer\u0171en Sil-gy\u00e1r n\u00e9ven emlegett\u00e9k. G\u00e9pgy\u00e1r volt, mozdonyokat jav\u00edtottak, \u00faj\u00edtottak fel. A gy\u00e1rnak volt egy 100 t. &#8221; kalap\u00e1csa&#8221; amikor ezt beind\u00edtott\u00e1k az eg\u00e9sz k\u00f6rny\u00e9k d\u00f6ng\u00f6tt, r\u00e1zk\u00f3dott mintha f\u00f6ldreng\u00e9s lenne. K\u00e9s\u0151bb eszterg\u00e1kat kezdtek gy\u00e1rtani, ez\u00e9rt \u00a0a gy\u00e1rat <b>Strungul\u00a0<\/b>n\u00e9vre keresztelt\u00e9k. 1961- ben hidro-turboszufl\u00e1tokat keztek gy\u00e1rtani. Akkor nevezt\u00e9k el Hidromecanicanak. Azt rebesgetik, hogy a gy\u00e1rnak 6000 alkalmazottja volt.\u00a0 Az 1989-es rendszer v\u00e1lt\u00e1s ut\u00e1n, a traktor, teher aut\u00f3, \u00e9s a t\u00f6bbi brass\u00f3i nagy gy\u00e1rakkal egy\u00fctt a Hidromecanica is megsz\u0171nt l\u00e9tezni. A brass\u00f3i g\u00e9p iparnak, csak az eml\u00e9ke maradt.<\/div>\n<\/div>\n<div style=\"text-align: left;\"><span style=\"display:block;clear:both;height: 0px;padding-top: 20px;\"><\/span><\/div>\n<div style=\"text-align: left;\">[singlepic id=4389 w=640 h=480 float=center]<\/div>\n<div style=\"text-align: left;\"><span style=\"display:block;clear:both;height: 0px;padding-top: 20px;\"><\/span><\/div>\n<div style=\"text-align: center;\">\n<div style=\"text-align: left;\"><\/div>\n<div style=\"text-align: left;\"><b>A poj\u00e1nai s\u00e9ta helikopter.\u00a0<\/b><\/div>\n<div style=\"text-align: left;\">A rendszer v\u00e1lt\u00e1s ut\u00e1n a Poj\u00e1n\u00e1ban ment\u00fcnk fel a r\u00e9gi \u00faton. Miut\u00e1n fel\u00e9rt\u00fcnk, arra lett\u00fcnk figyelmesek, hogy egy helikopter k\u00f6r\u00f6zik ide-oda. Megtudtuk, hogy egy s\u00e9ta helikopterr\u0151l van sz\u00f3. Bizonyos \u00f6sszeg lefizet\u00e9se ellen\u00e9re \u00e9s \u00f6sszegy\u0171lt h\u00e9t szem\u00e9ly mindj\u00e1rt felehet \u00fclni. Elhat\u00e1roztuk, hogy kipr\u00f3b\u00e1ljuk. K\u00e1lm\u00e1nt oda\u00e1ll\u00edtottuk a helikopter el\u00e9, hogy \u00f6r\u00f6k\u00edts\u00fck meg ezt a kalandot.\u00a0 Angol turist\u00e1k j\u00f6ttek, m\u00e9g gondolkoztunk \u00e9s ez\u00e9rt azt hat\u00e1roztuk, hogy had menjenek az angolok, r\u00e1\u00e9r\u00fcnk azut\u00e1n is. A helikopter az angolokkal felsz\u00e1llt, elt\u0171nt a l\u00e1that\u00e1r\u00f3l, v\u00e1rtunk, de hi\u00e1ba v\u00e1rtunk, a helikopter csak nem j\u00f6tt vissza, <b>lezuhant. A zuhan\u00e1st senki se \u00e9lte t\u00fal, mind meghaltak. <\/b>\u00cdgy v\u00e9gz\u0151d\u00f6tt a helikopteres kalandunk.<\/div>\n<\/div>\n<div style=\"text-align: left;\"><span style=\"display:block;clear:both;height: 0px;padding-top: 20px;\"><\/span><\/div>\n<div style=\"text-align: left;\">[singlepic id=4372 w=640 h=480 float=center]<\/div>\n<div style=\"text-align: left;\"><span style=\"display:block;clear:both;height: 0px;padding-top: 20px;\"><\/span><\/div>\n<div style=\"text-align: center;\">\n<div style=\"text-align: left;\"><\/div>\n<div style=\"text-align: left;\"><\/div>\n<div style=\"text-align: left;\"><b>Brass\u00f3 mozdonya.<\/b><\/div>\n<div style=\"text-align: left;\">A Nagy \u00e1llom\u00e1son van ki\u00e1ll\u00edtva, sz\u00e9pen kifestve, rendbe t\u00e9ve hirdeti, hogy valamikor nagyon hasznos volt. A brass\u00f3i Vas\u00fat T\u00e1rsas\u00e1gnak k\u00e9tf\u00e9le nagy mozdonya volt: teher mozdonya, amit a mell\u00e9kelt k\u00e9pen is l\u00e1thatunk \u00e9s gyors mozdonya, amit lejjebb \u00a0a Drakula expressz keret\u00e9n k\u00f6z\u00f6lt k\u00e9pen l\u00e1thatunk.\u00a0 A kis m\u00e9ret\u0171 5 ker\u00e9kkel nagy er\u0151t tudott kifejteni, a h\u00e1rom nagy ker\u00e9kkel sebess\u00e9get. Ilyen n\u00e9gy teher mozdonyok vitt\u00e9k fel Prede\u00e1lra a teher vagonokat. A volt szomsz\u00e9dunk, Trejeroiu mozdonyvezet\u0151, aki a magyar feles\u00e9g\u00e9hez \u00e9s a magyarokhoz mindig magyarul szolt elmondta, hogy prede\u00e1li teher vonat mozdonyain \u00a0k\u00e9t f\u0171t\u0151 meg\u00e1ll\u00e1s n\u00e9lk\u00fcl, gyors temp\u00f3ban \u00a0lap\u00e1tolta a szenet a f\u0171t\u0151 t\u00e9rben, aminek k\u00f6vetkezt\u00e9ben nagy fekete f\u00fcst\u00f6t l\u00f6velltek ki a mozdonyok. A mozdonyvezet\u0151 mindig feket\u00e9n j\u00f6tt haza. \u00a0 Szerencs\u00e9re, akkor m\u00e9r nem ismert\u00e9k a glob\u00e1lis f\u00f6lmeleged\u00e9st.<\/div>\n<div style=\"text-align: left;\"><\/div>\n<div style=\"text-align: left;\"><span style=\"display:block;clear:both;height: 0px;padding-top: 20px;\"><\/span><\/div>\n<div style=\"text-align: left;\">[singlepic id=4388 w=640 h=480 float=center]<\/div>\n<div style=\"text-align: left;\"><span style=\"display:block;clear:both;height: 0px;padding-top: 20px;\"><\/span><\/div>\n<div style=\"text-align: left;\"><\/div>\n<div style=\"text-align: left;\"><\/div>\n<div style=\"text-align: left;\"><b>A Dracula expressz, nosztalgiavonat.\u00a0<\/b><\/div>\n<div style=\"text-align: left;\">A legnagyobb \u00e9rdekess\u00e9g\u00e9t a f\u00fcst\u00f6l\u0151 \u00a0g\u0151zmozdony adta \u00e9s az \u00e1lland\u00f3 pufog\u00e1sa.<\/div>\n<div style=\"text-align: left;\">Hatalmas fekete f\u00fcsttel burkolva \u00a02008 m\u00e1jus\u00e1ban indult el a nosztalgiavonat, <b>Dracula expressz.<\/b><\/div>\n<div style=\"text-align: left;\">A nosztalgiavonat szombaton \u00e9s vas\u00e1rnap k\u00f6zlekedett \u00e9s \u00a0vitte az utasokat Zernyestre. A korabeli egyenruh\u00e1t visel\u0151 kalauz egyel\u0151re ingyenes jeggyel csalogatta az \u00e9rdekl\u0151d\u0151ket. A fel\u00faj\u00edtott mozdony, \u00e9s a szerelv\u00e9ny szint\u00e9n fel\u00faj\u00edtott \u00a0h\u00e1rom kocsib\u00f3l tev\u0151d\u00f6tt \u00f6ssze. Az egyik vagon a II.K\u00e1roly kir\u00e1ly tulajdon\u00e1t k\u00e9pez\u0151 vagon 1934-b\u00f6l sz\u00e1rmazott. A m\u00e1sodik kocsit 1924-ben Olaszorsz\u00e1gban gy\u00e1rtottak. A harmadik vagon az Orient expressz-hez tartozott, Bukarest &#8211; P\u00e1rizs k\u00f6z\u00f6tt k\u00f6zlekedett. A luxus kocsikban, h\u00e1l\u00f3f\u00fclke, f\u00fcrd\u0151szoba, b\u00e1r \u00e9s szalon volt tal\u00e1lhat\u00f3. A \u00a0pl\u00fcsshuzat\u00fa \u00a0f\u00fclk\u00e9ket Brass\u00f3t \u00e1br\u00e1zol\u00f3 r\u00e9gi f\u00e9nyk\u00e9pek tett\u00e9k hangulatoss\u00e1. A Dracula expressz l\u00e9trehoz\u00e1s\u00e1t <b>Aristotel Cancsescu <\/b>megyei tan\u00e1cseln\u00f6k<b>\u00a0<\/b>szorgalmazta.<\/div>\n<div style=\"text-align: left;\">Arr\u00f3l is sz\u00f3 volt, hogy T\u00f6rcsv\u00e1rig fog k\u00f6zlekedni, de ebb\u0151l semmi sem lett, hanem az lett, hogy r\u00f6videsen megsz\u00fcntett\u00e9k. K\u00e1r, sok belf\u00f6ldi \u00e9s k\u00fclf\u00f6ldi turist\u00e1t vonzott volna, hiszen egy m\u00faltat id\u00e9zett volna fel.<\/div>\n<\/div>\n<div style=\"text-align: left;\"><span style=\"display:block;clear:both;height: 0px;padding-top: 20px;\"><\/span><\/div>\n<div style=\"text-align: left;\">[nggallery id=296]<\/div>\n<div style=\"text-align: left;\"><span style=\"display:block;clear:both;height: 0px;padding-top: 20px;\"><\/span><\/div>\n<div style=\"text-align: center;\">\n<div style=\"text-align: left;\"><\/div>\n<div style=\"text-align: left;\"><\/div>\n<div style=\"text-align: left;\"><b>\u00a0<\/b><\/div>\n<div style=\"text-align: left;\"><b>A villamos.<\/b><\/div>\n<div style=\"text-align: left;\">Azt tartja a k\u00f6zmond\u00e1s, hogy minden csoda h\u00e1rom napig tart. Ilyen csoda volt a brass\u00f3i villamos is. Ugyan t\u00f6bbet tartott h\u00e1rom napn\u00e1l, de hamarosan megsz\u00fcntett\u00e9k. Kb. 2010-ben jutott valakinek esz\u00e9ben, hogy a Goly\u00f3scsap\u00e1gy\u00e1r \u00e9s a bukaresti \u00fat k\u00f6z\u00f6tt villamos j\u00e1rat l\u00e9tes\u00fclj\u00f6n. Nagy munka volt ez, nemcsak a v\u00e1g\u00e1nyok lerak\u00e1sa, de a fels\u0151 vezet\u00e9k felszerel\u00e9se is nagy gonddal j\u00e1rt. V\u00e9gre elk\u00e9sz\u00fclt, de t\u00e9li fagyok \u00e1lland\u00f3an t\u00f6nkretett\u00e9k a v\u00e1g\u00e1nyokat, ami k\u00f6lts\u00e9ges jav\u00edt\u00e1sba ker\u00fclt minden \u00e9vben. A brass\u00f3i villamosnak az lett a sorsa, hogy felsz\u00e1molt\u00e1k \u00e9s hely\u00e9ben csukl\u00f3s trolibusz j\u00e1ratot \u00a0l\u00e9tes\u00edtettek, ami bev\u00e1lt. Ezt kellett volna tegy\u00e9k m\u00e1r akkor.<\/div>\n<div style=\"text-align: left;\"><\/div>\n<div style=\"text-align: left;\"><b>Ceausescu Brass\u00f3ban, Brass\u00f3 lerombol\u00e1sa.<\/b><\/div>\n<div style=\"text-align: left;\"><b>Nicolae Ceausescu <\/b>t\u00f6bb alkalommal is j\u00e1rt Brass\u00f3ban. Tudott dolog, hogy Brass\u00f3 ipar\u00e1t a sz\u00e1szok alap\u00edtott\u00e1k meg, amelyek eredm\u00e9nyesen termeltek. Brass\u00f3nak ezt a megl\u00e9v\u0151 ipar\u00e1t Ceausescu fellend\u00edtette, kib\u0151v\u00edtve \u00fajra \u00e9p\u00edtette, k\u00fclf\u00f6ldr\u0151l f\u0151leg Olaszorsz\u00e1gb\u00f3l, Kin\u00e1b\u00f3l behozott g\u00e9pekkel szereltette fel, annak a rem\u00e9ny\u00e9ben, hogy most m\u00e1r ezekben a moderniz\u00e1lt gy\u00e1rakban min\u0151s\u00e9g\u0171 term\u00e9keket fognak gy\u00e1rtani. A Brass\u00f3 gy\u00e1rai nemcsak a brass\u00f3i lak\u00f3ss\u00e1gnak teremtett munka helyet, az orsz\u00e1g minden r\u00e9sz\u00e9r\u0151l j\u00f6ttek Brass\u00f3ban dolgozni, \u00fagy rom\u00e1nok mint magyarok. Mindent gy\u00e1rtottak, amit \u00fagy a belf\u00f6ldi, mint a k\u00fclf\u00f6ldi piacokon eltudtak adni. Mindenkinek volt munkahelye. Sajnos az 1989-es rendszerv\u00e1lt\u00e1s ut\u00e1n Brass\u00f3nak ezt a hatalmas ipar\u00e1t nem becs\u00fclt\u00e9k meg, t\u00f6nkretett\u00e9k.<\/div>\n<\/div>\n<div style=\"text-align: left;\"><\/div>\n<div style=\"text-align: left;\"><span style=\"display:block;clear:both;height: 0px;padding-top: 20px;\"><\/span><\/div>\n<div style=\"text-align: left;\">[singlepic id=4390 w=640 h=480 float=center]<\/div>\n<div style=\"text-align: left;\"><span style=\"display:block;clear:both;height: 0px;padding-top: 20px;\"><\/span><\/div>\n<div style=\"text-align: left;\"><\/div>\n<div style=\"text-align: center;\">\n<div style=\"text-align: left;\"><b>Brass\u00f3 lerombol\u00e1sa.<\/b><\/div>\n<div style=\"text-align: left;\">Brass\u00f3 ipar\u00e1hoz emberek kellettek, az embereknek pedig lak\u00e1s. Egyszerre k\u00e9t legyet \u00fct\u00f6tt agyon. Lerombolta f\u0151leg Brass\u00f3 magyar lakta \u00a0v\u00e1ros r\u00e9szeit, a Bolony\u00e1t \u00e9s hely\u00e9ben t\u00f6mbh\u00e1zaknak a sz\u00e1zait \u00e9p\u00edtette fel. J\u00f3 ez a bev\u00e1ndorl\u00f3knak, ezekben a t\u00f6mbh\u00e1zakban k\u00e9nyszer\u00edtett\u00e9k be a lak\u00e1s n\u00e9lk\u00fcl maradt embereket. Brass\u00f3nak a legsz\u00f6rnyebb korszaka volt. A s\u00edr\u00e1s, jajgat\u00e1s, infraktus, szenved\u00e9ly napirenden volt.<\/div>\n<div style=\"text-align: left;\"><b>Elpuszt\u00edtott\u00e1k, lerombolt\u00e1k a Zajzoni \u00fat \u00e9p\u00fcleteit, a Bukaresti \u00fat \u00e9p\u00fcleteit, a Herm\u00e1ni \u00fat \u00e9p\u00fcleteit, K\u00e1rp\u00e1t utca \u00e9p\u00fcleteit, ki eg\u00e9szen az Astr\u00e1ig, ezek utc\u00e1k k\u00f6z\u00f6tt lev\u0151 \u00f6sszes \u00e9p\u00fcleteket a nagy \u00e1llom\u00e1sig. Ezekben az utc\u00e1kban nagy sz\u00e1mban f\u0151leg magyarok laktak. A bont\u00f3 munk\u00e1sokt\u00f3l olyan megjegyz\u00e9seket \u00a0lehetett hallani: &#8220;ingyen is dolgozn\u00e1nak, hogy a magyarokat sz\u00e9tverj\u00e9k&#8221;. \u00a0<\/b>A sz\u00e1szok f\u0151leg a Csigahegy alatt laktak gy\u00f6ny\u00f6r\u0171 h\u00e1zakban, a Honv\u00e9d utca k\u00f6rny\u00e9k\u00e9n.\u00a0 Egyetlen egy sz\u00e1sz h\u00e1zat se bontottak le. A rom\u00e1nok lakta Bolg\u00e1rszeget sem b\u00e1ntott\u00e1k. \u00a0<b> \u00a0<\/b><\/div>\n<div style=\"text-align: left;\">A K\u00fat utca \u00e9s a Vas\u00fat utca tal\u00e1lkoz\u00e1s\u00e1n\u00e1l minden \u00e9p\u00fcletet leromboltak, minden \u00e9p\u00fclett\u0151l megtiszt\u00edtott\u00e1k a ter\u00fcletet. Itt \u00a0 akart\u00e1k Brass\u00f3 \u00faj k\u00f6zpontj\u00e1t fel\u00e9p\u00edteni <b>Centrul civic <\/b>n\u00e9ven. Az \u00faj k\u00f6zpontb\u00f3l a mai napig sem lett semmi.\u00a0\u00a0Ma egy nagy \u00fcres t\u00e9rs\u00e9g t\u00e1tog \u00a0a lerombolt \u00e9p\u00fcletek hely\u00e9n, parkszer\u0171s\u00e9get l\u00e9tes\u00edtetek, amit alulj\u00e1r\u00f3kkal lehet megk\u00f6zel\u00edteni.<\/div>\n<div style=\"text-align: left;\"><\/div>\n<div style=\"text-align: left;\"><\/div>\n<div style=\"text-align: left;\"><\/div>\n<div style=\"text-align: left;\"><\/div>\n<div style=\"text-align: left;\"><\/div>\n<div style=\"text-align: left;\"><b>A kommunista rendszer rombol\u00e1sa alatt \u00e9gett le t\u00f6bb Brass\u00f3 k\u00f6rny\u00e9ki hegyekben \u00e9p\u00edtett <span class=\"il\">turista<\/span> h\u00e1zak. Amit a magyarok \u00e9s a sz\u00e1szok \u00e9p\u00edtettek: a nagyk\u0151havasi turistasz\u00e1ll\u00f3, a Bolnok, a Cristianul Mare, a Malaesti, a Balea. Az ugr\u00f3s\u00e1ncok is mind elpusztultak.\u00a0<\/b><\/div>\n<div style=\"text-align: left;\">Az egym\u00e1sut\u00e1n le\u00e9gett turistah\u00e1zakr\u00f3l \u00a0mindig azt \u00e1ll\u00edtott\u00e1k, hogy a k\u00e9m\u00e9ny miatt \u00e9gtek le. Minden h\u00e1znak f\u00e1b\u00f3l van a padl\u00e1sa \u00e9s m\u00e9gsem \u00e9gnek le. A val\u00f3s\u00e1g m\u00e9g is az lehet, hogy a h\u00e1zakat bossz\u00fab\u00f3l felgy\u00fajtott\u00e1k fel, tudjuk, hogy a h\u00e1zakat elkobozott, \u00e1llamos\u00edtott \u00faj tulajdonosok ne tudjanak hasznot hajtani bel\u0151le.<\/div>\n<div style=\"text-align: left;\"><\/div>\n<div style=\"text-align: left;\"><b>A nagyk\u0151havasi turistasz\u00e1ll\u00f3, ami a tagok p\u00e9nz\u00e9n \u00e9p\u00fclt.\u00a0<\/b><\/div>\n<div style=\"text-align: left;\">A turistasz\u00e1ll\u00f3 az 1927-ben alakult Brass\u00f3i <span class=\"il\">Turista<\/span> Egyes\u00fclet, <b>Hal\u00e1sz Gyula <\/b>tan\u00e1r, az egyes\u00fclet alap\u00edt\u00f3j\u00e1nak az \u00e9rdeme. A turistasz\u00e1ll\u00f3 sok neh\u00e9zs\u00e9ges \u00e1ron \u00e9p\u00fclt fel, \u00a01930 augusztus 10-\u00e9n 2000 szem\u00e9ly jelenl\u00e9t\u00e9vel avatt\u00e1k fel. Az egyes\u00fcletet 1940-betiltott\u00e1k, vagyon\u00e1t elkobozt\u00e1k, a \u00a0tagok p\u00e9nz\u00e9n \u00e9p\u00fclt turistasz\u00e1ll\u00f3 az ONT tulajdon\u00e1ba ment \u00e1t. <b>1990-ben le\u00e9gett.\u00a0<\/b>\u00a0 A Bolnoki h\u00e1z 1953-bn \u00e9gett le.<\/div>\n<\/div>\n<div style=\"text-align: left;\"><span style=\"display:block;clear:both;height: 0px;padding-top: 20px;\"><\/span><\/div>\n<div style=\"text-align: left;\">[singlepic id=4373 w=640 h=480 float=center]<\/div>\n<div style=\"text-align: left;\"><span style=\"display:block;clear:both;height: 0px;padding-top: 20px;\"><\/span><\/div>\n<div style=\"text-align: left;\"><span style=\"display:block;clear:both;height: 0px;padding-top: 20px;\"><\/span><\/div>\n<div style=\"text-align: left;\">[singlepic id=4379 w=640 h=480 float=center]<\/div>\n<div style=\"text-align: left;\"><span style=\"display:block;clear:both;height: 0px;padding-top: 20px;\"><\/span><\/div>\n<div style=\"text-align: center;\">\n<div style=\"text-align: left;\"><\/div>\n<div style=\"text-align: left;\"><\/div>\n<div style=\"text-align: left;\"><\/div>\n<div style=\"text-align: left;\">A Cristianu Mare turistah\u00e1zat a sulleron a sz\u00e1szok \u00e9p\u00edtett\u00e9k, ami szint\u00e9n \u00e1llamos\u00edtva volt. A \u00a0rendszer v\u00e1lt\u00e1s ut\u00e1n a sz\u00e1szok k\u00e9rt\u00e9k vissza, de nem adt\u00e1k. Egy \u00e9jszaka azt\u00e1n megoldott a dolog, felgy\u00fajtott\u00e1k, a mai napig is romokba hever.<\/div>\n<div style=\"text-align: left;\">Az erd\u00e9lyi <span class=\"il\">turista<\/span> egyes\u00fcleteknek egyetlen egy \u00e1llamos\u00edtott tulajdont sem adtak vissza a mai napig sem.<\/div>\n<\/div>\n<div style=\"text-align: left;\"><\/div>\n<div style=\"text-align: left;\"><span style=\"display:block;clear:both;height: 0px;padding-top: 20px;\"><\/span><\/div>\n<div style=\"text-align: left;\">[singlepic id=4375 w=640 h=480 float=center]<\/div>\n<div style=\"text-align: left;\"><span style=\"display:block;clear:both;height: 0px;padding-top: 20px;\"><\/span><\/div>\n<div style=\"text-align: center;\">\n<div style=\"text-align: left;\"><\/div>\n<div style=\"text-align: left;\"><\/div>\n<div style=\"text-align: left;\"><\/div>\n<div style=\"text-align: left;\"><b>A Bucsecson a Malaesti \u00e9s a Fogarasi havasokban a Balea tavon \u00e9p\u00fclt mened\u00e9kh\u00e1zaknak is ugyan ez lett a sorsuk. Felgy\u00fajtott\u00e1k.\u00a0<\/b><\/div>\n<\/div>\n<div style=\"text-align: left;\"><\/div>\n<div style=\"text-align: left;\"><span style=\"display:block;clear:both;height: 0px;padding-top: 20px;\"><\/span><\/div>\n<div style=\"text-align: left;\">[singlepic id=4374 w=640 h=480 float=center]<\/div>\n<div style=\"text-align: left;\"><span style=\"display:block;clear:both;height: 0px;padding-top: 20px;\"><\/span><\/div>\n<div style=\"text-align: left;\"><span style=\"display:block;clear:both;height: 0px;padding-top: 20px;\"><\/span><\/div>\n<div style=\"text-align: left;\">[singlepic id=4378 w=640 h=480 float=center]<\/div>\n<div style=\"text-align: left;\"><span style=\"display:block;clear:both;height: 0px;padding-top: 20px;\"><\/span><\/div>\n<p style=\"text-align: center;\">XI<\/p>\n<div><\/div>\n<div style=\"text-align: center;\">\n<p><b>1849.<\/b><\/p>\n<div style=\"text-align: center;\"><b>A T\u00f6m\u00f6s v\u00f6lgy\u00e9ben lezajlott csat\u00e1k.\u00a0<\/b><\/div>\n<div style=\"text-align: center;\"><b>Brass\u00f3, a Fellegv\u00e1r ostroma &#8211; v\u00e9delme.<\/b><b>\u00a0<\/b><\/div>\n<div><b>\u00a0<\/b><\/div>\n<div style=\"text-align: left;\">Tudott dolog, hogy miut\u00e1n a magyar honv\u00e9dek 1848-ban legy\u0151zt\u00e9k az osztr\u00e1k seregeket, az osztr\u00e1kok sz\u00f6vetkeztek az oroszokkal, az akkor \u00fagynevezett muszk\u00e1kkal \u00e9s egyes\u00fclt er\u0151vel lerohant\u00e1k Magarorsz\u00e1got. Ezek a szabads\u00e1gharcok1849-ben f\u0151leg Erd\u00e9lyben, Sz\u00e9kelyf\u00f6ld\u00f6n zajlottak le.\u00a0 A sz\u00e9kely-magyar honv\u00e9ts\u00e9g a t\u00f6m\u00f6si-szorosban v\u00edvott \u00f6nfel\u00e1ldoz\u00f3 harcot a hatalmas muszka seregel szemben. Miut\u00e1n a muszk\u00e1k levert\u00e9k a v\u00e9delmi harcot a t\u00f6m\u00f6si szorosban, bevonultak Brass\u00f3ban \u00e9s a Fellegv\u00e1r ostrom\u00e1val fojtatt\u00e1k a harcot a v\u00e1rat v\u00e9d\u0151 \u00a0honv\u00e9dek ellen. A T\u00f6m\u00f6si-szoros legkeskenyebb r\u00e9sze, a Nagyk\u0151havas fel\u0151l mintegy 100 m.-re kiugr\u00f3 hegyh\u00e1t, mely <b>Magyarv\u00e1r <\/b>n\u00e9ven ismeretes. E t\u00f6rt\u00e9nelmileg nevezetes helyre eml\u00e9km\u0171vet \u00e1ll\u00edtottak a k\u00f6vetkez\u0151 felirattal:<\/div>\n<div style=\"text-align: left;\"><b>A Haza V\u00e9delm\u00e9ben Itt Elv\u00e9rezetteknek. A Magyar M\u00e9rn\u00f6ki \u00c9p\u00edt\u00e9szeti Egyes\u00fclet 1879. \u00a0 \u00a0 \u00a0<\/b>\u00a0 \u00a0 \u00a0 A 2014-ben, \u00a0brass\u00f3i V\u00e1rhegyen, a Fellegv\u00e1r bej\u00e1rat\u00e1n\u00e1l felavatott eml\u00e9kt\u00e1bla id\u00e9zi fel Fellegv\u00e1r h\u0151sies v\u00e9delmi harcait.<\/div>\n<div style=\"text-align: left;\"><b>Orb\u00e1n Bal\u00e1zs<\/b>\u00a0t\u00f6bb oldalon kereszt\u00fcl <b>A Sz\u00e9kelyf\u00f6ld Le\u00edr\u00e1sa <\/b>c\u00edm\u0171 \u00edr\u00e1s\u00e1ban r\u00e9szletesen \u00f6r\u00f6k\u00edtette meg e harcokat. Ebb\u0151l az \u00edr\u00e1s\u00e1b\u00f3l id\u00e9z\u00fcnk r\u00e9szleteket.<\/div>\n<div style=\"text-align: left;\"><b>&#8220;Brass\u00f3 az 1848. \u00e9s 49-ki szabads\u00e1gharcz alatt.&#8221;<\/b><\/div>\n<div style=\"text-align: left;\">&#8220;Jun. elej\u00e9n, mid\u0151n az orosz inv\u00e1si\u00f3, vagy a zsarnoks\u00e1g v\u00e9szes vihar\u00e1nak s\u00f6t\u00e9t fellegei fenyegett\u00e9k m\u00e1r annyi \u00a0v\u00e9rt \u00e1ldozott szeg\u00e9ny haz\u00e1nkat. 54.000 orosz \u00e9s osztr\u00e1k j\u00f6tt 133 \u00e1gy\u00faval a k\u00fczdelmek alatt kimer\u00fclt, a dul\u00f3 polg\u00e1rharczok \u00a0miatt t\u00f6nkre jutott Erd\u00e9ly ellen. A bet\u00f6r\u0151 ellens\u00e9g z\u00f6me a <b>L\u00fcders<\/b> \u00e1ltal vez\u00e9nyelt 28.000 emberb\u0151l \u00e1ll\u00f3, 56 \u00e1gy\u00faval ell\u00e1tott f\u0151sereg Brass\u00f3nak tartott, s a t\u00f6m\u00f6si szorosban <b>Kis S\u00e1ndor<\/b> leonid\u00e1si ellent\u00e1ll\u00e1s\u00e1t \u00e1tt\u00f6rve (melyr\u0151l fennebb) jun. 20-\u00e1n Brass\u00f3 el\u0151tt termett.<\/div>\n<div style=\"text-align: left;\">Brass\u00f3ban ez id\u0151t\u00e1jt nagyon csek\u00e9ly er\u0151 volt \u0151rizeten&#8230;. A Fellegv\u00e1r n\u00e9vleges parancsnoka, az osztr\u00e1kokt\u00f3l \u00e1tj\u00f6tt Szidolwszky \u0151rnagy volt. A muszk\u00e1k t\u00f6m\u00f6si bet\u00f6r\u00e9sekor a dand\u00e1rparancsnok <b>Kis S\u00e1ndor<\/b> is Brass\u00f3ban volt, de ahogy a muszk\u00e1k el\u0151nyomul\u00e1s\u00e1nak hir\u00e9t vette, <b>Dacz\u00f3<\/b> husz\u00e1r oszt\u00e1ly\u00e1val azonnal oda robogott a vez\u00e9nyletet szem\u00e9lyesen \u00e1tveend\u0151. Hogy mily h\u0151sies elsz\u00e1nts\u00e1g, s mily rettenthetetlen b\u00e1tors\u00e1g honolt szabads\u00e1gharczunk e dics\u0151 fi\u00e1nak kebl\u00e9ben, s hogy mennyire birt tudat\u00e1val a harcz nagys\u00e1g\u00e1nak, melyre indult, tanusitja az, hogy t\u00e1voztakor a legid\u0151sebb sz\u00e1zadost <b>T\u00f3th S\u00e1muelt <\/b>mag\u00e1hoz hivatv\u00e1n, a Brass\u00f3ban marad\u00f3 k\u00e9t sz\u00e1zad f\u00f6l\u00f6tti parancsnoks\u00e1ggal bizta meg, s elrendelte, hogy megt\u00e1mad\u00e1s eset\u00e9ben a Fellegv\u00e1rba h\u00faz\u00f3dva, a \u00a0v\u00e9gletekig tartsa mag\u00e1t, mert ha a t\u00f6m\u00f6si v\u00e9der\u0151 visszanyomatn\u00e9k, Brass\u00f3ban fog huz\u00f3dni, s e v\u00e1rost utols\u00f3 emberig oltalmazni&#8230;. <b>T\u00f3th Samu, <\/b>ugyanekkor kezdette \u00e9lelmezni, az \u0151rizet sz\u00e1m\u00e1ra l\u0151-k\u00e9szlettel f\u00f6lszerelni, s a kaput elz\u00e1rhat\u00f3 \u00e1llapotba hozni, sok ideje azonban az \u00a0el\u0151k\u00e9sz\u00fcletekre, \u00e9s v\u00e9dint\u00e9zked\u00e9sekre nem maradt, mert a T\u00f6m\u00f6sn\u00e9l csak a thermopylei harczokhoz hasnlithat\u00f3 h\u0151sies ellen\u00e1ll\u00e1st elsz\u00e1nt honv\u00e9deinknek <b>meghiusit\u00e1 a brassai erd\u00e9sz Gebauer, (brass\u00f3i sz\u00e1sz) ki a muszk\u00e1k minden rohamait visszaver\u0151 honv\u00e9dek had\u00e1ll\u00e1sa hata m\u00f6g\u00e9 vezette az oroszok egy csapatj\u00e1t, <\/b>a h\u0151s vez\u00e9r <b>Kis S\u00e1ndor <\/b>m\u00e1r 16 sebt\u0151l terhelten a muszk\u00e1k kez\u00e9be esett, honv\u00e9dei k\u00f6z\u00fcl azon kevesek, kik a haczokban el nem estek, \u00e1tv\u00e1gv\u00e1n magukat az \u0151ket miden oldalr\u00f3l bekeritett ellens\u00e9g s\u0171r\u0171 t\u00f6meg\u00e9n, H\u00e1romsz\u00e9k fel\u00e9 menek\u00fcltek. Brass\u00f3ban mind err\u0151l mit se tudtak s jun. 20-\u00e1n 10 \u00f3ra t\u00e1jt, csak azt vett\u00e9k \u00e9szre, hogy az el\u0151sz\u00e1guldoz\u00f3 koz\u00e1kok m\u00e1r a v\u00e1ros el\u0151tt nyargalnak&#8230; Miel\u0151tt az esem\u00e9nyek tov\u00e1bbi el\u0151ad\u00e1s\u00e1ra t\u00e9rn\u00e9k, sz\u00e1mba kell vennem a brass\u00f3i Fellegv\u00e1r h\u0151seit.<\/div>\n<div style=\"text-align: left;\">A Fellegv\u00e1r katonai \u00a0parancsnoka a k\u00e9zdi-v\u00e1s\u00e1rhelyi <b>T\u00f3th S\u00e1muel <\/b>volt, t\u00fcz\u00e9rs\u00e9gi parancsnoka f\u0151hadnagy\u00a0<b>Vr\u00e1til Domokos, <\/b>k\u00e9t honv\u00e9d sz\u00e1zad tisztjei voltak: <b>Vas Istv\u00e1n, L\u00e1szl\u00f3 K\u00e1roly \u00e9s Moln\u00e1r J\u00f3zsef <\/b>sz\u00e1zadosok, <b>Bihari S\u00e1ndor <\/b>f\u0151hadnagy, berczki <b>Vat\u00e1ny Gy\u00f6rgy, Pap M\u00f3ricz <\/b>hadnagyok. <b>D\u00e9nes Lajos <\/b>felszerel\u0151 tiszt. A leg\u00e9nys\u00e9g mind\u00f6ssze 200 f\u0151re ment&#8230;.<\/div>\n<div style=\"text-align: left;\">A muszk\u00e1k mi ellen\u00e1ll\u00e1sra sem sz\u00e1mitottak, hisz eg\u00e9szen a v\u00e1rosig sz\u00e1guldott k\u00e9mszeml\u00e9sz koz\u00e1kjaik a brassai v\u00e9der\u0151nek mi mozdulat\u00e1t sem vehett\u00e9k \u00e9szre, ann\u00e1l kev\u00e9sb\u00e9 hitt\u00e9k, hogy az er\u0151d nevet meg sem \u00e9rdeml\u0151 Fellegv\u00e1r a v\u00e9delmet m\u00e9g csak meg is kis\u00e9tse, \u0151k a v\u00e1ros h\u00f3dol\u00f3 k\u00fcld\u00f6tts\u00e9g\u00e9vel \u00a0hittek tal\u00e1lkozni, s az\u00e9rt kibontott z\u00e1szl\u00f3kkal, harsog\u00f3 zene sz\u00f3val z\u00e1rt t\u00f6megekben, gondatlanul vonultak Brass\u00f3 al\u00e1, a Fellegv\u00e1rb\u00f3l csak nagy porfellegeket l\u00e1ttak a t\u00f6m\u00f6si \u00faton, mely egy t\u00e1bor k\u00f6zeledt\u00e9t mutatta, de hogy min\u0151 sereg ? azt nem tudt\u00e1k, mert a t\u00f6m\u00f6si esem\u00e9nyekr\u0151l mi \u00e9rtesit\u00e9st sem nyerv\u00e9n, nem tudhatt\u00e1k, ha nem a t\u00f6m\u00f6si magyar sereg h\u00fazodik-e <b>Kisnek <\/b>hadi terve szerint Brass\u00f3ban vissza. Az\u00e9rt n\u00e9gy \u00e1gy\u00faj\u00fakat a t\u00f6m\u00f6si \u00fatra n\u00e9z\u0151 v\u00e1rfokra fel\u00e1llitva kart\u00e1csra t\u00f6lt\u00f6ttek, hogy a magyar sereg ut\u00e1n nyomulhat\u00f3 muszk\u00e1kat feltartva, <b>Kis-nek <\/b>a v\u00e1rosba val\u00f3 bevonul\u00e1s\u00e1t k\u00f6nnyits\u00e9k, de ahogy csapat k\u00f6zeledt\u00e9vel a zene idegenszer\u0171s\u00e9ge, \u00e9s az oszladoz\u00f3 porfellegb\u0151l el\u0151t\u00fcn\u0151 f\u00e9nyes sisakok el\u00e1rult\u00e1k, hogy nem magyar, hanem muszka sereg k\u00f6zeledik, r\u00f6gt\u00f6n hadi tan\u00e1csot tartottak s elhat\u00e1rozt\u00e1k, hogy a muszk\u00e1kat Brass\u00f3ba be ne bocs\u00e1ss\u00e1k legal\u00e1bb addig, mig a k\u00f6k\u00f6si hidn\u00e1l lev\u0151 h\u00e1romsz\u00e9ki v\u00e9der\u0151, a T\u00f6m\u00f6st\u00f6l oda vonulhatott csapattal Brass\u00f3nak nyomulhat. Ezalatt a muszka t\u00e1bor z\u00e1rt t\u00f6megekben a Fellegv\u00e1-hegy alatt l\u00e9v\u0151 <b>Nap hoz <\/b>czimzett vend\u00e9g\u0151ig nyomult, ekkor d\u00f6rd\u00fcltek el a v\u00e1rfok \u00e1gy\u00fai, s a muszk\u00e1k \u00e9szrevehett\u00e9k, hogy azok nem \u00fcdvl\u00f6v\u00e9sek abb\u00f3l, hogy a le\u00f6z\u00f6nl\u0151 kart\u00e1csz\u00e1por a koz\u00e1kok el\u00f6l lovagl\u00f3 parancsnok\u00e1t, s a z\u00e1rt t\u00f6megekb\u0151l eg\u00e9sz sorokat s\u00f6p\u00f6rt el. A muszk\u00e1k ezen nem v\u00e1rt k\u00f6sz\u00f6nt\u00e9sre meg\u00e1llapodtak, s mivel a folytonoss\u00e1 v\u00e1lt \u00e1gy\u00faz\u00e1s nagyon tizedelni kezdte soraikat, hirtelen a l\u0151t\u00e1volb\u00f3l visszah\u00fazodtak&#8230;.<\/div>\n<div style=\"text-align: left;\">Nemsok\u00e1ra egy lovas tiszt, <b>L\u00fcders <\/b>besz\u00e9ln\u00f6ke, k\u00f6zelitett a v\u00e1rhoz&#8230;. <b>L\u00fcdersnek <\/b>izenet\u00e9t, &#8220;hogy 30000 emberrel s hatalmas t\u00fcz\u00e9rs\u00e9ggel j\u00f6v\u00e9n, minden tov\u00e1bbi ellen\u00e1ll\u00e1s k\u00e9ptelens\u00e9g&#8221;&#8230;. A k\u00f6telen felhuzott ki\u00e1ltv\u00e1ny tartalma volt, hogy a kik a t\u00f6rv\u00e9nyes \u00fatra visszat\u00e9rnek s megh\u00f3dolnak, azoknak \u00e9lete, vagyonabiztositva van, de akik azt k\u00e9sedelem n\u00e9lk\u00fcl nem teszik, s az ellent\u00e1ll\u00e1sban \u00a0tov\u00e1bbra is konokul megmaradnak, \u00a0azokra t\u00fcz, vas \u00e1s k\u00f6ny\u00f6rtelen kiirt\u00e1s v\u00e1r. A parancsnok <b>T\u00f3th Samu <\/b>a tiszti karral azonnal hadi tan\u00e1csot tartott; a felad\u00e1s k\u00e9nyszer\u0171s\u00e9g\u00e9t elj\u00f6ttnek nem tartott\u00e1k, mert \u00e9lelm\u00fck \u00e9s t\u00f6lt\u00e9ny\u00fck egy napra kijutott, s ismerve <b>Kis S\u00e1ndor <\/b>(kinek fogs\u00e1g\u00e1ba jut\u00e1s\u00e1r\u00f3l mit se tudtak) rettenthetetlens\u00e9g\u00e9t, mindig rem\u00e9lhett\u00e9k, hogy \u00f6sszeszedve erej\u00e9t f\u00f6lment\u00e9s\u00fckre fog sietni, de k\u00fcl\u00f6nben is k\u00f6teless\u00e9g\u00fcknek csak akkor hittek eleget tenni, a mid\u0151n utols\u00f3 t\u00f6lt\u00e9ny\u00fcket is ell\u0151tt\u00e9k, s az\u00e9rt egyhangulag elhat\u00e1rozt\u00e1k a harcnak a folytat\u00e1s\u00e1t&#8230;. \u00a0<b>L\u00fcders <\/b>a nyomorult f\u00e9szeknek n\u00e9zett Fellegv\u00e1rt rendszeres ostromra nem m\u00e9ltatv\u00e1n, a legels\u0151 rohamra bevehet\u0151nek it\u00e9lte, s az\u00e9rt t\u00f6bb ezredet rendelt a v\u00e1r megrohan\u00e1s\u00e1ra. A v\u00e1rbeliek engedt\u00e9k azokat k\u00f6zeliteni, de mid\u0151n p\u00e1r sz\u00e1z l\u00e9p\u00e9snyire jutottak, akkor kart\u00e1cs &#8211; \u00e9s puskagoly\u00f3 z\u00e1porral eg\u00e9sz sorokat s\u00f6p\u00f6rtek el, mig a muszk\u00e1k l\u00f6v\u00e9sei a fedett helyzetben lev\u0151 honv\u00e9deknek mit sem \u00e1rtottak. A rohamkis\u00e9rletek eg\u00e9sz estv\u00e9ig tartottak, a v\u00e1rhegy oldal\u00e1t a muszka hull\u00e1k sz\u00e1zai boritott\u00e1k&#8230;.<\/div>\n<div style=\"text-align: left;\"><b>L\u00fcders <\/b>a gyors m\u0171k\u00f6d\u00e9s embere volt&#8230;. b\u00e1r halottak \u00e9s sebes\u00fcltekben rendkiv\u00fcli vesztes\u00e9gek \u00e9rt\u00e9k, m\u00e9gis m\u00e9g azon \u00e9jjel hozz\u00e1l\u00e1tott az ostroms\u00e1ncok elk\u00e9szit\u00e9s\u00e9hez. A fellegv\u00e1rral szemben lev\u0151, s azt k\u00f6zelr\u0151l uralg\u00f3 <b>Postar\u00e9t <\/b>f\u00f6l\u00f6tti magaslatra az <b>Imrich-f\u00e9le <\/b>kertben az \u00e9j s\u00f6t\u00e9t\u00e9ben fel\u00e1llit\u00e1 s\u00e1nczkosarait, s mid\u0151n hajnal hasad\u00e1val a Fellegv\u00e1r egyik t\u00fcz\u00e9re \u00e9szrevette az ottani mozg\u00e1st, m\u00e1r 11 tizennyolcz fontos \u00e1gy\u00fa fel volt \u00e1llitva, s a 12-ik elhelyez\u00e9s\u00e9vel foglalkoztak, ennek ugyan lovait \u00e9s \u00e1llv\u00e1ny\u00e1t a v\u00e1rb\u00f3l odair\u00e1nyzott els\u0151 \u00e1gy\u00fagoly\u00f3 elsodorta,de hely\u00e9t hamar egy m\u00e1sik potolta, s nemsok\u00e1ra elkezdette a 12 \u00e9rczsz\u00e1j t\u00fczok\u00e1d\u00f3 b\u00f6mb\u00f6l\u00e9s\u00e9t, a v\u00e1rat goly\u00f3 \u00e9s gr\u00e1n\u00e1t \u00f6z\u00f6nl\u00e9 el, a v\u00e1rfalakon lev\u0151 honv\u00e9dekb\u0151l mindj\u00e1rt t\u00f6bben megsebes\u00fcltek, de ez nem f\u00e9lemlit\u00e9 meg, hanem t\u00fczelte harczkedv\u00fcket, s a 12 nagy muszka \u00e1gy\u00faval szemben a magyarok 4 kis \u00e1gy\u00faja j\u00f3l t\u00e1pl\u00e1lt t\u00fczel\u00e9st folytatott. Azonban az \u00e1gy\u00fafelesel\u00e9s nem sok\u00e1 tartott, mert a v\u00e1rhegy d\u00e9li \u00e9s keleti oldal\u00e1n eg\u00e9sz z\u00e1szl\u00f3ajakb\u00f3l alakult rohamoszlopok nyomultak fel, a honv\u00e9dek agy\u00faikat ekkor ide vonszolt\u00e1k, s kart\u00e1cs- \u00e9s goly\u00f3z\u00e1porral \u00f6ntve el, iszony\u00fa vesztes\u00e9ggel vetett\u00e9k vissza mer\u00e9szen felt\u00f6r\u0151ket, s ism\u00e9t a nyugati oldalra sz\u00e1llitj\u00e1k vissza s onnan l\u00f6v\u00f6ld\u00f6ztek a muszka \u00e1gy\u00fatelepekre, m\u00e1sik perczben ism\u00e9t a v\u00e1r egyik vagy m\u00e1sik fok\u00e1ra emelj\u00e9k v\u00e1llaikon a l\u00f6vegeket, hogy a kancsuk\u00e1val felkerekedett s most itt majd amott k\u00f6zelg\u0151 rohamoszlopokat visszavethess\u00e9k. A n\u00e9gy \u00e1gy\u00fanak minden\u00fcv\u00e9 el kellett jutni, s annak gyors ide-oda sz\u00e1llit\u00e1sa \u00e1ltal k\u00e9pesek voltak oly er\u0151t kifejteni, miszerint a muszk\u00e1k megvoltak gy\u0151z\u0151dve, hogy a v\u00e1rban legal\u00e1bb is 24 \u00e1gy\u00fa m\u0171k\u00f6dik&#8230;<\/div>\n<div style=\"text-align: left;\">Igy folyt az iszonyatos harcz d\u00e9lig, ekkor a muszk\u00e1k r\u00e9sz\u00e9r\u0151l egy \u00f3rai sz\u00fcnet \u00e1llott be, amit a v\u00e1rbeliek arra haszn\u00e1ltak, hogy sebeiket \u00f6nmaguk bek\u00f6t\u00f6zz\u00e9k, s egy keveset egyenek \u00e9s igyanak, mire az el\u0151tti estve \u00f3ta m\u00e9g idej\u00fck nem volt.<\/div>\n<div style=\"text-align: left;\">D\u00e9lut\u00e1n 1 \u00f3rakor a harcz ism\u00e9t eg\u00e9sz borzaszt\u00f3s\u00e1g\u00e1ban t\u00f6rt ki&#8230;<\/div>\n<div style=\"text-align: left;\">Az esti 5 \u00f3r\u00e1ig elhuz\u00f3dott k\u00fczdelem hev\u00e9ben a t\u00fcz\u00e9rparancsnok <b>Vratil <\/b>szomoruan jelent\u00e9, a mindenfel\u00e9 eljut\u00f3 v\u00e1rparancsnokoknak, hogy az \u00e1gy\u00fak sz\u00e1m\u00e1ra m\u00e9g csak 40, s a pusk\u00e1k sz\u00e1m\u00e1ra is alig p\u00e1r \u00f3r\u00e1ra kijut\u00f3 t\u00f6lt\u00e9ny\u00fck van&#8230; 7 \u00f3rakor ism\u00e9t megkezdette mindk\u00e9t ostromtelepn\u00e9l a r\u00e9mit\u0151 t\u00fczij\u00e1t\u00e9kot, melyre a v\u00e1rb\u00f3l csak szorv\u00e1nyosan feleltek, mert kev\u00e9s t\u00f6lt\u00e9ny\u00fcket egy lehet\u0151 roham visszaver\u00e9s\u00e9re tartogatt\u00e1k, \u00e9ppen egy ilyen rohamot nyomtak vissza 9 \u00f3ra fel\u00e9, mid\u0151n a szerel\u0151 tiszt jelent\u00e9, hogy az utols\u00f3 n\u00e9gy t\u00f6lt\u00e9nyt kiadta az \u00e1gyukhoz. A harc tov\u00e1bb folytat\u00e1sa teh\u00e1t lehetetlen\u00e9 v\u00e1lt, s a haditan\u00e1cs a k\u00e9nyszer\u0171s\u00e9g\u00e9nek engedve, ehat\u00e1rozta a v\u00e1r felad\u00e1si ir\u00e1nti alkudoz\u00e1s megkezd\u00e9s\u00e9t. A f\u00f6lt\u00e9teleket ir\u00e1sba tett\u00e9k&#8230; Ezen iratot egyik fiatal tiszt vitte el 10 \u00f3ra t\u00e1jt <b>L\u00fcdershez<\/b>,&#8230;<\/div>\n<div style=\"text-align: left;\">\u00c9jf\u00e9lkor az oroszok t\u00fczel\u00e9se is megsz\u00fcnv\u00e9n, egy lovas tiszt k\u00f6zelgett a v\u00e1rhoz, kihez <b>Bihari <\/b>egy pincze ablakon leereszkedv\u00e9n, \u00e1tvette a muszka parancsnoknak utim\u00e1tumk\u00e9nt k\u00fcld\u00f6tt k\u00f6vetkez\u0151 ki\u00e1ltv\u00e1ny\u00e1t&#8230;.<\/div>\n<div style=\"text-align: left;\">Tov\u00e1bbi v\u00e9ront\u00e1st mell\u0151zni akarv\u00e1n, ezen v\u00e1rban l\u00e9v\u0151knek \u00e9let\u00f6ket biztositom azon felt\u00e9tel alatt, hogy azok <b>holnap 22. junius 1849. reggeli 5 \u00f3rakor a feh\u00e9r z\u00e1szl\u00f3t a v\u00e1rfokra kit\u00fczz\u00e9k, fegyver\u00fcket \u00e9s minden egy\u00e9bb hadiszereket a v\u00e1rban visszahagyv\u00e1n, onnan kij\u00f6nnek, \u00e9s magukat mint hadi foglyoknak megadj\u00e1k.\u00a0<\/b><\/div>\n<div style=\"text-align: left;\"><b>Ez utols\u00f3 szavam, ha ennek se lenne sikere \u00e9s \u00e9n az\u00e1ltal k\u00e9nyszeritve l\u00e1tn\u00e1m magamat a v\u00e1rat megrohanni, ugy kegyelmet senki t\u00f6lem ne v\u00e1rjon.<\/b><\/div>\n<div style=\"text-align: left;\"><b>\u00a0<\/b><\/div>\n<div style=\"text-align: left;\"><b>\u00a0 \u00a0 \u00a0 \u00a0 \u00a0 \u00a0 \u00a0 \u00a0Brass\u00f3 jun. 21. 1849. \u00e9jji 11 3\/4 \u00f3rakor.\u00a0<\/b><\/div>\n<div style=\"text-align: left;\"><b>\u00a0 \u00a0 \u00a0 \u00a0 \u00a0 \u00a0 \u00a0 \u00a0 \u00a0 \u00a0 \u00a0 \u00a0 \u00a0 \u00a0 \u00a0 \u00a0 \u00a0 \u00a0 \u00a0 \u00a0 \u00a0 A cs\u00e1sz\u00e1ri 5-ik hadisereg t\u00e1bornagya<\/b><\/div>\n<div style=\"text-align: left;\"><b>\u00a0 \u00a0 \u00a0 \u00a0 \u00a0 \u00a0 \u00a0 \u00a0 \u00a0 \u00a0 \u00a0 \u00a0 \u00a0 \u00a0 \u00a0 \u00a0 \u00a0 \u00a0 \u00a0 \u00a0 \u00a0 \u00a0 \u00a0 \u00a0 \u00a0 \u00a0 \u00a0 A. L\u00fcders.&#8221;<\/b><\/div>\n<div style=\"text-align: left;\">\n<div><span style=\"display:block;clear:both;height: 0px;padding-top: 20px;\"><\/span><\/div>\n<div>[nggallery id=299]<\/div>\n<\/div>\n<div style=\"text-align: left;\">A tov\u00e1bbi fejlem\u00e9nyeket a v\u00e1rral kapcsolatban, <b>Orb\u00e1n Bal\u00e1zs <\/b>k\u00e9t oldalon \u00edrja le.<\/div>\n<div style=\"text-align: left;\">Azt is elmondja, hogy a \u00a0Fellegv\u00e1r h\u0151seit Brass\u00f3ban a Fekete kasz\u00e1rny\u00e1ban helyezik \u00a0el, <b>L\u00fcders <\/b>t\u00e1bornagy saj\u00e1t orvosaival biztos\u00edtja a sebes\u00fcltek \u00e1pol\u00e1s\u00e1t.<\/div>\n<div style=\"text-align: left;\"><\/div>\n<div style=\"text-align: left;\"><\/div>\n<div style=\"text-align: left;\"><\/div>\n<div style=\"text-align: left;\"><\/div>\n<div style=\"text-align: left;\"><\/div>\n<div style=\"text-align: left;\"><b>Az 1848-49-es szabads\u00e1g harcokr\u00f3l \u00a0Erd\u00e9ly szerte a magyars\u00e1g \u00a0minden \u00e9vben megeml\u00e9keznek \u00e9s meg\u00fcnnepelik. A legnagyobb \u00fcnnep\u00e9lyeket \u00e9s megeml\u00e9kez\u00e9seket K\u00e9zdiv\u00e1s\u00e1rhelyen \u00e9s Sepsiszentgy\u00f6rgy\u00f6n szervezik meg. De m\u00e1s v\u00e1rosokban \u00e9s favakban is meg\u00fcnneplik a szabads\u00e1gharcokat.\u00a0 A tov\u00e1bbiakban ezekr\u0151l a megeml\u00e9kez\u00e9sekr\u0151l &#8211; \u00fcnnep\u00e9lyekr\u0151l \u00a0<\/b><b>k\u00f6zl\u00fcnk fot\u00f3kat:<\/b><\/div>\n<\/div>\n<div style=\"text-align: left;\"><\/div>\n<div style=\"text-align: left;\"><\/div>\n<div style=\"text-align: left;\">\n<div style=\"text-align: left;\"><span style=\"display:block;clear:both;height: 0px;padding-top: 20px;\"><\/span><\/div>\n<div style=\"text-align: left;\">[nggallery id=300]<\/div>\n<div style=\"text-align: left;\">\n<div style=\"text-align: left;\"><span style=\"display:block;clear:both;height: 0px;padding-top: 20px;\"><\/span><\/div>\n<div style=\"text-align: left;\">[nggallery id=301]<\/div>\n<div style=\"text-align: left;\">\n<div style=\"text-align: left;\"><span style=\"display:block;clear:both;height: 0px;padding-top: 20px;\"><\/span><\/div>\n<div style=\"text-align: left;\">[nggallery id=302]<\/div>\n<div style=\"text-align: left;\">\n<div style=\"text-align: left;\"><span style=\"display:block;clear:both;height: 0px;padding-top: 20px;\"><\/span><\/div>\n<div style=\"text-align: left;\">[nggallery id=303]<\/div>\n<div style=\"text-align: left;\">\n<div style=\"text-align: left;\"><span style=\"display:block;clear:both;height: 0px;padding-top: 20px;\"><\/span><\/div>\n<div style=\"text-align: left;\">[nggallery id=304]<\/div>\n<\/div>\n<\/div>\n<div style=\"text-align: left;\"><span style=\"display:block;clear:both;height: 0px;padding-top: 20px;\"><\/span><\/div>\n<div style=\"text-align: left;\"><\/div>\n<\/div>\n<\/div>\n<\/div>\n<div style=\"text-align: left;\"><\/div>\n<div style=\"text-align: center;\"><b>\u00a0XII<\/b><\/div>\n<div style=\"text-align: center;\">\n<div><b>\u00a01914 &#8211; 1918. \u00a0 Az els\u0151 vil\u00e1gh\u00e1bor\u00fa.<\/b><\/div>\n<div style=\"text-align: left;\"><span style=\"display:block;clear:both;height: 0px;padding-top: 20px;\"><\/span><\/div>\n<div style=\"text-align: left;\">[singlepic id=4446 w=640 h=480 float=center]<\/div>\n<div style=\"text-align: left;\"><span style=\"display:block;clear:both;height: 0px;padding-top: 20px;\"><\/span><\/div>\n<div style=\"text-align: left;\"><\/div>\n<div style=\"text-align: left;\"><\/div>\n<div style=\"text-align: left;\">Az Antat sz\u00f6vets\u00e9gesei 1916-ban nyom\u00e1st gyakoroltak a semleges Rom\u00e1ni\u00e1ra, hogy az Antant oldal\u00e1n l\u00e9pjen be a h\u00e1bor\u00faban \u00e9s \u00fczenjen hadat az Osztr\u00e1k-Magyar Monarchi\u00e1nak.<\/div>\n<div style=\"text-align: left;\">A brass\u00f3i magyars\u00e1g alig l\u00e9gzett fel a muszk\u00e1kkal v\u00edvott T\u00f6m\u00f6si-szoros honv\u00e9delmi harcokb\u00f3l, <b>1916-ban <\/b>\u00fajabb harcokkal kellett szemben\u00e9znie. Egy m\u00e9g nagyobb t\u00f6bb r\u00e9szb\u0151l \u00e1ll\u00f3 rom\u00e1n hadsereggel, amely \u00f6sszesen 380 ezer f\u0151b\u0151l tev\u0151d\u00f6tt \u00f6ssze.<\/div>\n<div style=\"text-align: left;\"><b>Sz\u00e9kely G\u00e9za<\/b>\u00a0a hajdani <b>BTE<\/b><span class=\"il\">turista<\/span> titk\u00e1ra is megeml\u00edti ezt az esem\u00e9nyt a <b>NAGYK\u0150HAVAS LE\u00cdR\u00c1SA <\/b>c\u00edm\u0171 k\u00f6nyv\u00e9ben. Olvassuk:<\/div>\n<div style=\"text-align: left;\">&#8220;Tov\u00e1bbhaladva el\u00e9rkez\u00fcnk a T\u00f6m\u00f6si-szoros legkeskenyebb a Nagyk\u0151havas oldal\u00e1b\u00f3l mintegy 100 m-t kiugr\u00f3 kis hegyh\u00e1thoz, mely <b>Magyarv\u00e1r <\/b>n\u00e9ven ismeretes. t\u00f6rt\u00e9nelmileg nevezetes hely, <b>1849-ben <\/b>v\u00e9res csat\u00e1k d\u00faltak k\u00f6r\u00fcl\u00f6tte. J\u00fanius 18-\u00e1n \u00e9rkezett a T\u00f6m\u00f6s-szorosban <b>L\u00fcders <\/b>orosz t\u00e1bornok 28.000 emberrel \u00e9s 60 \u00e1gy\u00faval, hogy leverje a <b>Bem <\/b>t\u00e1bornok vez\u00e9nylete alatt k\u00fczd\u0151 erd\u00e9lyi szabads\u00e1gharcosokat. <b>Szab\u00f3 N\u00e1ndor <\/b>alezredes, majd<b> Kiss S\u00e1ndor <\/b>ezredes parancsnoks\u00e1ga alatt 1600 sz\u00e9kely \u00e9s 7 \u00e1gy\u00fa v\u00e9dte a szorost n\u00e9gy napon \u00e1t, v\u00e9g\u00fcl egy sz\u00e1sz erd\u00e9sz kalauzol\u00e1sa mellett egy orosz ezred a Kereszt\u00e9nyhavas oldal\u00e1n el\u0151re haladva h\u00e1tba t\u00e1madta a maroknyi sereget 4-500 halott maradt a csatat\u00e9ren, ut\u00e1na az oroszok bevonultak a v\u00e1rosba. Az <b>1916-os\u00a0<\/b>rom\u00e1n bevonul\u00e1s alkalm\u00e1val is itt tartott\u00e1k fel a honv\u00e9dek a rom\u00e1n csapatokat, mindaddig, am\u00edg a v\u00e1rost a magyarok ki\u00fcr\u00edtett\u00e9k.&#8221;<\/div>\n<div style=\"text-align: left;\">Nincs sz\u00e1nd\u00e9kunkba t\u00f6rt\u00e9nelmi besz\u00e1mol\u00f3t tartani, (r\u00e9szletes le\u00edr\u00e1st az interneten tal\u00e1lunk) c\u00e9lunk az, hogy a k\u00f6r\u00fcl\u00f6tt\u00fcnk lev\u0151 katonai temet\u0151kr\u0151l ny\u00fajtsunk n\u00e9mi t\u00e1jokozotts\u00e1got, mivel ezek a temet\u0151k a rom\u00e1n-magyar \u00e9s n\u00e9met t\u00f6rt\u00e9nelemhez f\u0151z\u0151dnek,\u00a0ezekben a temet\u0151kben, rom\u00e1n, magyar \u00e9s n\u00e9met h\u0151s\u00f6k nyugszanak. A h\u00e1bor\u00fab\u00f3l j\u00f3csk\u00e1n Brass\u00f3nak is volt r\u00e9sze.<\/div>\n<div style=\"text-align: left;\"><b>Vesztes\u00e9gek rom\u00e1n r\u00e9szr\u0151l: 335 000 katona, magyar r\u00e9szr\u0151l: 1,2 milli\u00f3 katona a t\u00f6bbi frontok vesztes\u00e9geivel egy\u00fctt. \u00a0<\/b><\/div>\n<div style=\"text-align: left;\"><b>A T\u00f6m\u00f6si-h\u00e1g\u00f3n<\/b> elesett h\u0151s\u00f6ket a csata sz\u00ednhely\u00e9n l\u00e9tes\u00edtett h\u0151s\u00f6k temet\u0151j\u00e9ben hantolt\u00e1k el.<\/div>\n<div style=\"text-align: left;\">Sz\u00e1muk meghaladja az 500-at. A harcok t\u00f6megs\u00edrjait \u00e9s eml\u00e9k oszlopait Gartner m\u00e9rn\u00f6k l\u00e9tes\u00edtette. A m\u00e9rn\u00f6k mellszobr\u00e1t \u00e9s a n\u00e9met feliratokat m\u00e1r r\u00e9g elt\u00e1vol\u00edtott\u00e1k. A temet\u0151t \u00fagy tartj\u00e1k sz\u00e1mon, hogy ismeretlen katon\u00e1k s\u00edrhelye.<\/div>\n<div style=\"text-align: left;\"><b>Prede\u00e1lt\u00f3l <\/b>nem messze k\u00e9t harc bontakozott ki, az egyik az eml\u00edtett T\u00f6m\u00f6si-h\u00e1g\u00f3n, a m\u00e1sik Rozsny\u00f3i-szorosba ahol szint\u00e9n l\u00e9tes\u00edtettek a h\u0151s\u00f6knek temet\u0151t.<\/div>\n<div style=\"text-align: left;\"><b>Prede\u00e1lon <\/b>a vas\u00fat\u00e1llom\u00e1s bej\u00e1rata el\u0151tt az els\u0151 vil\u00e1gh\u00e1bor\u00fara eml\u00e9kezve \u00e1ll\u00edtottak egy katonai eml\u00e9km\u0171vet a rom\u00e1n h\u0151s\u00f6knek az eml\u00e9k\u00e9re.<\/div>\n<div style=\"text-align: left;\"><b>Brass\u00f3ban <\/b>a <b>bertalani <\/b>negyedben v\u00e9res \u00a0\u00fctk\u00f6ztet bontakozott ki. A n\u00e9met seg\u00edts\u00e9ggel kibontakozott v\u00e9delmi harcok a honv\u00e9dek jav\u00e1ra d\u0151lt el. A vas\u00fati \u00e1tj\u00e1r\u00f3 mellet ma is l\u00e1that\u00f3 e v\u00e9res harc eml\u00e9k\u00e9re fel\u00e1ll\u00edtott eml\u00e9km\u0171.<\/div>\n<div style=\"text-align: left;\">Az <b>Ojtozi-szorosban, S\u00f3smez\u0151n<\/b>\u00a0 szint\u00e9n megtal\u00e1ljuk a\u00a0<b>16-ban elesett H\u0151s\u00f6k temet\u0151j\u00e9t.\u00a0<\/b><\/div>\n<div style=\"text-align: left;\"><b>1916 okt\u00f3ber.<\/b><b>Tat\u00e1r-havas-h\u00e1g\u00f3i harcok. \u00a0(Pasul Tabla Butii) <\/b><b>\u00a0A Bodza-v\u00e1ra (Cetatea Tabla Butii)\u00a0<\/b>alatt a H\u0151s\u00f6k temet\u0151j\u00e9t tal\u00e1ljuk. (Cimitirul Eroilor) A H\u0151s\u00f6k Napj\u00e1n augusztus 6-\u00e1n \u00a0a k\u00f6rny\u00e9k lakosai minden \u00e9vben \u00a0megeml\u00e9keznek a rom\u00e1n H\u0151s\u00f6kr\u0151l.<\/div>\n<div style=\"text-align: left;\"><\/div>\n<div style=\"text-align: left;\"><b>Ezeket az \u00fagy rom\u00e1n mint magyar \u00e9s n\u00e9met h\u0151s\u00f6knek l\u00e9tes\u00edtett temet\u0151ket megkerest\u00fck, \u00e9s mivel a h\u0151s\u00f6k el\u0151tt nincs \u00a0rom\u00e1n, magyar \u00e9s n\u00e9met \u00a0FEJET HAJTOTTUNK.\u00a0<\/b><\/div>\n<div style=\"text-align: left;\">Az els\u0151 vil\u00e1gh\u00e1bor\u00faban elhunyt \u00a0h\u0151s\u00f6knek abban tiszteletad\u00e1sban volt r\u00e9sz\u00fck, hogy a h\u0151s\u00f6k temet\u0151j\u00e9ben, a h\u0151s\u00f6k hozz\u00e1tartoz\u00f3ik megeml\u00e9kezhetnek \u00e9s vir\u00e1gokat tehetnek a s\u00edrokra.<\/div>\n<div style=\"text-align: left;\">Ez nem ad\u00f3dott meg az 1849-ben a T\u00f6m\u00f6si csat\u00e1ban \u00a0elhunyt honv\u00e9deknek. Vagy m\u00e9gis?<\/div>\n<div style=\"text-align: left;\"><b>Orb\u00e1n Bal\u00e1zs <\/b>\u00edrja: a Magyarv\u00e1r k\u00f6rny\u00e9k\u00e9n k\u00e9t domb tal\u00e1lhat\u00f3, ami nem m\u00e1s mint a h\u0151s\u00f6k temet\u0151je. Az egyikben a magyar h\u0151s\u00f6k nyugszanak, a m\u00e1sikban az oroszok. Hogy hol vannak ezek a dombok? Kitudja? Vajon, a 170 \u00e9v elsim\u00edtotta ezeket a dombokat?<\/div>\n<div style=\"text-align: left;\"><b>\u00a0<\/b><\/div>\n<div style=\"text-align: left;\"><\/div>\n<div style=\"text-align: left;\"><span style=\"display:block;clear:both;height: 0px;padding-top: 20px;\"><\/span><\/div>\n<div style=\"text-align: left;\">[singlepic id=4447 w=640 h=480 float=center]<\/div>\n<div style=\"text-align: left;\"><span style=\"display:block;clear:both;height: 0px;padding-top: 20px;\"><\/span><\/div>\n<div style=\"text-align: left;\"><\/div>\n<div style=\"text-align: left;\"><b>Az al\u00e1bbiakban a k\u00f6z\u00f6lt fot\u00f3 gal\u00e9ri\u00e1ban egy p\u00e1r 1916-os eml\u00e9km\u0171vet l\u00e1thatunk: \u00a0\u00a0<\/b><\/div>\n<div style=\"text-align: left;\"><\/div>\n<div style=\"text-align: left;\"><b><span style=\"display:block;clear:both;height: 0px;padding-top: 20px;\"><\/span><\/b><\/div>\n<div style=\"text-align: left;\">[nggallery id=307]<\/div>\n<div style=\"text-align: left;\"><span style=\"display:block;clear:both;height: 0px;padding-top: 20px;\"><\/span><\/div>\n<div style=\"text-align: left;\"><\/div>\n<div style=\"text-align: left;\"><b>Brass\u00f3, \u00a0a Cenk alatti H\u0151s\u00f6k Katonai Temet\u0151je.<\/b><\/div>\n<\/div>\n<div><\/div>\n<div><span style=\"display:block;clear:both;height: 0px;padding-top: 20px;\"><\/span><\/div>\n<div>[nggallery id=308]<\/div>\n<div><span style=\"display:block;clear:both;height: 0px;padding-top: 20px;\"><\/span><\/div>\n<div style=\"text-align: left;\">\n<div><b>\u00a0<\/b><b>A T\u00f6m\u00f6si-h\u00e1g\u00f3.<\/b><\/div>\n<\/div>\n<div><\/div>\n<div><span style=\"display:block;clear:both;height: 0px;padding-top: 20px;\"><\/span><\/div>\n<div>[nggallery id=309]<\/div>\n<div><span style=\"display:block;clear:both;height: 0px;padding-top: 20px;\"><\/span><\/div>\n<div style=\"text-align: left;\">\n<div><b>\u00a0<\/b><\/div>\n<div><b>A Rozsny\u00f3i-szoros.<\/b><\/div>\n<\/div>\n<div><\/div>\n<div><span style=\"display:block;clear:both;height: 0px;padding-top: 20px;\"><\/span><\/div>\n<div>[nggallery id=310]<\/div>\n<div><span style=\"display:block;clear:both;height: 0px;padding-top: 20px;\"><\/span><\/div>\n<div style=\"text-align: left;\">\n<div><b>\u00a0<\/b><\/div>\n<div><b>Ojtozi-szoros.<\/b><\/div>\n<\/div>\n<div><\/div>\n<div><span style=\"display:block;clear:both;height: 0px;padding-top: 20px;\"><\/span><\/div>\n<div>[nggallery id=311]<\/div>\n<div><span style=\"display:block;clear:both;height: 0px;padding-top: 20px;\"><\/span><\/div>\n<div style=\"text-align: left;\">\n<div><b>\u00a0<\/b><\/div>\n<div><b>Tat\u00e1r-havas-h\u00e1g\u00f3.<\/b><\/div>\n<\/div>\n<div><\/div>\n<div><span style=\"display:block;clear:both;height: 0px;padding-top: 20px;\"><\/span><\/div>\n<div>[nggallery id=312]<\/div>\n<div><span style=\"display:block;clear:both;height: 0px;padding-top: 20px;\"><\/span><\/div>\n<div style=\"text-align: left;\"><\/div>\n<div style=\"text-align: left;\"><\/div>\n<div style=\"text-align: center;\"><b>Befejez\u0151 k\u00f6zlem\u00e9ny<\/b><\/div>\n<div style=\"text-align: center;\"><b>A Salamonk\u0151 \u00a0\u00e9s a \u00a0Kereszt\u00e9nyhavas.<\/b><\/div>\n<div style=\"text-align: center;\"><\/div>\n<div style=\"text-align: center;\"><span style=\"display:block;clear:both;height: 0px;padding-top: 20px;\"><\/span><\/div>\n<div style=\"text-align: center;\">[singlepic id=4560 w=640 h=480 float=center]<\/div>\n<div style=\"text-align: center;\"><span style=\"display:block;clear:both;height: 0px;padding-top: 20px;\"><\/span><\/div>\n<div><\/div>\n<div style=\"text-align: left;\">\n<div><b>A Salamonk\u0151, amelyhez k\u00fcl\u00f6nb\u00f6z\u0151 reg\u00e9k \u00e9s mond\u00e1k f\u0171z\u0151dnek. A Postar\u00e9tr\u0151l indul\u00f3 50-es aut\u00f3busszal juthatunk fel.<\/b><\/div>\n<div>\u00a0A\u00a0brass\u00f3iak egyik legkedveltebb kir\u00e1ndul\u00f3 helye. T\u00f6megesen j\u00e1rnak ide a kir\u00e1ndul\u00f3k, mert itt a Salamonk\u0151 alatt ki\u00e9p\u00edtett s\u00fct\u00e9s-f\u0151z\u00e9s lehet\u0151s\u00e9g van \u00e9s tet\u0151vel ell\u00e1tott padok. Egyben egy kir\u00e1ndul\u00f3 el\u00e1gaz\u00e1s is. T\u00f6bb \u00faton lehet inn\u00e9t tov\u00e1bb menni a Kereszt\u00e9nyhavas fel\u00e9. Az <b>\u00d6rd\u00f6g-v\u00f6lgye <\/b>is a k\u00f6zelbe van, amelyen kereszt\u00fcl a kis v\u00edzes\u00e9seket k\u00f6vetve\u00a0<b>F\u00fcgg\u0151k\u0151re <\/b>lehet feljutni. Inn\u00e9t indul a r\u00e9gi poj\u00e1nai \u00fat is, amelyet kik\u00f6veztek \u00e9s mind s\u00e9ta\u00fat vezet a Poj\u00e1n\u00e1ba. Ha fels\u00e9t\u00e1lunk rajta \u00a0a Poj\u00e1n\u00e1ba, itt t\u00f6bb felvon\u00f3 v\u00e1r r\u00e1nk, amelyen a Kereszt\u00e9nyhavas <b>S\u00cd<\/b> paradicsom\u00e1ban juthatunk fel.<\/div>\n<div>A Salamonk\u0151t\u0151l is indul jelzett <span class=\"il\">turista<\/span>\u00fat a Kereszt\u00e9nyhavasra, jelz\u00e9s s\u00e1rga cs\u00edk, t\u00faraid\u0151: 3-4 \u00f3ra, \u00a0amely felvezet eg\u00e9szen a cs\u00facsig. De sz\u00e9p t\u00far\u00e1t tehet\u00fcnk a <b>Vizes-v\u00f6lgybe <\/b>is<b>, <\/b>a szikl\u00e1kt\u00f3l kiindulva, a <b>R\u00f3kapad <\/b>\u00e9rint\u00e9s\u00e9vel a <b>Cenkre <\/b>juthatunk fel. A padokt\u00f3l a K\u00f6sz\u00f6r\u0171patakot k\u00f6vetve \u00a010 perc alatt \u00e9rhet\u00fcnk fel a Salamonk\u0151 szikla \u00a0rengeteg\u00e9ben, amelyr\u0151l reg\u00e9k-mond\u00e1k sz\u00fclettek, \u00e9s kapcsolatban vannak\u00a0<b>Salamon magyar kir\u00e1llyal.\u00a0<\/b>\u00a0Azt tartj\u00e1k, hogy Brass\u00f3 c\u00edmere is inn\u00e9t ered, de k\u00fcl\u00f6nb\u00f6z\u0151 n\u00e9zetek vannak. Ha hiteles k\u00f6zlem\u00e9nyt akarunk kapni, akkor hallgassuk meg <b>Orb\u00e1n Bal\u00e1zst:<\/b><\/div>\n<div>&#8220;<b>Brass\u00f3 czimere \u00e9s pecs\u00e9tje.<\/b><\/div>\n<div>Brass\u00f3 czimere most egy koron\u00e1zott fagy\u00f6k\u00e9r, melynek eredet\u00e9hez mindenf\u00e9le reg\u00e9nyes t\u00f6rt\u00e9neteket k\u00f6tnek a sz\u00e1sz \u00edr\u00f3k, azonban \u00fagy l\u00e1tszik, hogy ez a fagy\u00f6k\u00e9r csak k\u00e9s\u0151bb keletkez\u00e9k, s Brass\u00f3 czimere r\u00e9gen eg\u00e9szen m\u00e1s volt. Cornides Brass\u00f3nak &#8211; egy r\u00e9gi okm\u00e1nyon f\u00f6lfedezett &#8211; pecs\u00e9t\u00e9n l\u00e1tott czimert igy irja le.<\/div>\n<div>A paizs k\u00f6zep\u00e9n egy liliom, fels\u0151 szelemenj\u00e9ben csillag mell\u00e9 helyezett k\u00e9t kisebb liliom, a paizst k\u00e9t mad\u00e1r tartja, fenn pedig k\u00e9t rep\u00fcl\u0151 angyal \u00e1ltal fogott korona tet\u0151zik.&#8221;<\/div>\n<div>A <b>korona <\/b>mindenf\u00e9lek\u00e9ppen szerepel. Olvassuk tov\u00e1bb <b>Orb\u00e1n Bal\u00e1zs <\/b>\u00edr\u00e1s\u00e1t:<\/div>\n<div>&#8220;A C o r o n a \u00a0\u00e9s a \u00a0K r o n s t a d t n\u00e9v eredet\u00e9re sok egym\u00e1st\u00f3l elt\u00e9r\u0151 n\u00e9zetek vannak, sokan \u00e1llitj\u00e1k, hogy a tr\u00f3nvesztve bolyong\u00f3 Salamon kir\u00e1ly a K\u00f6sz\u00f6r\u00fcpatak v\u00f6lgyfej\u00e9ben, most is Salamonk\u00f6veinek nevezett szikl\u00e1k barlangjaiban rejt\u0151zk\u00f6dv\u00e9n, ott mag\u00e1val hozott koron\u00e1j\u00e1t egy fa oduj\u00e1ban elrejtette, hol k\u00e9s\u00f6bb azt a p\u00e1sztorok megtal\u00e1lv\u00e1n, ezen koron\u00e1r\u00f3l eredne az uj telepnek C o r o n a elnevez\u00e9se. M\u00e1sok egy brass\u00f3i legels\u0151 v\u00e1rosh\u00e1z \u00e9pit\u00e9sekor fagy\u00f6kerek k\u00f6z\u00f6tt f\u00f6ldben tal\u00e1lt koron\u00e1t\u00f3l sz\u00e1rmaztatj\u00e1k, hogy valamely korona itt ugyancsak felvet\u00f6d\u00f6tt, azt abb\u00f3l is k\u00f6vetkeztethetj\u00fck, hogy Brass\u00f3 czimere is egy fagy\u00f6k\u00e9rre helyezett koron\u00e1b\u00f3l van egybealkotva. Benk\u0151 J\u00f3zsef s ut\u00e1na m\u00e1sok is a Czenktet\u0151t koron\u00e1zott v\u00e1rr\u00f3l sz\u00e1rmaztatj\u00e1k Brass\u00f3nak Corona \u00e9s Kronstadt nev\u00e9t.&#8221;<\/div>\n<div>Ha figyelmesen tanulm\u00e1nyozzuk a fejlem\u00e9nyeket, akkor hamarosan r\u00e1j\u00f6v\u00fcnk, hogy Brass\u00f3t sose h\u00edvt\u00e1k Korona v\u00e1rosnak, azt a sz\u00e1szok tal\u00e1lt\u00e1k kim mert nem fogadt\u00e1k el a Brass\u00f3 magyar \u00a0 elnevez\u00e9s\u00e9t, a korona Brass\u00f3nak csak a c\u00edmer\u00e9ben szerepelt, ami elfogadhat\u00f3. Hajdan\u00e1ban Brass\u00f3ban sz\u00e1sz uralom volt, de err\u0151l ink\u00e1bb ne besz\u00e9lj\u00fcnk, mert megkapt\u00e1k a b\u00fcntet\u00e9s\u00fcket.<\/div>\n<div><b>Orb\u00e1n Bal\u00e1zs <\/b>megjegyz\u00e9se, a Salamon kir\u00e1llyal kapcsolatos legend\u00e1k-mond\u00e1k nem lehet tudni, hogy mi a val\u00f3s\u00e1g, de ha t\u00e9nyleg j\u00e1rt itt Salamon kir\u00e1ly, akkor enn\u00e9l szebb helyet nem tal\u00e1lhatott volna. De m\u00e9g van m\u00e1s is. Miut\u00e1n lesz\u00e1llunk az aut\u00f3buszr\u00f3l, mindj\u00e1rt a meg\u00e1ll\u00f3ban egy romos s\u00e1rga \u00e9p\u00fcletre vehet\u00fcnk \u00e9szre. Az \u00fat fel\u0151li oldal\u00e1n egy halv\u00e1nyod\u00f3 festm\u00e9nyt l\u00e1thatunk, amint Salamon kir\u00e1ly \u00fcld\u00f6z\u0151i el\u00f6l menek\u00fclve \u00a0ugrat lov\u00e1val a szikla cs\u00facsok felett. Ez az \u00e9p\u00fclet a Salamonk\u0151 kis vend\u00e9gl\u0151je volt, mellette a kis cementezett teraszon a kir\u00e1ndul\u00f3k s\u00f6r\u00f6zhettek, mitit\u00e9t is szolg\u00e1ltak fel a s\u00f6r mell\u00e9. A k\u00e9pen l\u00e1thassuk hogyan n\u00e9z ki Brass\u00f3nak ez a v\u00e9dett \u00e9p\u00fclete. \u00dagy tudjuk, hogy am\u00edg \u00e1llamos\u00edtva volt az \u00e9p\u00fclet karban tartott\u00e1k, miut\u00e1n visszaker\u00fclt a tulajdonoshoz, a tulajdonos k\u00fclf\u00f6ldre t\u00e1vozott \u00e9s nem \u00e9rdekelte t\u00f6bbet az \u00e9p\u00fclet. Ennek az eml\u00e9k \u00e9p\u00fcletnek l\u00e1thatjuk, hogy a napjai megvannak sz\u00e1ml\u00e1lva, hamarosan \u00f6ssze fog omlani, aminek a k\u00f6vetkezt\u00e9ben \u00f6r\u00f6kre elt\u0171nik <b>Salamon kir\u00e1ly legend\u00e1ja.\u00a0<\/b>K\u00e1r. Ha az ember nem akart \u00a0Salamon kir\u00e1lynak eml\u00e9ket \u00e1ll\u00edtani, akkor err\u0151l gondoskodott a kir\u00e1ly szelleme.<\/div>\n<div>Ha a Salamonk\u0151 szikla tornyit &#8211; szikl\u00e1it figyelmesen szeml\u00e9lj\u00fcnk, akkor egy adott pillanatban egy kis fant\u00e1zi\u00e1val szeml\u00e9l\u0151dve \u00a0egyik szikla torny\u00e1n megjelenik Salamon kir\u00e1ly a lov\u00e1val, aki a lova mell\u0151l leskel\u0151dik r\u00e1nk. Val\u00f3sz\u00edn\u0171 \u00a0arra gondol, mit akarunk? a koron\u00e1t vagy a kincs\u00e9t? \u00a0 Egy term\u00e9szeti \u00a0csoda, ami meger\u0151s\u00edti a Salamon kir\u00e1ly legend\u00e1j\u00e1t.<\/div>\n<div>A szikl\u00e1k tetej\u00e9re vesz\u00e9lyes \u00f6sv\u00e9nyek vezetnek fel. Ha felm\u00e1szunk legy\u00fcnk \u00f3vatosak, mert m\u00e1r t\u00f6rt\u00e9ntek hal\u00e1los \u00a0lezuhan\u00e1sok, nem is olyan r\u00e9gen.<\/div>\n<div><b>A Salamonk\u0151 \u00a0legend\u00e1s k\u00e9peit l\u00e1thatjuk.\u00a0<\/b><\/div>\n<\/div>\n<div><\/div>\n<div><span style=\"display:block;clear:both;height: 0px;padding-top: 20px;\"><\/span><\/div>\n<div>[nggallery id=317]<\/div>\n<div><span style=\"display:block;clear:both;height: 0px;padding-top: 20px;\"><\/span><\/div>\n<div><b>\u00a0<\/b><\/div>\n<div><span style=\"display:block;clear:both;height: 0px;padding-top: 20px;\"><\/span><\/div>\n<div>[singlepic id=4561 w=640 h=480 float=center]<\/div>\n<div><span style=\"display:block;clear:both;height: 0px;padding-top: 20px;\"><\/span><\/div>\n<div style=\"text-align: left;\">\n<div><b>\u00a0<\/b><\/div>\n<div><b>\u00a0<\/b><\/div>\n<div><b>A Kereszt\u00e9nyhavas magyarul, rom\u00e1nul Postovaru a sz\u00e1szok Schuler-nak nevezt\u00e9k.\u00a0<\/b><\/div>\n<div><b>\u00a0Brass\u00f3 havasa<\/b>. Ak\u00e1r a k\u00f6zpontb\u00f3l is elindulhatunk, 4-5 \u00f3ra alatt el\u00e9rthetj\u00fck a f\u0151 cs\u00facsot, a Poszt\u00f3v\u00e1rt.<\/div>\n<div><b>Orb\u00e1n Bal\u00e1zs <\/b>is bej\u00e1rta. A 24-es sz\u00e1m\u00fa f\u00fczetben hat oldalon sz\u00e1mol be \u00e9lm\u00e9nyeir\u0151l \u00e9s a havas sz\u00e9ps\u00e9geir\u0151l.\u00a0 Egy p\u00e1sztor vezet\u00e9s\u00e9vel l\u00f3h\u00e1ton indultak el a <b>Salamon-k\u0151t\u0151l a K\u00f6sz\u00f6r\u0171-patak <\/b>ment\u00e9n. A <b>Poj\u00e1na <\/b>fel\u00e9 mentek. A Poj\u00e1na hajdan\u00e1ban, <b>Orb\u00e1n Bal\u00e1zs <\/b>szavait id\u00e9zve:<\/div>\n<div>&#8220;A P o j \u00e1 n a egy gy\u00f6ny\u00f6r\u0171 havasi l\u00e1z (fensik), melynek nagy terjedelm\u0171 irtv\u00e1nyin ny\u00e1jak legel\u00e9sznek szertesz\u00e9t, harmonikus kolompzen\u00e9j\u00fckkel \u00e9l\u00e9nkitv\u00e9n a lakatlan vid\u00e9k egyhangus\u00e1g\u00e1t. A Poj\u00e1na tuls\u00f3 fel\u00e9n a Kereszty\u00e9nhavasnak roppant b\u00e9rcz\u00f3ri\u00e1sai emelkednek aljukt\u00f3l tetej\u00f6kig \u0151s fenyves erd\u0151k v\u00e9gtelen t\u00f6meg\u00e9t\u0151l boritva, melynek s\u00f6t\u00e9tje a Poj\u00e1na vil\u00e1gos z\u00f6ld r\u00e9teivel oly \u00e9l\u00e9nk ellent\u00e9tben t\u00fcnik fel.&#8221; Ma a Poj\u00e1n\u00e1ban t\u00f6bbet nem kolompolnak \u00a0a juh \u00a0ny\u00e1jak \u00e9s a kecsk\u00e9k.\u00a0 Be\u00e9p\u00edtett\u00e9k. Az els\u0151 \u00e9p\u00fclet a\u00a0<b>Fekete kecske <\/b>turistah\u00e1z volt. Ma is l\u00e1that\u00f3. Juhok nincsenek, de vannak medv\u00e9k. A Poj\u00e1na k\u00f6rny\u00e9k\u00e9n estefel\u00e9 \u00a0nem aj\u00e1nlatos s\u00e9t\u00e1lgatni. Egy alkalommal a Poj\u00e1n\u00e1b\u00f3l gyalog indultunk el a R\u00f6mer h\u00e1z fel\u00e9 a V\u00f6r\u00f6s \u00faton. Egy kiss\u00e9 megijedt\u00fcnk, mert az \u00fat tele volt medve nyomokkal \u00e9s \u00fcr\u00fcl\u00e9kkel.<\/div>\n<div><b>Orb\u00e1n Bal\u00e1zs <\/b>\u00edrja.\u00a0Tov\u00e1bb menve a gy\u00f6ny\u00f6r\u0171 Ruja (Muntye-la-Ruja) \u00a0fenns\u00edkra \u00e9rtek fel, majd a Poszt\u00f3v\u00e1r-b\u00e9rc \u00e9l\u00e9re \u00e9rtek. <b>Orb\u00e1n Bal\u00e1zs: <\/b>&#8220;Ott a b\u00e9rcz\u00e9lnek keletre hajl\u00f3 tiszt\u00e1s\u00e1n fakad fel a t\u00f6m\u00f6si szoros fel\u00e9 let\u00f6rtet\u0151 P o sz t o v \u00e1 r &#8211; p a t a k a, ennek mer\u00e9sz es\u00e9s\u0171 m\u00e9ly v\u00f6lgy\u00e9n t\u00fal emelkedik fel a Kereszty\u00e9nhavasnak h\u00e1rom tet\u0151cs\u00facsa, a ropant P a n d e l l a, mely csaknem t\u00fchegyesen l\u00f6vell fel, a k\u00f6z\u00e9pen lev\u0151 R u j a \u00e9s a mer\u00e9sz metszet\u0171 P o sz t o v \u00e1r.&#8221;<\/div>\n<div>A mai t\u00e9rk\u00e9peken nincs olyan megnevez\u00e9s\u0171 cs\u00facs, hogy Pandella, egy 30-as \u00e9vekb\u0151l sz\u00e1rmaz\u00f3 katonai t\u00e9rk\u00e9pen sem szerepel. Val\u00f3sz\u00edn\u0171, hogy a Schuler, leg\u00fajabban a \u00a0 Kriszti\u00e1n nev\u0171 cs\u00facsr\u00f3l \u00a0van sz\u00f3, rajta \u00a0egy szikl\u00e1s cs\u00facs, amelyen egy rel\u00e9 d\u00edszeleg. A Hegyes-hegyr\u0151l mindh\u00e1rom cs\u00facs j\u00f3l l\u00e1tszik, az al\u00e1bb k\u00f6z\u00f6lt f\u00e9nyk\u00e9pen l\u00e1thassuk.<\/div>\n<div><b>\u00a0<\/b><\/div>\n<div><b>Orb\u00e1n Bal\u00e1zs <\/b>idej\u00e9ben \u00e9s<b>\u00a0<\/b>szerinte a\u00a0Kereszt\u00e9nyhavas f\u0151 cs\u00facsa a Poszt\u00f3v\u00e1r. A sz\u00e1szok idej\u00e9ben <b>Schuler, <\/b>a rom\u00e1nok idej\u00e9ben <b>Cristianu Mare.<\/b>\u00a0Egy mai t\u00e9rk\u00e9pen <b>Vf. Postovaru <\/b>szerepel.<\/div>\n<div>Ez a h\u00e1rom cs\u00facs a\u00a0<b>Pandella (Schuler), Ruja \u00e9s a Poszt\u00f3v\u00e1r, t<\/b>\u00f6bb ir\u00e1nyb\u00f3l is megk\u00f6zel\u00edthet\u0151:<\/div>\n<div>A Rozsny\u00f3i-szorosb\u00f3l a Lid\u00e9rc-hasad\u00e9kon kereszt\u00fcl, piros h\u00e1romsz\u00f6g, tov\u00e1bb s\u00e1rga s\u00e1v jelz\u00e9sen&#8230;<\/div>\n<div>Rozsny\u00f3-v\u00f6lgy\u00e9b\u0151l, La Sipote-r\u0151l a k\u00e9k kereszt jelz\u00e9sen az ezer \u00e9ves hat\u00e1r ment\u00e9n, ahol tal\u00e1lunk k\u00e9t hat\u00e1rhalommal&#8230;<\/div>\n<div>Prede\u00e1lr\u0151l a s\u00e1rga s\u00e1v jelz\u00e9sen a Sz\u00e9kely-tiszt\u00e1son kereszt\u00fcl&#8230;<\/div>\n<div>Als\u00f3t\u00f6m\u00f6sr\u00f6l, a k\u00e9k s\u00e1v jelz\u00e9sen a K\u00edgy\u00f3-\u00faton..<\/div>\n<div>Als\u00f3t\u00f6m\u00f6sr\u00f6l, a k\u00e9k kereszt jelz\u00e9sen a Nagy L\u00e1mb\u00e1n kereszt\u00fcl&#8230;<\/div>\n<div>Deresty\u00e9b\u0151l, a s\u00e1rga h\u00e1romsz\u00f6g, tov\u00e1bb a s\u00e1rga kereszt jelz\u00e9sen a Nagy Krukkon kereszt\u00fcl&#8230;<\/div>\n<div>Cenkr\u0151l, a k\u00e9k s\u00e1v jelz\u00e9sen&#8230;<\/div>\n<div>Kereszt\u00e9nyfalv\u00e1r\u00f3l, piros h\u00e1romsz\u00f6g jelz\u00e9sen&#8230;<\/div>\n<div>A Salamonk\u0151t\u0151l, s\u00e1rga csik jelz\u00e9sen&#8230;<\/div>\n<div>A Poj\u00e1n\u00e1b\u00f3l m\u00e1r tudjuk, inn\u00e9t t\u00f6bb \u00fat is vezet fel, leg ismertebb a V\u00f6r\u00f6s \u00fat.<\/div>\n<div>K\u00e9t kabinos felvon\u00f3 v\u00e1rja turist\u00e1kat, az egyik a Ruja-cs\u00facson kereszt\u00fcl, a m\u00e1sik a Schuler cs\u00facson halad kereszt\u00fcl. T\u00f6bb libeg\u0151 is van.<\/div>\n<div>A R\u00f6mer turistah\u00e1zat a Farkas-v\u00f6lgy kezdet\u00e9n tal\u00e1ljuk meg, kb. 10 perc alatt a Schulert\u0151l, \u00a0a nagy m\u00e9ret\u0171 terasz\u00e1r\u00f3l gy\u00f6ny\u00f6r\u0171 kil\u00e1t\u00e1s ny\u00edlik a Bucsecsra \u00e9s a kir\u00e1lyk\u0151re.<\/div>\n<div>A havasr\u00f3l ah\u00e1ny t\u00e9rk\u00e9p annyif\u00e9le. Pl. a magass\u00e1gok is k\u00fcl\u00f6nb\u00f6znek. Katonai t\u00e9rk\u00e9pen a Poszt\u00f3v\u00e1r cs\u00facs a Cristianu Mare, Schuller. Poszt\u00f3v\u00e1r cs\u00facs nem szerepel.<\/div>\n<div>A legszebb \u00fatja a k\u00edgy\u00f3-\u00fat, ezt ink\u00e1bb lefel\u00e9 haszn\u00e1lj\u00e1k. Felmennek a kabinnal, majd itt mennek le. A m\u00e1sik sz\u00e9p \u00fat a Sz\u00e9kely-tiszt\u00e1st\u00f3l \u00e9rhet\u0151 el. A Sz\u00e9kelytiszt\u00e1st Fels\u0151t\u00f6m\u00f6sr\u0151l is ellehet \u00e9rni, kiindul\u00f3 helys\u00e9ge a Don-kanyar. M\u00e9g sz\u00e1mos m\u00e1s \u00faton is ellehet \u00e9rni a cs\u00facsot.<\/div>\n<div><b>Ezeket az eml\u00edtett utakat a sz\u00e1szok val\u00f3s\u00edtott\u00e1k meg. Sz\u00f3ljunk egy p\u00e1r sz\u00f3t a sz\u00e1szokr\u00f3l, az SKV r\u00f3l. Az erd\u00e9lyi \u00e9s a brass\u00f3i turizmust a sz\u00e1szok alap\u00edtott\u00e1k meg.\u00a0<\/b><\/div>\n<div><b>1880 nov. 28-\u00e1n Nagyszebenben megalakult a Siebenb\u00fcrgischer Karpathen Verei. <\/b>Magyarra ford\u00edtva: <b>Erd\u00e9lyi K\u00e1rp\u00e1t Egyes\u00fclet. 1881 \u00e1pr. 2-\u00e1n ennek brass\u00f3i oszt\u00e1lya.\u00a0<\/b><\/div>\n<div><b>A magyar Erd\u00e9lyi K\u00e1rp\u00e1t Egyes\u00fclet r\u00e1 10 \u00e9vre alakul meg Kolozsv\u00e1ron, brass\u00f3i oszt\u00e1lya r\u00e1 k\u00e9t \u00e9vre 1893 okt. 29-\u00e9n.<\/b>\u00a0A rendszer v\u00e1lt\u00e1s ut\u00e1n a megegyez\u0151 k\u00e9t n\u00e9v miatt a magyar elnevez\u00e9s elvesztette jogi bejegyz\u00e9s\u00e9t, ez\u00e9rt 1927-ben \u00faj n\u00e9v alatt \u00fajra bejegyezt\u00e9k.<\/div>\n<div><\/div>\n<div><\/div>\n<div><\/div>\n<div>Az <b>SKV <\/b>vezet\u0151 tagjai:<\/div>\n<\/div>\n<div><\/div>\n<div><span style=\"display:block;clear:both;height: 0px;padding-top: 20px;\"><\/span><\/div>\n<div>[singlepic id=4570 w=640 h=480 float=center]<\/div>\n<div><span style=\"display:block;clear:both;height: 0px;padding-top: 20px;\"><\/span><\/div>\n<div><\/div>\n<div style=\"text-align: left;\">\n<div><b>&#8211; Dr. Julius Paul R\u00f6mer (1848-1926). B\u00e9csben a Term\u00e9szet Tudom\u00e1nyt tanulm\u00e1nyozza. \u00a0<\/b><b>A Honterus F\u0151gimn\u00e1zium tan\u00e1ra. A brass\u00f3i SKV oszt\u00e1ly eln\u00f6ke. (1881 &#8211; 1911)\u00a0<\/b><\/div>\n<div><b>&#8211; Carl Lehmann (1894-1990). T\u00f6lcsv\u00e1ron sz\u00fcletett. Perfekt besz\u00e9lt magyarul.\u00a0 <span class=\"il\">Turista<\/span> utakat \u00e9p\u00edtett ki \u00e9s jelzett. <span class=\"il\">Turista<\/span> h\u00e1zakat \u00e9s kunyh\u00f3kat \u00e9p\u00edtett. T\u00e9rk\u00e9peket rajzolt. Kiv\u00e1l\u00f3 havasi f\u00e9nyk\u00e9p\u00e9sz volt.\u00a0<\/b><\/div>\n<div><b>&#8211; Walter Friedrich Gutt (1928-2004). Brass\u00f3ban sz\u00fcletett. Vegy\u00e9szm\u00e9rn\u00f6k, a hegyek j\u00f3 ismer\u0151je, alpinista, barlang kutat\u00f3. A brass\u00f3i SKV tiszteletbeli eln\u00f6ke. Hossz\u00fa betegs\u00e9g ut\u00e1n 75 \u00e9ves kor\u00e1ban hunyt el.\u00a0<\/b><\/div>\n<div><b>&#8211; Johann Mantsch (1953-2005). Nagy term\u00e9szet bar\u00e1t volt, a szebeni Salvamont tagja.\u00a0<\/b><\/div>\n<div><b>2003-2005 k\u00f6z\u00f6tt az SKV eln\u00f6ke. Egy s\u00falyos aut\u00f3 balesetben hunyt el 2005 j\u00falius\u00e1ban. \u00a0 \u00a0\u00a0<\/b><\/div>\n<div><b>&#8211; Julius Teutsch, a brass\u00f3i SKV-\u00e9t vezeti 1919-ben. A Brass\u00f3i S\u00ed Egyes\u00fclettel a Poj\u00e1n\u00e1ban \u00a0fel\u00e9p\u00edtik a Caminul Alpin turistah\u00e1zat.\u00a0<\/b><\/div>\n<div><b>&#8211; Fritz G\u00f6tt, 1931 &#8211; 1943 k\u00f6z\u00f6tt vezeti a brass\u00f3i SKV. \u00a0 \u00a0<\/b><\/div>\n<div><\/div>\n<div><b><span style=\"display:block;clear:both;height: 0px;padding-top: 20px;\"><\/span><\/b><\/div>\n<div><b>[nggallery id=319]<\/b><\/div>\n<div><b><span style=\"display:block;clear:both;height: 0px;padding-top: 20px;\"><\/span>\u00a0<\/b><\/div>\n<\/div>\n<div><\/div>\n<div style=\"text-align: left;\">\n<div><b>Az SKV 1881-ben a Nagykir\u00e1lyk\u0151n a Vladuska-forr\u00e1s\u00e1n\u00e1l, 1882-ben a bucsecsi Malaest v\u00f6lgy\u00e9ben <\/b>m\u00e1r mened\u00e9kh\u00e1zakat \u00e9p\u00edtett.<\/div>\n<div><b>1883 &#8211; 1884 ben \u00e9p\u00edtik fel a Kereszt\u00e9nyhavason az els\u0151 turistah\u00e1zat, \u00a0Schulerh\u00fctte \u00a0(Kristianu Mare) nev\u0171 h\u00e1zat. T\u00f6bbsz\u00f6r b\u0151v\u00edtett\u00e9k. 1913-ban a &#8220;Pavilon&#8221; nev\u0171 h\u00e1zat \u00e9p\u00edtik mell\u00e9.\u00a0<\/b><\/div>\n<div><b>1884-ben a Nagyk\u0151havason \u00e9p\u00edtenek mened\u00e9kh\u00e1zat. \u00a0<\/b><\/div>\n<div><b>1936-ben szeptember elsej\u00e9n a Kereszt\u00e9nyhavason fel\u00e9p\u00fcl az emeletes <span class=\"il\">turista<\/span> sz\u00e1ll\u00f3 dr. Julius R\u00f6mer n\u00e9ven.\u00a0<\/b><\/div>\n<div><b>A R\u00f6mer<\/b>\u00a0h\u00e1zat kiv\u00e9ve mindegyik turistah\u00e1z \u00a0le\u00e9gett.<\/div>\n<div><b>1937-ben ki\u00e9p\u00edtik a &#8220;Sulin\u00e1r&#8221; nev\u0171 s\u00ed-lesikl\u00f3t. Itt egy csod\u00e1t lehet l\u00e1tni, el\u00e9g j\u00f3 \u00e1llapotban m\u00e9g l\u00e9tezik a L\u00e9hmann K\u00e1roly kunyh\u00f3ja. \u00a0<\/b><\/div>\n<div><b>1945-ben, az SKV \u00a065 \u00e9vi tev\u00e9kenys\u00e9ge ut\u00e1n betiltott\u00e1k, vagyon\u00e1t elkobozt\u00e1k.\u00a0<\/b><\/div>\n<div><b>Az SKV 60 turistah\u00e1zat \u00e9p\u00edtett a K\u00e1rp\u00e1tok ment\u00e9n.\u00a0<\/b><\/div>\n<div><b>2005 janu\u00e1r, a R\u00f6mer h\u00e1za \u00fajra az SKV tulajdon\u00e1ba ker\u00fcl.\u00a0<\/b><\/div>\n<div><b>2006-ban, \u00fajra bejegyzik az SKV brass\u00f3i oszt\u00e1ly\u00e1t.\u00a0<\/b><\/div>\n<div><b>A Kereszt\u00e9nyhavassal kapcsolatos k\u00e9pek:<\/b><\/div>\n<\/div>\n<div><\/div>\n<div><span style=\"display:block;clear:both;height: 0px;padding-top: 20px;\"><\/span><\/div>\n<div>[nggallery id=321]<\/div>\n<div><span style=\"display:block;clear:both;height: 0px;padding-top: 20px;\"><\/span><\/div>\n<div style=\"text-align: left;\">\n<div><b>\u00a0<\/b><\/div>\n<div><b>\u00a0<\/b><\/div>\n<div><b>Sz\u00f3ljunk egy p\u00e1r sz\u00f3t a sz\u00e1szokr\u00f3l. \u00a0<\/b><\/div>\n<div>A sz\u00e1szok nemcsak nagy term\u00e9szet bar\u00e1tok voltak, sokat \u00a0tettek ebben az \u00fcgyben.<\/div>\n<div>\u0150k voltak azok akik megalap\u00edtott\u00e1k n\u00e9met seg\u00edts\u00e9ggel Brass\u00f3 ipar\u00e1t.<\/div>\n<div>Civiliz\u00e1lt, evang\u00e9likus nemzet volt, ott ahol Erd\u00e9lyben megtelepedtek,legyen az v\u00e1ros vagy falu a telep\u00fcl\u00e9st ki\u00e9p\u00edtett\u00e9k \u00e9s gy\u00f6ny\u00f6r\u0171 v\u00e1r-templomokkal d\u00edsz\u00edtett\u00e9k. K\u00e9nyelmes-t\u00e1gas h\u00e1zakat \u00e9p\u00edtettek maguknak. Nem telepedtek be m\u00e1snak a h\u00e1z\u00e1ban. A h\u00e1bor\u00fa, a kommunista rendszer t\u00f6nkretette \u0151ket. H\u00e1bor\u00fas b\u0171n\u0151s\u00f6knek b\u00e9lyegezt\u00e9k \u0151ket, pedig semmi k\u00f6z\u00fck nem volt a h\u00e1bor\u00fahoz, hiszen nem is voltak n\u00e9metek, senkinek nem \u00fczentek hadat. Ezer sz\u00e1mra hurcolt\u00e1k \u0151ket az oroszok Szib\u00e9ri\u00e1ban \u00e9s k\u00fcl\u00f6nb\u00f6z\u0151 munka t\u00e1borokban. A kommunist\u00e1k lak\u00e1sukb\u00f3l kilakoltatt\u00e1k, falura sz\u00e1m\u0171zt\u00e9k. Sz\u00e1sz bar\u00e1taink elmondt\u00e1k, hogy a titkos rend\u0151rs\u00e9gek \u00a0\u00e9jjel j\u00f6ttek \u00e9s d\u00f6ngett\u00e9k fel, a h\u00e1zb\u00f3l kiutas\u00edtott\u00e1k, csak egy kis t\u00e1sk\u00e1val engedt\u00e9k t\u00e1vozni, a lak\u00e1st lepecs\u00e9telt\u00e9k. Miut\u00e1n elmentek megk\u00eds\u00e9relt\u00e9k, a h\u00e1ztet\u0151n bem\u00e1sztak, hogy valamit mentsenek \u00e9rt\u00e9keikb\u0151l. Az\u00e9rt kellet szenvedjenek, mert Brass\u00f3nak megalap\u00edtott\u00e1k az ipar\u00e1t, rom\u00e1nnak &#8211; magyarnak munk\u00e1t biztos\u00edtottak. Kizs\u00e1km\u00e1nyol\u00f3kk\u00e9nt \u00fcld\u00f6zt\u00e9k \u0151ket.\u00a0 A m\u00e9g \u00e9letben maradt sz\u00e1szoknak eleg\u00fck volt az k\u00fcl\u00f6nb\u00f6z\u0151 \u00fcld\u00f6z\u00e9snek, menek\u00fclni kezdtek N\u00e9metorsz\u00e1gba. Elhagyt\u00e1k a ki\u00e9p\u00edtett telep\u00fcl\u00e9s\u00fcket, sz\u00e9p k\u00e9nyelmes h\u00e1zait, templomait, az \u00e1ltaluk megalap\u00edtott Brass\u00f3 ipar\u00e1t. Kb. 10 sz\u00e1zal\u00e9ka maradt itt. Egy nemzet pusztult el.<\/div>\n<div><\/div>\n<div><b>\u00a0<\/b><\/div>\n<\/div>\n<div>\n<div style=\"text-align: center;\"><b>Befejez\u00e9s<\/b><\/div>\n<div><b>\u00a0 \u00a0 \u00a0 \u00a0<\/b><\/div>\n<div><b>Mivel egy term\u00e9szetj\u00e1r\u00f3 egyes\u00fclet keret\u00e9n jelentett\u00fck meg a sorozatos k\u00f6zlem\u00e9nyeket,\u00a0<\/b><b>Erzs\u00e9bet kir\u00e1lyn\u0151re eml\u00e9kez\u00fcnk \u00a0aki a term\u00e9szetet, \u00e1llatokat, madarakat \u00e9s \u00a0f\u0151leg a magyarokat is nagyon szerette.<\/b><\/div>\n<div><b>\u00a0 \u00a0 \u00a0 \u00a0Erzs\u00e9bet kir\u00e1lyn\u0151t a magyarok viszont orsz\u00e1gszerte szerett\u00e9k, Erd\u00e9lyben is. Erre az a \u00a0bizony\u00edt\u00e9k, hogy orsz\u00e1gszerte szobrokat \u00e1ll\u00edtottak \u00e9s parkokat neveztek el R\u00f3la. \u00a0 \u00a0<\/b><\/div>\n<div><b>\u00a0<\/b><\/div>\n<div style=\"text-align: center;\"><b>ERZS\u00c9BET, SISSI AUSZTRIA CS\u00c1SZ\u00c1RN\u00c9JA &#8211; MAGYARORSZ\u00c1G KIR\u00c1LYN\u0150JE.\u00a0<\/b><\/div>\n<div><b>\u00a0<\/b><\/div>\n<div style=\"text-align: center;\"><b>ERZS\u00c9BET kir\u00e1lyn\u0151 h\u00edres mond\u00e1sa :<\/b><\/div>\n<div><b>\u00a0<\/b><\/div>\n<div style=\"text-align: center;\"><span style=\"font-size: large;\"><strong>&#8220;Ha valaha az \u00e9letben b\u00e1natos leszel, mindig menj<\/strong><\/span><\/div>\n<div style=\"text-align: center;\"><strong><span style=\"font-size: large;\">ki egy k\u00f6zeli erd\u0151ben \u00e9s minden f\u00e1ban, minden<\/span><\/strong><\/div>\n<div style=\"text-align: center;\"><strong><span style=\"font-size: large;\">bokorban, minden n\u00f6v\u00e9nyben \u00e9s \u00e1llatban \u00e9rezni<\/span><\/strong><\/div>\n<div style=\"text-align: center;\"><strong><span style=\"font-size: large;\">fogod Isten j\u00f3s\u00e1g\u00e1t \u00e9s mindenhat\u00f3s\u00e1g\u00e1t&#8221;\u00a0<\/span><\/strong><\/div>\n<div style=\"text-align: left;\"><strong>\u00a0 \u00a0 \u00a0 \u00a0 \u00a0 \u00a0 \u00a0 \u00a0 \u00a0 \u00a0 \u00a0 \u00a0 \u00a0 \u00a0 \u00a0 \u00a0 \u00a0 \u00a0 \u00a0 \u00a0 \u00a0 \u00a0 \u00a0 \u00a0 \u00a0 \u00a0 \u00a0 \u00a0 \u00a0 \u00a0 \u00a0 \u00a0 \u00a0 \u00a0 \u00a0 \u00a0 \u00a0 \u00a0 \u00a0 \u00a0 \u00a0 \u00a0 \u00a0 \u00a0 \u00a0 \u00a0 \u00a0 \u00a0 \u00a0 \u00a0 \u00a0 \u00a0 \u00a0 \u00a0 \u00a0 \u00a0 \u00a0 \u00a0 \u00a0 \u00a0 \u00a0 \u00a0 \u00a0 \u00a0 \u00a0 \u00a0 \u00a0 \u00a0 \u00a0 \u00a0 SISSI<\/strong><\/div>\n<\/div>\n","protected":false},"excerpt":{"rendered":"<p>Brass\u00f3 a Barcas\u00e1g\u00a0 legszebb v\u00e1rosa. Brass\u00f3 a remek m\u0171eml\u00e9kek v\u00e1rosa. Brass\u00f3 a K\u00e1rp\u00e1t-kanyar v\u00e1rosa. &nbsp; Ha\u00a0 a Brass\u00f3 k\u00f6zl\u00e9ben lev\u0151 Lempes\u00a0 hegyre kimegy\u00fcnk, egy nagyon sz\u00e9p panor\u00e1m\u00e1ban lesz r\u00e9sz\u00fcnk. Inn\u00e9t bel\u00e1thatjuk a K\u00e1rp\u00e1t-kanyar hegyeinek a sorozat\u00e1t. N\u00e9zel\u0151dj\u00fcnk nyugatr\u00f3l \u2013 kelet fel\u00e9: A Kir\u00e1lyk\u00f6t\u0151l messze nyugat fel\u00e9 a Fogarasi-havasok el\u0151hegyei l\u00e1tszanak, a Kir\u00e1lyk\u00f6t\u0151l Keletre a Bucsecs &hellip; <a href=\"https:\/\/brassoi-turista-egyesulet.eu\/?page_id=1033\" class=\"more-link\">Continue reading <span class=\"screen-reader-text\">Brass\u00f3 &#8211; hajdan\u00e1ban \u00e9s ma<\/span> <span class=\"meta-nav\">&rarr;<\/span><\/a><\/p>\n","protected":false},"author":1,"featured_media":0,"parent":0,"menu_order":0,"comment_status":"closed","ping_status":"closed","template":"","meta":{"footnotes":""},"class_list":["post-1033","page","type-page","status-publish","hentry"],"_links":{"self":[{"href":"https:\/\/brassoi-turista-egyesulet.eu\/index.php?rest_route=\/wp\/v2\/pages\/1033","targetHints":{"allow":["GET"]}}],"collection":[{"href":"https:\/\/brassoi-turista-egyesulet.eu\/index.php?rest_route=\/wp\/v2\/pages"}],"about":[{"href":"https:\/\/brassoi-turista-egyesulet.eu\/index.php?rest_route=\/wp\/v2\/types\/page"}],"author":[{"embeddable":true,"href":"https:\/\/brassoi-turista-egyesulet.eu\/index.php?rest_route=\/wp\/v2\/users\/1"}],"replies":[{"embeddable":true,"href":"https:\/\/brassoi-turista-egyesulet.eu\/index.php?rest_route=%2Fwp%2Fv2%2Fcomments&post=1033"}],"version-history":[{"count":43,"href":"https:\/\/brassoi-turista-egyesulet.eu\/index.php?rest_route=\/wp\/v2\/pages\/1033\/revisions"}],"predecessor-version":[{"id":1155,"href":"https:\/\/brassoi-turista-egyesulet.eu\/index.php?rest_route=\/wp\/v2\/pages\/1033\/revisions\/1155"}],"wp:attachment":[{"href":"https:\/\/brassoi-turista-egyesulet.eu\/index.php?rest_route=%2Fwp%2Fv2%2Fmedia&parent=1033"}],"curies":[{"name":"wp","href":"https:\/\/api.w.org\/{rel}","templated":true}]}}