{"id":1545,"date":"2019-01-22T18:06:35","date_gmt":"2019-01-22T15:06:35","guid":{"rendered":"http:\/\/brassoi-turista-egyesulet.eu\/?page_id=1545"},"modified":"2019-01-22T18:06:35","modified_gmt":"2019-01-22T15:06:35","slug":"2019-januar-26-februar-2","status":"publish","type":"page","link":"https:\/\/brassoi-turista-egyesulet.eu\/?page_id=1545","title":{"rendered":"2019 janu\u00e1r 26 &#8211; febru\u00e1r 2"},"content":{"rendered":"<div><b>A t\u00far\u00e1k \u00fatvonalait, honlapunk keret\u00e9n a m\u00faltkori t\u00far\u00e1k\u00a0 k\u00f6zlem\u00e9nyben tal\u00e1ljuk meg.\u00a0<\/b><\/div>\n<div>Tov\u00e1bbi r\u00e9szleteket megtudhatunk az\u00a0<b>ismert telefonsz\u00e1mon.\u00a0<\/b><\/div>\n<div><b>\u00a0<\/b><\/div>\n<div><b>A m\u00faltkori t\u00far\u00e1val kapcsolatban.<\/b><\/div>\n<div><b>\u00a0<\/b><\/div>\n<div><b>\u00a0<\/b><\/div>\n<div><b>\u00dagy ahogy tervezt\u00fck, a Rakod\u00f3 v\u00f6lgy\u00e9ben kir\u00e1ndultunk. A Rakod\u00f3 \u00e9s a V\u00e1r-v\u00f6lgy.\u00a0<\/b><\/div>\n<div>A\u00a0<b>Rakod\u00f3 v\u00f6lgy\u00e9t\u00a0<\/b>a vas\u00fat \u00e1llom\u00e1sr\u00f3l a legk\u00f6nnyebben a\u00a0<b>32-es\u00a0<\/b>busszal lehet el\u00e9rni.<\/div>\n<div>A v\u00f6lgy fels\u0151r\u00e9sz\u00e9ben, a\u00a0<b>V\u00e1r-v\u00f6lgy\u00e9ben\u00a0<\/b>hajdan\u00e1ban egy v\u00e1r l\u00e9tez\u00e9s\u00e9r\u0151l sz\u00f3l a rege, ez a v\u00e1r ut\u00e1n nevezt\u00e9k el a v\u00f6lgyet\u00a0<b>V\u00e1r-v\u00f6lgynek.\u00a0<\/b>A v\u00e1r ugyan m\u00e1r nincs meg, de a l\u00e9tez\u00e9s\u00e9t, igazolja a r\u00f3la elnevezett v\u00f6lgy. Miut\u00e1n bet\u00e9rt\u00fcnk a\u00a0<b>Rakod\u00f3-v\u00f6lgy\u00e9ben\u00a0<\/b>\u00e9s \u00e1thaladtunk a nem r\u00e9g \u00e9p\u00fclt\u00a0<b>Brass\u00f3\u00a0<\/b>\u00faj, blokk\u00a0 v\u00e1ros\u00e1n, \u00e9s elhagytuk az utols\u00f3 hatalmas blokk \u00e9p\u00fcletet, be\u00e9r\u00fcnk a\u00a0<b>Rakod\u00f3\u00a0<\/b>gy\u00f6ny\u00f6r\u0171 v\u00f6lgy\u00e9ben. A v\u00f6lgyet a k\u00e9k h\u00e1romsz\u00f6g turista jelz\u00e9s szeli \u00e1t. A jelz\u00e9s a\u00a0<b>Csiga-hegy \u00e9s a Cenk\u00a0<\/b>k\u00f6z\u00f6tti \u00fatt\u00f3l indul ki. A\u00a0<b>Cenk\u00a0<\/b>alatti s\u00e9t\u00e1nyon halad. \u00c9rinti a hajdani volt\u00a0<b>Tompa\u00a0<\/b>vend\u00e9gl\u0151t, ami m\u00e1r r\u00e9g nem l\u00e9tezik, majd\u00a0<b>Jepure\u00a0<\/b>n\u00e9vre kereszteltek, de ez sem l\u00e9tezik m\u00e1r, lebontott\u00e1k. Hely\u00e9n egy n\u00e9vtelen, emeletes \u00e9p\u00fclet \u00e9p\u00fcl, \u00e9veken kereszt\u00fcl. A jelz\u00e9s a v\u00f6lgy\u00f6n \u00e1thalad, majd jobbra\u00a0 felh\u00e1g a\u00a0<b>R\u00f3ka padhoz.\u00a0<\/b>Tov\u00e1bb \u00e9rinti a\u00a0<b>Vizes-v\u00f6lgy\u00a0<\/b>fels\u0151 r\u00e9sz\u00e9t, \u00e9s a\u00a0<b>Poj\u00e1n\u00e1ban\u00a0<\/b>\u00e9r v\u00e9get. A v\u00f6lgyb\u0151l, t\u00f6bb jelzett \u00e9s nem jelzett turista utak \u00e1gaznak ki:<\/div>\n<div><b>A s\u00e1rga keresztel jelzett \u00fat, amely a Kis-Krukk \u00e9s a Nagy-Krukk \u00e9rint\u00e9s\u00e9vel, tov\u00e1bb haladva a k\u00e9k \u00faton a Kereszt\u00e9nyhavasra vezet.\u00a0<\/b><\/div>\n<div><b>A k\u00e9k kereszt jelz\u00e9sen a Nagy-Krukkr\u00f3l a T\u00f6m\u00f6s-v\u00f6lgy\u00e9ben lehet jutni.\u00a0<\/b><\/div>\n<div><b>A s\u00e1rga h\u00e1romsz\u00f6g jelz\u00e9sen, a volt Tompa vend\u00e9gl\u0151t\u0151l a Cenkre lehet feljutni.\u00a0 \u00a0<\/b><\/div>\n<div><b>Sz\u00e9p szek\u00e9r \u00fat vezet a Cenkre, az utols\u00f3 k\u00e9t hatalmas t\u00f6mbh\u00e1z k\u00f6z\u00f6tt egy meredek kim\u00e1sz\u00f3n lehet feljutni a soromp\u00f3val lez\u00e1rt \u00fathoz.\u00a0<\/b><\/div>\n<div><b>A R\u00f3ka padt\u00f3l, a Vizes-v\u00f6lgy fels\u0151 z\u00f3n\u00e1j\u00e1ban\u00a0 sz\u00e9p \u00fat vezet a Salamon-k\u0151h\u00f6z. Stb.\u00a0 \u00a0\u00a0<\/b><\/div>\n<div><b>A fot\u00f3 gal\u00e9ri\u00e1ban a Rakod\u00f3 \u00e9s a V\u00e1r-v\u00f6lgyet k\u00f6r\u00fclvev\u0151 erd\u0151ket \u00e9s a h\u00f3 k\u00e9pz\u0151dm\u00e9nyeket l\u00e1thatunk.<\/b><\/div>\n","protected":false},"excerpt":{"rendered":"<p>A t\u00far\u00e1k \u00fatvonalait, honlapunk keret\u00e9n a m\u00faltkori t\u00far\u00e1k\u00a0 k\u00f6zlem\u00e9nyben tal\u00e1ljuk meg.\u00a0 Tov\u00e1bbi r\u00e9szleteket megtudhatunk az\u00a0ismert telefonsz\u00e1mon.\u00a0 \u00a0 A m\u00faltkori t\u00far\u00e1val kapcsolatban. \u00a0 \u00a0 \u00dagy ahogy tervezt\u00fck, a Rakod\u00f3 v\u00f6lgy\u00e9ben kir\u00e1ndultunk. A Rakod\u00f3 \u00e9s a V\u00e1r-v\u00f6lgy.\u00a0 A\u00a0Rakod\u00f3 v\u00f6lgy\u00e9t\u00a0a vas\u00fat \u00e1llom\u00e1sr\u00f3l a legk\u00f6nnyebben a\u00a032-es\u00a0busszal lehet el\u00e9rni. A v\u00f6lgy fels\u0151r\u00e9sz\u00e9ben, a\u00a0V\u00e1r-v\u00f6lgy\u00e9ben\u00a0hajdan\u00e1ban egy v\u00e1r l\u00e9tez\u00e9s\u00e9r\u0151l sz\u00f3l a rege, ez &hellip; <a href=\"https:\/\/brassoi-turista-egyesulet.eu\/?page_id=1545\" class=\"more-link\">Continue reading <span class=\"screen-reader-text\">2019 janu\u00e1r 26 &#8211; febru\u00e1r 2<\/span> <span class=\"meta-nav\">&rarr;<\/span><\/a><\/p>\n","protected":false},"author":1,"featured_media":0,"parent":0,"menu_order":0,"comment_status":"closed","ping_status":"closed","template":"","meta":{"footnotes":""},"class_list":["post-1545","page","type-page","status-publish","hentry"],"_links":{"self":[{"href":"https:\/\/brassoi-turista-egyesulet.eu\/index.php?rest_route=\/wp\/v2\/pages\/1545","targetHints":{"allow":["GET"]}}],"collection":[{"href":"https:\/\/brassoi-turista-egyesulet.eu\/index.php?rest_route=\/wp\/v2\/pages"}],"about":[{"href":"https:\/\/brassoi-turista-egyesulet.eu\/index.php?rest_route=\/wp\/v2\/types\/page"}],"author":[{"embeddable":true,"href":"https:\/\/brassoi-turista-egyesulet.eu\/index.php?rest_route=\/wp\/v2\/users\/1"}],"replies":[{"embeddable":true,"href":"https:\/\/brassoi-turista-egyesulet.eu\/index.php?rest_route=%2Fwp%2Fv2%2Fcomments&post=1545"}],"version-history":[{"count":1,"href":"https:\/\/brassoi-turista-egyesulet.eu\/index.php?rest_route=\/wp\/v2\/pages\/1545\/revisions"}],"predecessor-version":[{"id":1547,"href":"https:\/\/brassoi-turista-egyesulet.eu\/index.php?rest_route=\/wp\/v2\/pages\/1545\/revisions\/1547"}],"wp:attachment":[{"href":"https:\/\/brassoi-turista-egyesulet.eu\/index.php?rest_route=%2Fwp%2Fv2%2Fmedia&parent=1545"}],"curies":[{"name":"wp","href":"https:\/\/api.w.org\/{rel}","templated":true}]}}