{"id":222,"date":"2014-02-05T17:20:38","date_gmt":"2014-02-05T15:20:38","guid":{"rendered":"http:\/\/brassoi-turista-egyesulet.eu\/?page_id=222"},"modified":"2015-09-29T13:10:58","modified_gmt":"2015-09-29T10:10:58","slug":"orban-balazs","status":"publish","type":"page","link":"https:\/\/brassoi-turista-egyesulet.eu\/?page_id=222","title":{"rendered":"Orb\u00e1n Bal\u00e1zs"},"content":{"rendered":"<p style=\"text-align: left;\"><strong>Sz\u00fclet\u00e9s\u00e9nek <strong>(1829 febru\u00e1r 3)<\/strong>\u00a0185. \u00e9vfordul\u00f3j\u00e1nak az eml\u00e9k\u00e9re &#8211; 2014\u00a0<\/strong><\/p>\n<p style=\"text-align: center;\">[singlepic id=178 w=640 h=480 float=center]<\/p>\n<p style=\"text-align: center;\"><b>Orb\u00e1n Bal\u00e1zs eml\u00e9kezete.<\/b><\/p>\n<p style=\"text-align: center;\"><b> A Sz\u00e9kely G\u00e9za \u00e1ltal szerkesztett \u201eBRASS\u00d3I TURISTA\u201d<\/b><\/p>\n<p style=\"text-align: center;\"><b> 1940 \u00e1prilisi sz\u00e1m\u00e1ban megjelent k\u00f6zlem\u00e9ny. <\/b><\/p>\n<p style=\"text-align: center;\"><b> <\/b><span style=\"font-size: medium;\">\u00cdrta \u00e9s a BTE k\u00f6zgy\u0171l\u00e9sen felolvasta Magyari L\u00e1szl\u00f3<\/span><\/p>\n<p><span style=\"font-size: medium; line-height: 1.5;\">A m\u0171velt ember \u00e9lete v\u00e1ndor\u00fatj\u00e1n soha sincsen egyed\u00fcl. M\u00e9g amikor \u00fagy \u00e9rzi, hogy mindenkit\u0151l elhagyottan t\u00e1rstalanul bolyong sors\u00e1nak \u00fatveszt\u0151j\u00e9ben, akkor is vele vannak az emberi m\u0171vel\u0151d\u00e9s nagy szellemei. Csak keveseknek jut oszt\u00e1lyr\u00e9sz\u00fcl az \u00f6n\u00e1ll\u00f3 gondolkoz\u00e1s \u00e9s szeml\u00e9l\u0151d\u00e9s adom\u00e1nya, a nagy t\u00f6megeknek bele kell nyugodnia abba, hogy csak az emberis\u00e9g szellem\u00f3ri\u00e1sain kereszt\u00fcl \u00e9rz\u00e9kelheti a vil\u00e1got. Az emberis\u00e9g nagy szellemei elk\u00eds\u00e9rnek \u00e9let\u00fcnk \u00f6sv\u00e9ny\u00e9n \u00f6ntudatra \u00e9bred\u00e9s\u00fcnk els\u0151 pillanat\u00e1t\u00f3l kezdve a legutols\u00f3ig.<\/span><\/p>\n<p align=\"JUSTIFY\"><span style=\"font-size: medium;\"> \u00d6r\u00f6k \u00fatit\u00e1rsaink.<\/span><\/p>\n<p style=\"text-align: center;\" align=\"JUSTIFY\"><span style=\"font-size: medium;\"> * * *<\/span><\/p>\n<p align=\"JUSTIFY\"><span style=\"font-size: medium;\"> Amikor Orb\u00e1n Bal\u00e1zsr\u00f3l eml\u00e9kezem, \u00fagy \u00e9rzem, hogy \u0151 is \u00f6r\u00f6k \u00fatit\u00e1rsk\u00e9nt szeg\u0151d\u00f6tt hozz\u00e1nk, a sz\u00e9kelyf\u00f6ld magyar turistakult\u00fara szer\u00e9ny munk\u00e1saihoz, s ma \u00f6tven \u00e9ve hal\u00e1la ut\u00e1n is vel\u00fcnk van minden pillanatunkban. Nemcsak \u00fatit\u00e1rsunk, hanem vezet\u0151nk is, akinek ir\u00e1ny\u00edt\u00e1sa mellett megismerj\u00fck Erd\u00e9ly d\u00e9lkeleti sz\u00f6glet\u00e9nek minden csod\u00e1j\u00e1t. <\/span><\/p>\n<p align=\"JUSTIFY\"><span style=\"font-size: medium;\"> A Brass\u00f3i Turista Egyes\u00fclet m\u00e1r egy-\u00edzben m\u00e1r kifejezte h\u00f3dolat\u00e1t eml\u00e9ke el\u0151tt, amikor a homor\u00f3dalm\u00e1si barlangot felt\u00e1r\u00f3j\u00e1r\u00f3l nevezte el, s eml\u00e9kt\u00e1bl\u00e1val jel\u00f6lte meg azt a helyet, ahonnan h\u00e1romnegyed \u00e9vsz\u00e1zaddal ezel\u0151tt barlangkutat\u00f3 \u00fatj\u00e1ra elindult.<\/span><\/p>\n<p align=\"JUSTIFY\"><span style=\"font-size: medium;\"> \u00dagy \u00e9rezz\u00fck azonban, hogy az a v\u00e9letlen, mely ez \u00e9vi k\u00f6zgy\u0171l\u00e9s\u00fcnket hal\u00e1l\u00e1nak f\u00e9lsz\u00e1zados \u00e9vfordul\u00f3j\u00e1val \u00f6sszef\u0171zte, figyelmeztet\u00e9s, hogy eml\u00e9ke ir\u00e1nti k\u00f6teles kegyelet\u00fcnknek kor\u00e1ntsem tett\u00fcnk eleget eme, m\u00e9g mindig egyetlen Orb\u00e1n Bal\u00e1zs eml\u00e9km\u0171 elhelyez\u00e9s\u00e9vel, hanem maradand\u00f3bb eml\u00e9ket kell neki \u00e1ll\u00edtani.<\/span><\/p>\n<p align=\"JUSTIFY\"><span style=\"font-size: medium;\"> Mi lehetne Orb\u00e1n Bal\u00e1zs egy\u00e9nis\u00e9g\u00e9hez m\u00e9lt\u00f3bb eml\u00e9k, mintha megszabad\u00edtjuk munk\u00e1ss\u00e1g\u00e1t a feled\u00e9s s\u0171r\u0171 f\u00e1tylait\u00f3l, ha annyira ismertt\u00e9 tessz\u00fck, hogy nev\u00e9nek eml\u00edt\u00e9sekor nem tekint\u00fcnk t\u00e1j\u00e9kozatlanul szertesz\u00e9t, hanem \u00e9lete \u00e9s m\u0171k\u00f6d\u00e9se azonnal teljes nagys\u00e1g\u00e1ban \u00e1ll ell\u0151tt\u00fcnk.<\/span><\/p>\n<p align=\"JUSTIFY\"><span style=\"font-size: medium;\"> Akkor r\u00f3ttuk le val\u00f3ban eml\u00e9ke ir\u00e1nti k\u00f6teles h\u00e1l\u00e1nkat, ha nemcsak a maihoz hasonl\u00f3 \u00fcnnep\u00e9lyes alkalmakkor, s azoknak a napoknak sz\u00e1zados vagy f\u00e9lsz\u00e1zados \u00e9vfordul\u00f3j\u00e1n eml\u00e9kez\u00fcnk meg r\u00f3la, amelyek \u00e9let\u00e9nek hat\u00e1rait jelentett\u00e9k, hanem h\u00e9tk\u00f6znapi turista\u00e9let\u00fcnkben is vezet\u0151nknek fogadjuk el. <\/span><\/p>\n<p style=\"text-align: center;\" align=\"JUSTIFY\"><span style=\"font-size: medium;\"> * * *<\/span><\/p>\n<p align=\"JUSTIFY\"><span style=\"font-size: medium;\"> Orb\u00e1n Bal\u00e1zs 1829-ben sz\u00fcletett Udvarhely megy\u00e9ben, katolikus, sz\u00e9kely nemesi csal\u00e1db\u00f3l. Tizenh\u00e9t \u00e9ves kor\u00e1ban sz\u00fcleivel Konstantin\u00e1polyba utazott, s csak tizenh\u00e1rom \u00e9v m\u00falva l\u00e1tta viszont haz\u00e1j\u00e1t. Ez alatt az id\u0151 alatt bej\u00e1rta a k\u00f6zel keleti orsz\u00e1gokat, majd tanulm\u00e1nyai kieg\u00e9sz\u00edt\u00e9se v\u00e9gett Londonban utazott. Itt fel\u00faj\u00edtotta azt az ismerets\u00e9g\u00e9t, amelyet Kossuthtal \u00e9s az emigr\u00e1nsokkal azok t\u00f6r\u00f6korsz\u00e1gi tart\u00f3zkod\u00e1sa alatt k\u00f6t\u00f6tt. Londonb\u00f3l P\u00e1risba utazott, ahol Victor Hug\u00f3 k\u00f6rnyezet\u00e9hez tartozott. <\/span><\/p>\n<p align=\"JUSTIFY\"><span style=\"font-size: medium;\"> Az am\u00fagy is szabads\u00e1g\u00e9rt \u00e9s a n\u00e9pjogok\u00e9rt lelkesed\u0151 ifj\u00fa egy\u00e9nis\u00e9g\u00e9nek kialakul\u00e1s\u00e1t ezeknek a nagy demokrat\u00e1knak a k\u00f6zels\u00e9ge elhat\u00e1roz\u00f3slag befoly\u00e1solta, s amikor a k\u00fclf\u00f6ldnek b\u00facs\u00fat mondott, hogy megt\u00e9rjen arra a f\u00f6ldre, amelyet hossz\u00fa t\u00e1voll\u00e9te alatt sem sz\u0171nt meg soha szeretni, \u00e9lete c\u00e9lj\u00e1t ebben a k\u00e9t sz\u00f3ban s\u0171r\u00edtette \u00f6ssze \u201ea n\u00e9ppel a n\u00e9p\u00e9rt\u201d.<\/span><\/p>\n<p align=\"JUSTIFY\"><span style=\"font-size: medium;\"> Csal\u00e1dj\u00e1nak alig egy \u00e9vsz\u00e1zados b\u00e1r\u00f3i c\u00edm\u00e9t sem viselte. Sokkal demokratikusabb gondolkoz\u00e1s\u00fa, s mint hogy ilyen k\u00fcls\u0151s\u00e9gek hat\u00e1ssal lenn\u00e9nek r\u00e1. \u0150seinek unit\u00e1rius hit\u00e9hez is az\u00e9rt t\u00e9rt vissza, mert \u00fagy \u00e9rezte, hogy ennek a vall\u00e1snak a tan\u00edt\u00e1sai sokkal k\u00f6zelebb \u00e1llnak felvil\u00e1gosult gondolkoz\u00e1s\u00fa, halad\u00f3 szellem\u0171 egy\u00e9nis\u00e9g\u00e9hez. <\/span><\/p>\n<p align=\"JUSTIFY\"><span style=\"font-size: medium;\"> Orb\u00e1n Bal\u00e1zs eg\u00e9sz \u00e9let\u00e9nek az a szeretet adta meg tartalm\u00e1t, mely \u0151t sz\u00fcl\u0151f\u00f6ldj\u00e9hez, s ahhoz a sz\u00e9kely n\u00e9phez f\u0171zte, amelyb\u0151l \u0151 is sz\u00e1rmazott. Sz\u0171kebb csal\u00e1dja nem volt, de \u00f6v\u00e9 volt az eg\u00e9sz sz\u00e9kely n\u00e9p. K\u00f6zel harminc \u00e9ves k\u00f6z\u00e9leti munk\u00e1ss\u00e1g\u00e1nak az a t\u00f6rekv\u00e9s k\u00e9pezte gerinc\u00e9t, hogy a sz\u00e9kely n\u00e9pet t\u00e1rsadalmilag \u00e9s gazdas\u00e1gilag is magasabb sz\u00ednvonalra emelje. Felismerte a sz\u00e9kelys\u00e9g elmaradotts\u00e1g\u00e1nak az ok\u00e1t, hogy nincs tudat\u00e1ban annak az er\u0151nek, amelyek \u00e9vsz\u00e1zados int\u00e9zm\u00e9nyeiben rejlenek, sem annak a kincsnek, amelyet mag\u00e1ban \u00e9s a tulajdon\u00e1ban l\u00e9v\u0151 ter\u00fcleteken birtokol. Az \u00e9vsz\u00e1zados k\u00fczdelmekb\u0151l a sz\u00e9kely g\u00e9niuszt megt\u00e9p\u00e1zva ker\u00fclt ki, a sz\u00e9kely \u00e9leter\u0151 m\u00e1r nem a r\u00e9gi. Fel akarta t\u00e1masztani k\u00f6z\u00f6tt\u00fck azt a r\u00e9gi szellemet, amely a hagyom\u00e1nyok s a kr\u00f3nik\u00e1k lapjai \u0151riztek meg. Meg akarta ismertetni a sz\u00e9kelys\u00e9get \u00f6nmag\u00e1val, felsz\u00ednre akarta hozni sz\u00e9kely n\u00e9pl\u00e9lek \u00e9s f\u00f6ld rejtett kincseit, hogy \u00f6nbecs\u00fcl\u00e9s\u00e9ben meger\u0151s\u00edtve egy szebb \u00e9s boldogabb j\u00f6v\u0151re avathassa \u0151ket. Ez a c\u00e9l lebegett szemei el\u0151tt, amikor a kiegyez\u00e9st megel\u0151z\u0151 \u00e9vekben bej\u00e1rta az eg\u00e9sz Sz\u00e9kelyf\u00f6ldet \u00e9s a Barcas\u00e1got s kutat\u00e1sainak eredm\u00e9nyeit egy hat k\u00f6tetes m\u0171ben hozta a nyilv\u00e1noss\u00e1gra, amely az egyszer\u0171 c\u00edmet viseli \u201eA Sz\u00e9kelyf\u00f6ld le\u00edr\u00e1sa\u201d.<\/span><\/p>\n<p align=\"JUSTIFY\"><span style=\"font-size: medium;\"> A kiegyez\u00e9s ut\u00e1n k\u00f6z\u00e9leti p\u00e1ly\u00e1ra l\u00e9pett. Eg\u00e9szen hal\u00e1l\u00e1ig tagja volt a k\u00e9pvisel\u0151h\u00e1znak, ahol az ellenz\u00e9k soraiban k\u00fczd\u00f6tt a n\u00e9p, els\u0151sorban sz\u00e9kely n\u00e9pe jogai\u00e9rt \u00e9s boldogul\u00e1s\u00e1\u00e9rt. A r\u00f3luk val\u00f3 gondoskod\u00e1s \u00e9s a vel\u00fck val\u00f3 foglalkoz\u00e1s t\u00f6lt\u00f6tte ki \u00fagysz\u00f3lv\u00e1n eg\u00e9sz \u00e9let\u00e9t s amikor 1887-ben az Akad\u00e9mia tagjai k\u00f6z\u00e9 v\u00e1lasztotta, sz\u00e9kfoglal\u00f3j\u00e1ban is \u201eA sz\u00e9kely sz\u00e1rmaz\u00e1s\u00e1r\u00f3l \u00e9s int\u00e9zm\u00e9nyeir\u0151l\u201d \u00e9rtekezett.<\/span><\/p>\n<p align=\"JUSTIFY\"><span style=\"font-size: medium;\"> Hal\u00e1l\u00e1nak \u00f6tvenedik \u00e9vfordul\u00f3ja alkalm\u00e1val az eg\u00e9sz erd\u00e9lyi magyar t\u00e1rsadalom \u00e9rt\u00e9keli k\u00f6z\u00e9leti \u00e9s politikai munk\u00e1ss\u00e1g\u00e1t, s mint k\u00f6zint\u00e9zm\u00e9nyeink szer\u00e9ny anyagi viszonyaihoz k\u00e9pest val\u00f3ban b\u0151kez\u0171 p\u00e1rtfog\u00f3j\u00e1t. Megeml\u00e9keznek r\u00f3la mint t\u00f6rt\u00e9net\u00edr\u00f3r\u00f3l, mint a mai falukutat\u00f3 \u0151s\u00e9r\u0151l, aki \u201e A Sz\u00e9kelyf\u00f6ld le\u00edr\u00e1sa\u201d-ban egy olyan munk\u00e1val aj\u00e1nd\u00e9kozott meg, amelynek ma is hi\u00e1ba keress\u00fck p\u00e1rj\u00e1t a magyar m\u0171vel\u0151d\u00e9s t\u00f6rt\u00e9net\u00e9ben. <\/span><\/p>\n<p align=\"JUSTIFY\"><span style=\"font-size: medium;\"> A mi megeml\u00e9kez\u00e9s\u00fcnk els\u0151sorban a Sz\u00e9kelyf\u00f6ld bej\u00e1r\u00f3j\u00e1nak \u00e9s le\u00edr\u00f3j\u00e1nak sz\u00f3l, \u00fatt\u00f6r\u0151j\u00e9nek annak a sz\u00e9kelyf\u00f6ldi magyar turistakult\u00far\u00e1nak, amely egyik szer\u00e9ny t\u00e9nyez\u0151j\u00e9nek magunkat is vallhatjuk. <\/span><\/p>\n<p align=\"JUSTIFY\"><span style=\"font-size: medium;\"> Orb\u00e1n Bal\u00e1zs term\u00e9szetj\u00e1r\u00e1sa n\u00e9mely szempontb\u00f3l kevesebb, n\u00e9mely szempontb\u00f3l meg t\u00f6bb volt, mint amit mi ma turist\u00e1skod\u00e1snak nevez\u00fcnk. <\/span><\/p>\n<p align=\"JUSTIFY\"><span style=\"font-size: medium;\"> Mint a mai turist\u00e1knak z\u00f6me, \u0151 is gyalog j\u00e1rta be a Sz\u00e9kelyf\u00f6ldet, de ebb\u0151l hi\u00e1nyzott a tudatos er\u0151kifejt\u00e9s, s gyalogos utaz\u00e1s\u00e1t ink\u00e1bb a rendelkez\u00e9s\u00e9re \u00e1ll\u00f3 eszk\u00f6z\u00f6k el\u00e9gtelens\u00e9g\u00e9nek, semmint egy tervszer\u0171 v\u00e1llalkoz\u00e1s bizony\u00edt\u00e9k\u00e1ul kell felfognunk. <\/span><\/p>\n<p align=\"JUSTIFY\"><span style=\"font-size: medium;\"> A mi turist\u00e1skod\u00e1sunk mozgat\u00f3 rug\u00f3ja a term\u00e9szet ut\u00e1ni v\u00e1gy, az a t\u00f6rekv\u00e9s, hogy a rendelkez\u00e9s\u00fcnkre \u00e1ll\u00f3 szabad id\u0151nket k\u00f6rnyezet\u00fcnkt\u0151l t\u00e1vol \u00e9s rendes napi foglalkoz\u00e1sunkt\u00f3l elt\u00e9r\u0151en t\u00f6lts\u00fck el. Orb\u00e1n Bal\u00e1zsban m\u00e9g nem \u00e9lt ez a v\u00e1gy, mert \u0151 m\u00e9g nem szakadt el annyira a term\u00e9szett\u0151l, mint a mai v\u00e1roslak\u00f3 polg\u00e1rok, akik csak a turist\u00e1skod\u00e1ssal tudj\u00e1k meg\u0151rizni kapcsolataikat a term\u00e9szettel. <\/span><\/p>\n<p align=\"JUSTIFY\"><span style=\"font-size: medium;\"> S v\u00e9g\u00fcl nem tal\u00e1ljuk Orb\u00e1n Bal\u00e1zsn\u00e1l sehol a nyom\u00e1t annak, hogy felismerte volna azt a szolg\u00e1latot, amelyet a term\u00e9szetj\u00e1r\u00e1s az eg\u00e9szs\u00e9gnek tesz, s amely ma az egyik legfontosabb eszk\u00f6ze a turistas\u00e1g n\u00e9pszer\u0171s\u00edt\u00e9se \u00e9rdek\u00e9ben v\u00e9gzett munk\u00e1knak.<\/span><\/p>\n<p align=\"JUSTIFY\"><span style=\"font-size: medium;\"> Orb\u00e1n Bal\u00e1zst els\u0151sorban a faja ir\u00e1nti szeretete hajtotta erre az \u00fatra. Megismerni a vid\u00e9ket, amelyben \u00e9l, t\u00f6rt\u00e9nelm\u00e9t, amely erk\u00f6lcsi t\u0151k\u00e9j\u00e9t szolg\u00e1ltatja. Felkutatni hagyom\u00e1nyait, megmenteni a pusztul\u00e1st\u00f3l n\u00e9pm\u0171v\u00e9szet\u00e9t, k\u00f6lt\u00e9szet\u00e9t \u00e9s h\u00e1ziipar\u00e1t, felt\u00e1rni term\u00e9szeti kincseit, s mindazt amit l\u00e1t, hall \u00e9s tapasztal, a sz\u00e9kelys\u00e9g jav\u00e1ra hasznos\u00edtani.<\/span><\/p>\n<p align=\"JUSTIFY\"><span style=\"font-size: medium;\"> Gyalogosan, falur\u00f3l-falura, \u00f6t \u00e9v alatt t\u00f6bb mint \u00f6tsz\u00e1z k\u00f6zs\u00e9get j\u00e1rt be. Felkereste a falu leg\u00f6regebb embereit, hogy a sz\u00e1jhagyom\u00e1nyok fel\u0151l kik\u00e9rdezze. V\u00e9gig kutatta a k\u00fari\u00e1k leveles l\u00e1d\u00e1it, h\u00e1tha tal\u00e1l benn\u00fck c\u00e9ljainak megfelel\u0151 adatokat \u00e9s okiratokat. Nem mehetett el templomok \u00e9s v\u00e1rromok el\u0151tt an\u00e9lk\u00fcl, hogy t\u00fczetesen vizsg\u00e1lat al\u00e1 ne vette volna eredet\u00fcket \u00e9s t\u00f6rt\u00e9net\u00fcket. <\/span><\/p>\n<p align=\"JUSTIFY\"><span style=\"font-size: medium;\"> Egy-egy k\u00fcl\u00f6n\u00f6sebb alak\u00fa domb, foly\u00f3kanyar, \u00e1sv\u00e1nyr\u00e9teg, \u00fcleped\u00e9s vagy barlang el\u00e9g ok arra, hogy tal\u00e1n napokig ott id\u0151zz\u00f6n mellett\u00fck, am\u00edg ak\u00e1r term\u00e9szettudom\u00e1nyos felk\u00e9sz\u00fclts\u00e9ge, ak\u00e1r a n\u00e9p ajk\u00e1n \u00e9l\u0151 hagyom\u00e1nyok k\u00edv\u00e1ncsis\u00e1g\u00e1t kiel\u00e9g\u00edtett\u00e9k.<\/span><\/p>\n<p align=\"JUSTIFY\"><span style=\"font-size: medium;\"> Ez az a t\u00f6bblet, ami Orb\u00e1n Bal\u00e1zst a mai \u00e1tlag turist\u00e1t\u00f3l elv\u00e1lasztja, mert sokan vagyunk akik megy\u00fcnk, de kevesen, akik a term\u00e9szetet, mint azt az \u00f3ri\u00e1si keretet tudj\u00e1k felfogni, amelyben e vil\u00e1gon l\u00e9tre j\u00f6n \u00e9s \u00e9l, amely nem m\u00falik el, s ha v\u00e1ltoztatja is az arc\u00e1t, mindig egyetlen \u00e9s \u00f6r\u00f6k.<\/span><\/p>\n<p style=\"text-align: center;\" align=\"JUSTIFY\"><span style=\"font-size: medium;\"> * * *<\/span><\/p>\n<p align=\"JUSTIFY\"><span style=\"font-size: medium;\"> A term\u00e9szet az \u00e9let tan\u00edt\u00f3mestere, de csak akkor tudunk hozz\u00e1 k\u00f6zel f\u00e9rk\u0151zni, ha elsaj\u00e1t\u00edtjuk mindazokat a tulajdons\u00e1gokat, amelyek meg\u00e9rt\u00e9s\u00e9hez sz\u00fcks\u00e9gesek.<\/span><\/p>\n<p align=\"JUSTIFY\"><span style=\"font-size: medium;\"> Orb\u00e1n Bal\u00e1zs megtan\u00edthat arra, hogyan kell a term\u00e9szetben j\u00e1rnunk, ha azt akarjuk, hogy a turist\u00e1skod\u00e1s ne csak \u00e9ps\u00e9get, hanem lelki gyarapod\u00e1sunkat is szolg\u00e1lja s k\u00f6zelebb hozzon minden t\u00f6rekv\u00e9s \u00e9s alkot\u00e1s forr\u00e1s\u00e1hoz : a term\u00e9szethez \u00e9s s n\u00e9phez. <\/span><\/p>\n<p align=\"JUSTIFY\"><span style=\"font-size: medium;\"> Sajnos, Orb\u00e1n Bal\u00e1zs k\u00f6nyve, \u201eA Sz\u00e9kelyf\u00f6ld le\u00edr\u00e1sa\u201d ma m\u00e1r k\u00f6zk\u00e9zen egy\u00e1ltal\u00e1ban nem forog s a megmaradt p\u00e9ld\u00e1nyok m\u00fazeumok \u00e9s k\u00f6zk\u00f6nyvt\u00e1rak f\u00e9ltett kincsei.<\/span><\/p>\n<p align=\"JUSTIFY\"><span style=\"font-size: medium;\"> A r\u00f3la val\u00f3 megeml\u00e9kez\u00e9s\u00fcnk azonban nem lenne teljes, ha nem k\u00eds\u00e9reln\u0151k meg eme m\u0171 szerkeszt\u00e9s\u00e9nek \u00e9s tartalm\u00e1nak legal\u00e1bb v\u00e1zlatos k\u00e9p\u00e9t adni. <\/span><\/p>\n<p align=\"JUSTIFY\"><span style=\"font-size: medium;\"> Orb\u00e1n Bal\u00e1zs az \u0151t sz\u00e9kely sz\u00e9k mindegyik\u00e9nek, Udvarhelynek, Cs\u00edknak, H\u00e1romsz\u00e9knek, Mar\u00f3ssz\u00e9knek \u00e9s Arany\u00f3ssz\u00e9knek egy-egy k\u00f6tetet \u00e1ldozott, m\u00edg a hatodik k\u00f6tetet a Barcas\u00e1g r\u00e9sz\u00e9re tartotta fenn, mint amely ter\u00fclet a Sz\u00e9kelyf\u00f6lddel f\u00f6ldrajzilag \u00e9s t\u00f6rt\u00e9nelmileg egy\u00fcv\u00e9 tartozik. <\/span><\/p>\n<p align=\"JUSTIFY\"><span style=\"font-size: medium;\"> Nem t\u00f6rt\u00e9neti, nem term\u00e9szettudom\u00e1nyi, nem is n\u00e9prajzi munka, hanem egy rendk\u00edv\u00fcli k\u00e9pzetts\u00e9g\u0171 kitart\u00f3 elme minden ir\u00e1nyban megnyilv\u00e1nul\u00f3 \u00e9rdekl\u0151d\u00e9s\u00e9nek az eredm\u00e9nye s c\u00edm\u00e9nek megfelel\u0151en val\u00f3ban nem m\u00e1s, mint mindannak a le\u00edr\u00e1sa, ami a Sz\u00e9kelyf\u00f6ldet alkotja. <\/span><\/p>\n<p align=\"JUSTIFY\"><span style=\"font-size: medium;\"> Sehol sem tal\u00e1lkozunk sz\u00e1raz tudom\u00e1nyoss\u00e1ggal tel\u00edtett fejezetekkel. Az \u00e9let l\u00fcktet minden sor\u00e1ban. Olvas\u00e1skor \u00fagy \u00e9rezz\u00fck magunkat, mintha Orb\u00e1n Bal\u00e1zs \u00fatit\u00e1rs\u00e1ul vett volna maga mell\u00e9, hogy az \u0151 rajong\u00f3 szeretet\u00e9n kereszt\u00fcl ismerj\u00fck meg a sz\u00e9kelyek haz\u00e1j\u00e1t. <\/span><\/p>\n<p align=\"JUSTIFY\"><span style=\"font-size: medium;\"> Hallgassuk meg h\u00edv\u00f3 szav\u00e1t s k\u00f6vess\u00fck \u0151t v\u00e1ndor\u00fatj\u00e1ra. Ha vele utazunk, nem f\u00e1radunk el soha. L\u00e9pten-nyomon meg\u00e1ll, hogy pomp\u00e1s nyelvvel, \u00e9l\u00e9nk sz\u00ednekkel, ragyog\u00f3 hasonlatokkal, \u00e9kes sz\u00f3vir\u00e1gokkal \u00e9rz\u00e9keltesse az el\u00e9nk t\u00e1rul\u00f3 v\u00e1ltozatosabbn\u00e1l v\u00e1ltozatosabb t\u00e1jakat. <\/span><\/p>\n<p align=\"JUSTIFY\"><span style=\"font-size: medium;\"> Szavainak fest\u0151i sz\u00ednkezel\u00e9se nyom\u00e1n megelevenedik el\u0151tt\u00fcnk a t\u00e1j\u00e9k. <\/span><\/p>\n<p align=\"JUSTIFY\"><span style=\"font-size: medium;\"> L\u00e1tjuk, amint az Olt \u00e9s a K\u00fck\u00fcll\u0151 kanyarogva siklik tova az erd\u0151-bor\u00edtotta v\u00f6lgyek m\u00e9ly\u00e9n, hogy a s\u00edks\u00e1gra \u00e9rve lomha nyugalommal t\u00f6rj\u00f6n utat mag\u00e1nak a megsemmis\u00fcl\u00e9s fel\u00e9.<\/span><\/p>\n<p align=\"JUSTIFY\"><span style=\"font-size: medium;\"> Halljuk a K\u00e1rp\u00e1tok fenyveseinek z\u00fag\u00e1s\u00e1t, amint a Hargita \u0151srengeteg\u00e9nek felelget, tal\u00e1n a r\u00e9gm\u00falt id\u0151kr\u0151l reg\u00e9l az itt maradt hun ivad\u00e9koknak. <\/span><\/p>\n<p align=\"JUSTIFY\"><span style=\"font-size: medium;\"> \u00c9rezz\u00fck az erdei tiszt\u00e1sokat bor\u00edt\u00f3 havasi vir\u00e1gok illat\u00e1t s szomjasan sz\u00edvjuk be b\u00f3d\u00edt\u00f3 lehelet\u00fcket. <\/span><\/p>\n<p align=\"JUSTIFY\"><span style=\"font-size: medium;\"> Vid\u00e1m l\u00e9ptekkel haladunk a h\u0171s erdei \u00f6sv\u00e9nyeken, majd elszorul\u00f3 sz\u00edvvel torpanunk meg, ha egy-egy kanyarod\u00f3 ut\u00e1n a term\u00e9szet gig\u00e1szi alkot\u00e1sai z\u00e1rj\u00e1k el tov\u00e1bbi utunkat.<\/span><\/p>\n<p align=\"JUSTIFY\"><span style=\"font-size: medium;\"> V\u00e1rromot \u00e9rint az utunk ? Megtudjuk a t\u00f6rt\u00e9net\u00e9t, meghalljuk a hozz\u00e1 f\u0171z\u0151d\u0151 mond\u00e1kat, szinte l\u00e1tjuk, amint a sz\u00e9kelyek a kunokkal, tat\u00e1rokkal \u00e9s nem egyszer saj\u00e1t v\u00e9reikkel k\u00fczdenek a most m\u00e1r romokban hever\u0151 v\u00e1rak falain.<\/span><\/p>\n<p align=\"JUSTIFY\"><span style=\"font-size: medium;\"> Barlang mellett megy\u00fcnk el ? Annak is megvan a maga t\u00f6rt\u00e9nete s mindegyik egy-egy ragyog\u00f3 szem a sz\u00e9kely n\u00e9pk\u00f6lt\u00e9szet gy\u00f6ngyf\u00fcz\u00e9r\u00e9ben. <\/span><\/p>\n<p align=\"JUSTIFY\"><span style=\"font-size: medium;\"> Megismerj\u00fck a falvak \u00e9s v\u00e1rosok t\u00f6rt\u00e9net\u00e9t a legels\u0151, a mond\u00e1k k\u00f6d\u00e9be vesz\u0151 telep\u00fcl\u00e9sekt\u0151l Orb\u00e1n Bal\u00e1zs kor\u00e1ig. Tudom\u00e1st vesz\u00fcnk a k\u00f6rny\u00e9k t\u00f6rt\u00e9nelmi, n\u00e9prajzi vagy term\u00e9szeti nevezetess\u00e9geir\u0151l, k\u00fcl\u00f6n\u00f6sen ha a negyvennyolcas szabads\u00e1gharccal vannak kapcsolatban. A kast\u00e9lyok \u00e9s templomok k\u00fcl\u00f6n\u00f6sen vonzz\u00e1k vezet\u0151nket, aki sz\u00e1zn\u00e1l t\u00f6bb templom festm\u00e9nyit, kegyszereit, harangjait ismerteti meg az ut\u00f3korral Az \u00e9nlaki unit\u00e1rius templom sz\u00e9kely rov\u00e1s\u00edr\u00e1sos felirat\u00e1nak felfedez\u00e9s\u00e9t is neki k\u00f6sz\u00f6nhetj\u00fck. <\/span><\/p>\n<p align=\"JUSTIFY\"><span style=\"font-size: medium;\"> Megelevenedik el\u0151tt\u00fcnk a sz\u00e9kely n\u00e9p h\u00e9tk\u00f6znapi \u00e9s \u00fcnnepi \u00e9lete. Vel\u00fck verejt\u00e9kez\u00fcnk, amikor f\u00f6ldj\u00fcket sz\u00e1ntj\u00e1k, amikor \u201eerd\u0151znek\u201d, amikor az \u0151sfoglalkoz\u00e1sok kem\u00e9ny ig\u00e1j\u00e1ban g\u00f6rnyedezve szerzik meg a mindennapi betev\u0151 falatjukat.<\/span><\/p>\n<p align=\"JUSTIFY\"><span style=\"font-size: medium;\"> Vel\u00fck vagyunk, amikor \u201ek\u00fclf\u00f6ldre\u201d mennek dolgozni vagy kisz\u00e1ll\u00edtj\u00e1k a v\u00e1s\u00e1rra \u00e1ruikat s amikor a hossz\u00fa \u00fatr\u00f3l megt\u00e9rve, \u00fcnnepet \u00fclnek. <\/span><\/p>\n<p align=\"JUSTIFY\"><span style=\"font-size: medium;\"> Ilyenkor felcsengenek ajkaikon a sz\u00e9kely n\u00e9pballad\u00e1k \u00e9des-b\u00fas mel\u00f3di\u00e1i, fel a cs\u0171rd\u00f6ng\u00f6l\u0151 pattog\u00f3 rigmusai s j\u00f3 kedvvel harmatozz\u00e1k be a lakodalmas k\u00f6sz\u00f6nt\u00f6k hangjai mellett templomba halad\u00f3 n\u00e1szn\u00e9pet. <\/span><\/p>\n<p align=\"JUSTIFY\"><span style=\"font-size: medium;\"> \u00c9s milyen fest\u0151i maga a n\u00e9p is, amikor a nemzed\u00e9kr\u0151l-nemzed\u00e9kre sz\u00e1lt n\u00e9pviseletben halad az Isten h\u00e1za fel\u00e9.<\/span><\/p>\n<p align=\"JUSTIFY\"><span style=\"font-size: medium;\"> A sz\u00e9kely n\u00e9p m\u0171v\u00e9szl\u00e9lek. M\u00e1r a h\u00e1z bej\u00e1r\u00f3j\u00e1n\u00e1l \u00edzl\u00e9sesen faragott kapu fogad, m\u00edg a szob\u00e1ban a festett b\u00fatorok s sz\u00e9kely sz\u0151ttesek gy\u00f6ny\u00f6rk\u00f6dtetik a szemet. <\/span><\/p>\n<p align=\"JUSTIFY\"><span style=\"font-size: medium;\"> Sz\u00edv\u00e9lyesen marasztalnak minden\u00fctt s mi k\u00f6z\u00e9j\u00fck telepedve elmerengve hallgatjuk az \u0151s\u00f6kr\u0151l sz\u00f3l\u00f3 mond\u00e1kat, az egy-egy v\u00e1rromhoz, barlanghoz, vagy jellegzetes alak\u00fa szikl\u00e1hoz f\u0171z\u0151d\u0151 legend\u00e1kat, amelyek tal\u00e1n r\u00e9g elmer\u00fcltek volna a feled\u00e9s hom\u00e1ly\u00e1ban, ha Orb\u00e1n Bal\u00e1zs \u00e1t nem mentette volna az ut\u00f3kor sz\u00e1m\u00e1ra.<\/span><\/p>\n<p align=\"JUSTIFY\"><span style=\"font-size: medium;\"> \u00d6sszegy\u0171jt\u00f6tte a sz\u00e9kely n\u00e9pk\u00f6lt\u00e9szet term\u00e9keit, a rigmusokat, sz\u00f3l\u00e1s-mond\u00e1sokat, amelyekb\u0151l naiv, de az\u00e9rt \u00e9letre val\u00f3 n\u00e9pi b\u00f6lcsess\u00e9g sug\u00e1rzik fel\u00e9nk. Nem feledkezik meg a k\u00fcl\u00f6nf\u00e9le csal\u00e1d- \u00e9s helynevek eredet\u00e9nek megmagyar\u00e1z\u00e1s\u00e1r\u00f3l sem, \u00fagy, amint azokat a n\u00e9pi hagyom\u00e1nyok fenntartott\u00e1k. <\/span><\/p>\n<p align=\"JUSTIFY\"><span style=\"font-size: medium;\"> Nagy szeretettel foglalkozik Orb\u00e1n Bal\u00e1zs a Sz\u00e9kelyf\u00f6ld term\u00e9szeti kincseinek a felt\u00e1r\u00e1s\u00e1val is. Am\u00fagy is sz\u00ednes nyelvezete ilyenkor k\u00f6lt\u0151i magass\u00e1gokban lend\u00fcl, \u00e9rezz\u00fck, hogy nemcsak \u00e9rz\u00e9keltetni akarja a l\u00e1tottakat, hanem minket is a megl\u00e1togat\u00e1sukra akar cs\u00e1b\u00edtani. Val\u00f3ban : Orb\u00e1n Bal\u00e1zs az egyik f\u0151t\u00f6rekv\u00e9se az volt, hogy a Sz\u00e9kelyf\u00f6ld term\u00e9szeti kincseinek felt\u00e1r\u00e1s\u00e1val a k\u00f6zfigyelmet erre a f\u00f6lddarabra terelje s n\u00e9p\u00e9nek k\u00f6zvetve ezzel is hasznot hajtson.<\/span><\/p>\n<p align=\"JUSTIFY\"><span style=\"font-size: medium;\"> Nem volt szakk\u00e9pzett term\u00e9szettud\u00f3s, de hangyaszorgalommal gy\u0171jt\u00f6tte \u00f6ssze a legjelent\u00e9ktelenebb adatokat is, amelyhez hozz\u00e1juthatott. Sok esetben h\u00edvta fel a szakk\u00f6r\u00f6k figyelm\u00e9t valamely saj\u00e1toss\u00e1gra, amely m\u00e9g felt\u00e1r\u00e1s\u00e1ra \u00e9s megmagyar\u00e1z\u00e1sra v\u00e1r.<\/span><\/p>\n<p style=\"text-align: center;\" align=\"JUSTIFY\"><span style=\"font-size: medium;\"> * * *<\/span><\/p>\n<p align=\"JUSTIFY\"><span style=\"font-size: medium;\"> \u00d6tven \u00e9ve m\u00e1r, hogy senki sem szeg\u0151dhetik Orb\u00e1n Bal\u00e1zs mell\u00e9 \u00fatit\u00e1rsnak, de sz\u00e9kelyf\u00f6ldi kir\u00e1ndul\u00e1saink sor\u00e1n \u0151 most is vel\u00fcnk van. <\/span><\/p>\n<p align=\"JUSTIFY\"><span style=\"font-size: medium;\"> Sz\u00e1lljunk le a nek\u00fcnk annyira kedves Nagyk\u0151havas feny\u0151erd\u0151 b\u00e9rceir\u0151l s a Garcsin patak rohan\u00f3 habjai mell\u0151l tekints\u00fcnk fel az \u00cdrott-k\u0151 \u00e9s a gerinc szikl\u00e1inak jellegzetes vonalaira, haladjunk v\u00e9gig a sz\u0171k T\u00f6m\u00f6s v\u00f6lgy\u00f6n, \u00e9lvezz\u00fck a szoros k\u00f6rnyez\u0151 h\u00e1rom \u00f3ri\u00e1snak : a Bucsecsnek, Nagyk\u0151havasnak \u00e9s Kereszt\u00e9nyhavasnak leny\u0171g\u00f6z\u0151 l\u00e1tv\u00e1ny\u00e1t,vagy menj\u00fcnk fel a Cenkre : Orb\u00e1n Bal\u00e1zs minden\u00fctt vel\u00fcnk van.<\/span><\/p>\n<p align=\"JUSTIFY\"><span style=\"font-size: medium;\"> L\u00e1togassunk el a Barcas\u00e1gnak b\u00e1rmely zug\u00e1ba, a rozsny\u00f3i, a feketehalmi \u00e9s a krizbai v\u00e1rromokhoz, T\u00f6rcsv\u00e1rra, a cs\u00e1ng\u00f3 falvakba, a r\u00e9gi sz\u00e9kely telep\u00fcl\u00e9sek nyomaihoz, taposott \u00f6sv\u00e9nyen haladva, Orb\u00e1n Bal\u00e1zs el\u0151tt\u00fcnk j\u00e1rt ott.<\/span><\/p>\n<p align=\"JUSTIFY\"><span style=\"font-size: medium;\"> Vagy keress\u00fck fel a Sz\u00e9kelyf\u00f6ld term\u00e9szeti kincseit \u00e9s l\u00e1tv\u00e1nyoss\u00e1gait, H\u00e1romsz\u00e9k gy\u00f3gyf\u00fcrd\u0151it, a borv\u00edzforr\u00e1sokat, a fut\u00f3homokban \u00e1gyazott r\u00e9tyi ny\u00edrest, Torja hal\u00e1los g\u0151zt lehel\u0151 barlangj\u00e1t, B\u00e1lv\u00e1nyos v\u00e1r romjait, a K\u00e1rp\u00e1tok gy\u00f6ngy\u00e9t, a Szent Anna-tavat, Orb\u00e1n Bal\u00e1zs szelleme k\u00eds\u00e9r, \u0151 figyelmeztet a rejtett sz\u00e9ps\u00e9gekre. <\/span><\/p>\n<p align=\"JUSTIFY\"><span style=\"font-size: medium;\"> Kapaszkodjunk fel a Hargita v\u00e1ltozatosabbn\u00e1l-v\u00e1ltozatosabb l\u00e1tv\u00e1nyt ny\u00fajt\u00f3 v\u00f6lgyein, v\u00e1ndoroljunk v\u00e9gig a gerinc\u00e9n, l\u00e1togassuk meg a csiki medenc\u00e9t, j\u00e1rjuk be az Olt forr\u00e1svid\u00e9k\u00e9t, az Egyesk\u00f6vet, a Nagy-hagym\u00e1st, r\u00e1nduljunk ki a Gyilkos-t\u00f3hoz, hallgassuk meg a Nagy Coh\u00e1rd fenyveseinek a z\u00fag\u00e1s\u00e1t, n\u00e9ma csod\u00e1lattal ad\u00f3zzunk a felh\u0151kbe sz\u00f6k\u0151 megm\u00e1szhatatlan Olt\u00e1rk\u0151nek, ereszkedj\u00fcnk le a B\u00e9k\u00e1si-szoros sz\u00e1zm\u00e9teres sziklafalai k\u00f6z\u00e9, ahova csak delel\u00e9skor ha bet\u00e9ved egy-egy s\u00e1padt napsug\u00e1r, hallgassuk meg az erd\u0151 susog\u00e1s\u00e1t, a B\u00e9k\u00e1s patak szikl\u00e1r\u00f3l-szikl\u00e1ra sz\u00f6kdel\u0151 rohan\u00f3 hull\u00e1mainak a mormog\u00e1s\u00e1t, mir\u0151l mes\u00e9lnek ? H\u00edrt hoznak h\u00e1romnegyed \u00e9vsz\u00e1zad t\u00e1vol\u00e1b\u00f3l Orb\u00e1n Bal\u00e1zsr\u00f3l, akit itt m\u00e9g s\u0171r\u0171 \u00e1thatolhatatlan \u0151srengeteg fogadott. De m\u00e1r j\u00e1rt itt s mi csak az \u0151 nyomdokain haladhatunk.<\/span><\/p>\n<p align=\"JUSTIFY\"><span style=\"font-size: medium;\"> Ker\u00fclj\u00fcnk \u00e1t sz\u0171kebb haz\u00e1j\u00e1ba, Udvarhelyre s a parajdi s\u00f3szikl\u00e1kt\u00f3l az als\u00f3r\u00e1kosi Olt-szurdokig l\u00e1togassunk el minden faluba. Keress\u00fck fel Lengyelfalv\u00e1t, ahol sz\u00fcletett, Sz\u00e9kelyudvarhelyet, ahol iskol\u00e1it v\u00e9gezte, Szejkef\u00fcrd\u0151t, nyaral\u00f3j\u00e1t, amelyben dolgozott, s\u00edrj\u00e1t, amelyben \u00f6r\u00f6k \u00e1lm\u00e1t alussza, Sz\u00e9kelykereszt\u00fart, melynek unit\u00e1rius koll\u00e9gium\u00e1ra oly sokat \u00e1ldozott, a homor\u00f3dalm\u00e1si barlangot, melyet \u0151 t\u00e1rt fel \u00e9s \u00edrt le el\u0151sz\u00f6r : Orb\u00e1n Bal\u00e1zs eml\u00e9ke k\u00eds\u00e9r minden\u00fctt.<\/span><\/p>\n<p align=\"JUSTIFY\"><span style=\"font-size: medium;\"> L\u00e1togassuk meg Maros-ment\u00e9t, ameddig sz\u00e9kelyek lakj\u00e1k, a Ny\u00e1r\u00e1d-ment\u00e9t, Szov\u00e1t\u00e1t s am\u00edg f\u00e1radt tagjainkat a Medve-t\u00f3 meleg hull\u00e1maiban f\u00fcrdetj\u00fcj, ne feledj\u00fck hogy a t\u00f3 v\u00e1ltozatos t\u00f6rt\u00e9net\u00e9t is Orb\u00e1n Bal\u00e1zs mentette meg a feled\u00e9sb\u0151l. <\/span><\/p>\n<p align=\"JUSTIFY\"><span style=\"font-size: medium;\"> V\u00e9g\u00fcl l\u00e9pj\u00fcnk egy nagyot s az Aranyos-vize val\u00f3ban aranyos f\u00e9nybe ragyog\u00f3 hull\u00e1mai mellett mer\u00fclj\u00fcnk el az aranyos-sz\u00e9ki t\u00e1j\u00e9k sz\u00e9ps\u00e9g\u00e9ben. Keress\u00fck fel Torock\u00f3 h\u00edres vid\u00e9k\u00e9t \u00e9s n\u00e9p\u00e9t, haladjunk v\u00e9gig a tordai hasad\u00e9k sziklafalai k\u00f6z\u00f6tt, csod\u00e1lattal ad\u00f3zva a term\u00e9szet erej\u00e9nek, amely ezt a n\u00e9hol sz\u00e1z m\u00e9tern\u00e9l is m\u00e9lyebb szakad\u00e9kot l\u00e9trehozta : Orb\u00e1n Bal\u00e1zs itt sem hagy el, vel\u00fcnk van. <\/span><\/p>\n<p style=\"text-align: center;\" align=\"JUSTIFY\"><span style=\"font-size: medium;\"> * * *<\/span><\/p>\n<p align=\"JUSTIFY\"><span style=\"font-size: medium;\"> Vel\u00fcnk van a Sz\u00e9kelyf\u00f6ld \u00e9s a Barcas\u00e1g minden egyes hegy\u00e9n, minden v\u00f6lgy\u00e9ben, tavain\u00e1l, v\u00e1rromjain\u00e1l, templomain\u00e1l, falvaiban \u00e9s mag\u00e1nos k\u00fari\u00e1kban vel\u00fcnk van, ha kir\u00e1ndulunk, ha a term\u00e9szetet tanulm\u00e1nyozzuk, ha a sz\u00e9kelys\u00e9g t\u00f6rt\u00e9net\u00e9ben b\u00fav\u00e1rkodunk, mindig \u00e9s minden alkalommal, mert \u0151 minden sz\u00e9kelyf\u00f6ldi v\u00e1ndornak h\u0171s\u00e9ges bar\u00e1tja, \u00f6r\u00f6k \u00fatit\u00e1rsa. <\/span><\/p>\n<p style=\"text-align: center;\" align=\"JUSTIFY\"><span style=\"font-size: medium;\"> * * * <\/span><\/p>\n<p align=\"JUSTIFY\"><span style=\"font-size: medium;\"> <b>Nem hissz\u00fck azt, hogy Magyri L\u00e1szl\u00f3 Orb\u00e1n Bal\u00e1zsr\u00f3l \u00edrt r\u00e9szletes, megeml\u00e9kez\u00e9s\u00e9r\u0151l valaki ma enn\u00e9l jobb megeml\u00e9kez\u00e9st tudna \u00edrni. Ez k\u00e9sztetett arra, hogy k\u00f6z\u00f6lj\u00fck \u00edr\u00e1s\u00e1t, m\u00e9g akkor is ha az\u00f3ta t\u00f6bb \u00e9vtized telt el. <\/b><\/span><\/p>\n<p align=\"JUSTIFY\"><span style=\"font-size: medium;\"><b> Az ERD\u00c9LYI TURISTA 1930 decemberi sz\u00e1m\u00e1ban megjelent k\u00f6zlem\u00e9ny.<\/b><\/span><\/p>\n<p align=\"JUSTIFY\"><span style=\"font-size: medium;\"><b> <\/b><i><b>Eml\u00e9ket Orb\u00e1n Bal\u00e1zsnak !<\/b><\/i><b> <\/b><\/span><\/p>\n<p align=\"JUSTIFY\"><span style=\"font-size: medium;\"><b> <\/b>\u00cdrta B\u00e1nyai J\u00e1nos<\/span><\/p>\n<p align=\"JUSTIFY\"><span style=\"font-size: medium;\"> Orb\u00e1n Bal\u00e1zsnak, a Sz\u00e9kelyf\u00f6ld halhatatlan eml\u00e9k\u0171 kutat\u00f3j\u00e1nak nemr\u00e9gen \u00fcnnepelt\u00fck sz\u00e1z\u00e9ves sz\u00fclet\u00e9s\u0171 jubileum\u00e1t <\/span><\/p>\n<p align=\"JUSTIFY\"><span style=\"font-size: medium;\"><b> <\/b>Hogy ki volt Orb\u00e1n Bal\u00e1zs, nem kell hangs\u00falyoznunk intelligens \u00e9s \u00f6ntudatos turist\u00e1ink el\u0151tt. Annyi bizonyos, hogy sz\u00e9kelyf\u00f6ldi kir\u00e1ndul\u00e1sainknak m\u00e9g ma is egyetlen forr\u00e1sa az \u0151 nagy szeretettel meg\u00edrt monogr\u00e1fi\u00e1ja, a Sz\u00e9kelyf\u00f6ld Le\u00edr\u00e1sa c\u00edm\u0171 hatk\u00f6tetes m\u0171.<\/span><\/p>\n<p align=\"JUSTIFY\"><span style=\"font-size: medium;\"> Itt volna teh\u00e1t az ideje, hogy az erd\u00e9lyi turist\u00e1k apj\u00e1nak, \u2013 mert akkoriban bizony \u0151 am\u00fagy turistam\u00f3don, gyalog j\u00e1rta be az eg\u00e9sz Sz\u00e9kelyf\u00f6ldet, \u2013 a mi szer\u00e9ny viszonyainkhoz ill\u0151 \u00e9s st\u00edlt szer\u0171 eml\u00e9ket \u00e1ll\u00edtsunk. Sok minden m\u00f3dja lehet a kivitelnek, de azt hiszem, hogy legalkalmasabb az volna, ha az \u0151 kedvenc hely\u00e9t, a homor\u00f3dalm\u00e1si barlangot v\u00e1lasztan\u00e1nk az \u00fcnnepel\u00e9s sz\u00ednhely\u00e9\u00fcl s ez alkalommal a nevezetes barlangot az \u0151 eml\u00e9k\u00e9re \u201eOrb\u00e1n Bal\u00e1zs barlangnak\u201d nevezn\u0151k el s ezt a t\u00e9nyt egy kis eml\u00e9kt\u00e1bl\u00e1val a barlang sz\u00e1j\u00e1n\u00e1l mindenki \u00e1ltal l\u00e1that\u00f3 m\u00f3don kifejez\u00e9sre is juttatn\u00f3k. <\/span><\/p>\n<p align=\"JUSTIFY\"><span style=\"font-size: medium;\"> Ezt az alkalmat arra is fel kellene haszn\u00e1lni, hogy a turistas\u00e1g szempontj\u00e1b\u00f3l els\u0151rend\u0171, s m\u00e9gis a Hamupip\u0151ke szerep\u00e9t j\u00e1tsz\u00f3 remek term\u00e9szeti sz\u00e9ps\u00e9get \u00e9s t\u00f6rt\u00e9nelmi nevezetess\u00e9get az \u00e9rdekl\u0151d\u00e9s k\u00f6z\u00e9ppontj\u00e1ba helyezz\u00fck. \u00c9n azt hiszem, legels\u0151 feladat egy hozz\u00e1vezet\u0151 \u00fatnak a meg\u00e9p\u00edt\u00e9se volna. Itt nagy szolg\u00e1latot tehetn\u00e9nk a homor\u00f3dalm\u00e1si lak\u00f3knak. A sz\u00e9pen m\u0171k\u00f6d\u0151 D\u00e1vid Ferenc leg\u00e9nyegyletek helyi csoportja igaz\u00e1n legh\u00e1l\u00e1sabb munk\u00e1t akkor v\u00e9gezn\u00e9, ha annak a kivitel\u00e9t v\u00e1llaln\u00e1, hisz \u00e9p a nagy unit\u00e1rius Orb\u00e1n Bal\u00e1zs s egyben falujuk h\u00edrnev\u00e9nek az emel\u00e9s\u00e9t is szolg\u00e1ln\u00e1k azzal, nem is sz\u00f3lva arr\u00f3l az anyagi haszonr\u00f3l, amihez a k\u00f6zs\u00e9g az idegenforgalom r\u00e9v\u00e9n hozz\u00e1juthat. <\/span><\/p>\n<p align=\"JUSTIFY\"><span style=\"font-size: medium;\"> Hissz\u00fck, hogy a Brass\u00f3i Turista Egyes\u00fclet felk\u00e9r\u00e9s\u00e9re a felvetett gondolat a homor\u00f3dalm\u00e1si vezet\u0151s\u00e9gn\u00e9l meg\u00e9rt\u00e9sre tal\u00e1l s keresni fogj\u00e1k a m\u00f3dj\u00e1t annak, hogy kal\u00e1k\u00e1z\u00e1s vagy m\u00e1s c\u00edm alatt \u00e1ldozzanak Orb\u00e1n Bal\u00e1zs eml\u00e9k\u00e9nek, annak az embernek, aki egy \u00e9leten \u00e1t dolgozott a sz\u00e9kely k\u00f6zc\u00e9lok\u00e9rt. <\/span><\/p>\n<p align=\"JUSTIFY\"><span style=\"font-size: medium;\"> A Brass\u00f3i Turista Egyes\u00fclet vezet\u0151s\u00e9g\u00e9nek szakszer\u0171 ir\u00e1ny\u00edt\u00e1sa mellett a homor\u00f3dalm\u00e1siak \u00e9p\u00edt\u0151 munk\u00e1ja igaz\u00e1n mintaszer\u0171t produk\u00e1lhatna s most k\u00f6vetkez\u0151 t\u00e9li-szezon \u00e9p j\u00f3 volna a k\u00e9rd\u00e9s gyakorlati megold\u00e1s\u00e1nak az el\u0151k\u00e9sz\u00edt\u00e9s\u00e9re s tal\u00e1n a j\u00f6v\u0151 \u00e9vi szezonnyit\u00e1s a nagy sz\u00e9kely eml\u00e9k\u00fcnnep\u00e9ly\u00e9vel lehetne \u00f6sszek\u00f6tni. <\/span><\/p>\n<p align=\"JUSTIFY\"><span style=\"font-size: medium;\"> Hiszem, hogy ez az engem r\u00e9g\u00f3ta foglalkoztat\u00f3 kegyeletes megeml\u00e9kez\u00e9s m\u00e9g m\u00e1sb\u00f3l is v\u00e1lt ki hozz\u00e1sz\u00f3l\u00e1st, hisz a j\u00f3 tan\u00e1csokra, megold\u00e1si m\u00f3dokra mindig sz\u00fcks\u00e9g van.<\/span><\/p>\n<p align=\"JUSTIFY\"><span style=\"font-size: medium;\"> <b>Az ERD\u00c9LYI TURISTA <\/b> <b>1931 m\u00e1jusi sz\u00e1m\u00e1ban megjelent k\u00f6zlem\u00e9ny.<\/b><\/span><\/p>\n<p align=\"LEFT\"><span style=\"font-size: medium;\"><b> <\/b><b>Orb\u00e1n Bal\u00e1zs \u2013 \u00fcnnep a homor\u00f3dalm\u00e1si barlangn\u00e1l.<\/b><\/span><\/p>\n<p align=\"JUSTIFY\"><span style=\"font-size: medium;\"><b> <\/b>B\u00e1nyai J\u00e1nos sz\u00e9kelykereszt\u00fari geol\u00f3gus tan\u00e1rnak az Erd\u00e9lyi Turista legut\u00f3bbi sz\u00e1m\u00e1ban megjelent felh\u00edv\u00e1s\u00e1t a B.T.E. Mag\u00e1\u00e9v\u00e1 tette \u00e9s elhat\u00e1rozta, hogy p\u00fcnk\u00f6sdkor a homor\u00f3dalm\u00e1si t\u00f6rt\u00e9nelmi nevezetess\u00e9g\u0171 barlangn\u00e1l \u00fcnneps\u00e9get rendez a legnagyobb sz\u00e9kely kutat\u00f3 \u00e9s turista Orb\u00e1n Bal\u00e1zs eml\u00e9k\u00e9re s ez alkalommal Orb\u00e1n Bal\u00e1zs \u2013 barlangnak kereszteli el a h\u00edres barlangot. A sz\u00e9kelyf\u00f6ld minden r\u00e9sz\u00e9b\u0151l nagy \u00e9rdekl\u0151d\u00e9s mutatkozik az \u00fcnneps\u00e9g ir\u00e1nt, melyen r\u00e9szt vesznek a brass\u00f3i, erd\u0151vid\u00e9ki, csiki, udvarhelyi, kereszt\u00fari \u00e9s kolozsv\u00e1ri turist\u00e1k. Az \u00fcnneps\u00e9g r\u00e9szletes programj\u00e1t a napilapok has\u00e1bj\u00e1n k\u00f6zli a B.T.E.<\/span><\/p>\n<p align=\"JUSTIFY\"><span style=\"font-size: medium;\"> <b>Sajnos a barlang nem viselhette sok\u00e1ig ezt a megtisztel\u0151 nevet, mivel a BTE vand\u00e1l gonosz ellens\u00e9gei a t\u00e1bl\u00e1t levert\u00e9k \u00e9s \u00f6sszet\u00f6rt\u00e9k. \u00d6sszet\u00f6rt\u00e9k azt a t\u00e1bl\u00e1t, amelyen Orb\u00e1n Bal\u00e1zs szent neve \u00e1lt. A t\u00e1bl\u00e1t \u00f6sszet\u00f6rhett\u00e9k de az eml\u00e9ket nem tudt\u00e1k sz\u00e9tz\u00fazni, az eml\u00e9k \u00f6r\u00f6kk\u00e9 fennmaradt.<\/b><\/span><\/p>\n<p align=\"JUSTIFY\"><span style=\"font-size: medium;\"><b> A barlang bej\u00e1rat\u00e1n\u00e1l egy rozsd\u00e1s t\u00e1bla rom\u00e1n nyelven \u00e9s magyar nyelven tudatja, hogy Orb\u00e1n Bal\u00e1zs szent barlangj\u00e1ban l\u00e9pt\u00e9l be.<\/b><\/span><\/p>\n<p align=\"JUSTIFY\">[singlepic id=198 w=640 h=480 float=center]<\/p>\n<p align=\"LEFT\"><span style=\"font-size: medium;\"><b> 1993-ban, alakult brass\u00f3i EKE oszt\u00e1ly ORB\u00c1N BAL\u00c1ZS sz\u00fclet\u00e9s\u00e9nek <\/b> <b>175-ik \u00e9vfordul\u00f3ja eml\u00e9k\u00e9re<\/b> <b>j\u00f3l siker\u00fclt \u00fcnnep\u00e9lyt szervezett.<\/b><\/span><\/p>\n<p align=\"JUSTIFY\"><span style=\"font-size: medium;\"> <b>ORB\u00c1N BAL\u00c1ZS EML\u00c9K\u00dcNNEP<\/b> <\/span><\/p>\n<p align=\"JUSTIFY\"><span style=\"font-size: medium;\"> <b>2004<\/b><\/span><\/p>\n<p align=\"JUSTIFY\"><span style=\"font-size: medium;\"> <b>Az \u00fcnnep\u00e9ly helysz\u00edne: Baiulescu-h\u00e1z<\/b><\/span><\/p>\n<p align=\"JUSTIFY\"><span style=\"font-size: medium;\"><b> Az \u00fcnnep\u00e9lyt So\u00f3s G\u00e1bor EKE eln\u00f6k nyitotta meg \u00e9s ezt \u00fcnnepl\u0151 besz\u00e9ddel m\u00e9ltatta.<\/b><\/span><\/p>\n<p align=\"JUSTIFY\"><span style=\"font-size: medium;\"><b> El\u0151ad\u00f3k:<\/b><\/span><\/p>\n<p align=\"JUSTIFY\"><span style=\"font-size: medium;\"><b>Szotyory M\u00e1ria &#8211; titk\u00e1r<\/b><\/span><\/p>\n<p align=\"JUSTIFY\"><span style=\"font-size: medium;\"><b> Orosz J\u00f3zsef &#8211; aleln\u00f6k <\/b><\/span><\/p>\n<p align=\"JUSTIFY\"><span style=\"font-size: medium;\"><b> S\u00edpos Lajos &#8211; kultur felel\u0151s<\/b><\/span><\/p>\n<p align=\"JUSTIFY\"><span style=\"font-size: medium;\"><b> Gr\u00e9sz Judit &#8211; tag <\/b><\/span><\/p>\n<p align=\"JUSTIFY\"><span style=\"font-size: medium;\"><b> Fell\u00e9pett: A brass\u00f3i Magyar Dal\u00e1rda<\/b><\/span><\/p>\n<p align=\"JUSTIFY\"><span style=\"font-size: medium;\"><b> a Grimasz \u00e9s az EKE ifj\u00fas\u00e1gi Csapata<\/b><\/span><\/p>\n<p align=\"LEFT\">[singlepic id=173 w=640 h=480 float=center]<\/p>\n<p align=\"LEFT\">[singlepic id=174 w=640 h=480 float=center]<\/p>\n<p align=\"LEFT\">[singlepic id=175 w=640 h=480 float=center]<\/p>\n<p align=\"LEFT\">[singlepic id=176 w=640 h=480 float=center]<\/p>\n<p align=\"LEFT\">[singlepic id=177 w=640 h=480 float=center]<\/p>\n<p align=\"LEFT\"><span style=\"font-size: medium;\"><b> Szotyory Gy\u00f6rgy aleln\u00f6k a teremben fot\u00f3 ki\u00e1ll\u00edt\u00e1st szervezett, amely keret\u00e9n az EKE tagok bemutatt\u00e1k a kir\u00e1ndul\u00e1sokon k\u00e9sz\u00edtett legjobb f\u00e9nyk\u00e9peiket. <\/b><\/span><\/p>\n<p align=\"JUSTIFY\"><span style=\"font-size: medium;\"><b> A 2005-ben, alakult Brass\u00f3i Turista Egyes\u00fclet ORB\u00c1N BAL\u00c1ZS eml\u00e9k\u00e9re v\u00e1ndor t\u00e1borokat szervezett, f\u0151leg sz\u00e9kelyf\u00f6ld\u00f6n amelyet Orb\u00e1n Bal\u00e1zs nev\u00e9r\u0151l nevezett el.<\/b><\/span><\/p>\n<p align=\"JUSTIFY\"><span style=\"font-size: medium;\"><b> Az al\u00e1bbiakban bemutatunk egy p\u00e1r t\u00e1bori f\u00fczetet. \u00a0<\/b><\/span><\/p>\n<p align=\"JUSTIFY\">[singlepic id=179 w=640 h=480 float=center]<\/p>\n<p align=\"JUSTIFY\">[singlepic id=180 w=640 h=480 float=center]<\/p>\n<p align=\"JUSTIFY\">[singlepic id=181 w=640 h=480 float=center]<\/p>\n<p align=\"JUSTIFY\">[singlepic id=182 w=640 h=480 float=center]<\/p>\n","protected":false},"excerpt":{"rendered":"<p>Sz\u00fclet\u00e9s\u00e9nek (1829 febru\u00e1r 3)\u00a0185. \u00e9vfordul\u00f3j\u00e1nak az eml\u00e9k\u00e9re &#8211; 2014\u00a0 [singlepic id=178 w=640 h=480 float=center] Orb\u00e1n Bal\u00e1zs eml\u00e9kezete. A Sz\u00e9kely G\u00e9za \u00e1ltal szerkesztett \u201eBRASS\u00d3I TURISTA\u201d 1940 \u00e1prilisi sz\u00e1m\u00e1ban megjelent k\u00f6zlem\u00e9ny. \u00cdrta \u00e9s a BTE k\u00f6zgy\u0171l\u00e9sen felolvasta Magyari L\u00e1szl\u00f3 A m\u0171velt ember \u00e9lete v\u00e1ndor\u00fatj\u00e1n soha sincsen egyed\u00fcl. M\u00e9g amikor \u00fagy \u00e9rzi, hogy mindenkit\u0151l elhagyottan t\u00e1rstalanul bolyong sors\u00e1nak &hellip; <a href=\"https:\/\/brassoi-turista-egyesulet.eu\/?page_id=222\" class=\"more-link\">Continue reading <span class=\"screen-reader-text\">Orb\u00e1n Bal\u00e1zs<\/span> <span class=\"meta-nav\">&rarr;<\/span><\/a><\/p>\n","protected":false},"author":1,"featured_media":0,"parent":0,"menu_order":0,"comment_status":"closed","ping_status":"open","template":"","meta":{"footnotes":""},"class_list":["post-222","page","type-page","status-publish","hentry"],"_links":{"self":[{"href":"https:\/\/brassoi-turista-egyesulet.eu\/index.php?rest_route=\/wp\/v2\/pages\/222","targetHints":{"allow":["GET"]}}],"collection":[{"href":"https:\/\/brassoi-turista-egyesulet.eu\/index.php?rest_route=\/wp\/v2\/pages"}],"about":[{"href":"https:\/\/brassoi-turista-egyesulet.eu\/index.php?rest_route=\/wp\/v2\/types\/page"}],"author":[{"embeddable":true,"href":"https:\/\/brassoi-turista-egyesulet.eu\/index.php?rest_route=\/wp\/v2\/users\/1"}],"replies":[{"embeddable":true,"href":"https:\/\/brassoi-turista-egyesulet.eu\/index.php?rest_route=%2Fwp%2Fv2%2Fcomments&post=222"}],"version-history":[{"count":12,"href":"https:\/\/brassoi-turista-egyesulet.eu\/index.php?rest_route=\/wp\/v2\/pages\/222\/revisions"}],"predecessor-version":[{"id":348,"href":"https:\/\/brassoi-turista-egyesulet.eu\/index.php?rest_route=\/wp\/v2\/pages\/222\/revisions\/348"}],"wp:attachment":[{"href":"https:\/\/brassoi-turista-egyesulet.eu\/index.php?rest_route=%2Fwp%2Fv2%2Fmedia&parent=222"}],"curies":[{"name":"wp","href":"https:\/\/api.w.org\/{rel}","templated":true}]}}