{"id":257,"date":"2014-02-18T13:08:18","date_gmt":"2014-02-18T11:08:18","guid":{"rendered":"http:\/\/brassoi-turista-egyesulet.eu\/?page_id=257"},"modified":"2015-09-29T13:10:58","modified_gmt":"2015-09-29T10:10:58","slug":"encian","status":"publish","type":"page","link":"https:\/\/brassoi-turista-egyesulet.eu\/?page_id=257","title":{"rendered":"ENCI\u00c1N"},"content":{"rendered":"<p>[singlepic id=324 w=320 h=240 float=center]<\/p>\n<p><b>Victoria Sport Club \u201eENCI\u00c1N\u201d<\/b><\/p>\n<p>Az 1930-as \u00e9vekben k\u00e9t magyar bejegyzett turista egyes\u00fclet m\u0171k\u00f6d\u00f6tt Brass\u00f3ban. A Brass\u00f3i Turista Egyes\u00fclet BTE, alap\u00edtotta Hal\u00e1sz Gyula tan\u00e1r 1927-ben.<\/p>\n<p>A Victoria Sport Club \u201eEnci\u00e1n\u201d Victoria S. K. alap\u00edtotta Tomcs\u00e1nyi B\u00e9la 1931 janu\u00e1r 7-\u00e9n. Az egyes\u00fclet vezet\u0151i: Tomcs\u00e1nyi B\u00e9la tb. eln\u00f6k, Hild J\u00e1nos eln\u00f6k, \u00d6rd\u00f6gh S\u00e1ndor f\u0151titk\u00e1r.<\/p>\n<p align=\"JUSTIFY\">Az Enci\u00e1n megalakul\u00e1s\u00e1val kapcsolatban r\u00e9szletes le\u00edr\u00e1st tal\u00e1lunk az ENCIAN Havi Foly\u00f3irat 1936 janu\u00e1r. II. \u00e9vfolyam 1. sz\u00e1m\u00e1ban. <b> Az \u201eEnci\u00e1n\u201djubil\u00e1ris \u00fcnneps\u00e9ge. <\/b>A k\u00f6zlem\u00e9nyt az al\u00e1bbiakban k\u00f6z\u00f6lj\u00fck.<\/p>\n<p align=\"JUSTIFY\">A k\u00e9t egyes\u00fclet p\u00e1rhuzamosan m\u0171k\u00f6d\u00f6tt, j\u00f3 egyet\u00e9rt\u00e9sben, \u00e9s ugyanazt a c\u00e9lt szolg\u00e1lt\u00e1k, a turizmust. Mindk\u00e9t egyes\u00fclet sikeresen m\u0171k\u00f6d\u00f6tt. Turistah\u00e1zakat, ugr\u00f3s\u00e1ncokat \u00e9p\u00edtettek. A k\u00e9t egyes\u00fclet, testv\u00e9r egyes\u00fcletet k\u00e9pezett.<\/p>\n<p>1933-ban, iroda helys\u00e9get nyitott \u00e9s itt alakult meg az Enci\u00e1n klub, V\u00e1r utca 2 sz\u00e1m alatt.<\/p>\n<p align=\"JUSTIFY\">1935 \u00e1prilis\u00e1ban kiadja az Enci\u00e1n c\u00edm\u0171 foly\u00f3iratot, Hild J\u00e1nos szerkeszt\u00e9s\u00e9ben. Az Enci\u00e1n els\u0151 p\u00e9ld\u00e1ny\u00e1nak megjelen\u00e9se alkalm\u00e1val az egyes\u00fclet meleg hang\u00fa \u00fcdv\u00f6zl\u0151 sorokat kapott a k\u00fclf\u00f6ldi \u201eEnci\u00e1n Turist\u00e1k\u201d egyes\u00fcleteit\u0151l.<\/p>\n<p align=\"JUSTIFY\">Zernyesten fi\u00f3k oszt\u00e1lyt alap\u00edtottak. Lesikl\u00f3 versenyekr\u0151l sz\u00e1moltak be a lapok, de arr\u00f3l is besz\u00e1moltak, hogy egym\u00e1sut\u00e1n olyan \u00e9vek k\u00f6vetkeztek, hogy nem volt h\u00f3 a s\u00edel\u00e9shez.<\/p>\n<p>A Brass\u00f3i Turista Egyes\u00fcletet BTE 1940-ben, betiltott\u00e1k.<\/p>\n<p>Az Enci\u00e1n Sport Klub, viszont 1948-ig m\u0171k\u00f6d\u00f6tt.<\/p>\n<p>1989 ut\u00e1n, Brass\u00f3ban megalakult az EKE fi\u00f3k oszt\u00e1ly, de sajnos hivatalosan nem jegyzik be.<\/p>\n<p align=\"JUSTIFY\">2005 november 3-\u00e1n, Az EKE-t szavaz\u00e1s \u00fatj\u00e1n Brass\u00f3i turista Egyes\u00fclet n\u00e9ven bejegyzik a t\u00f6rv\u00e9nysz\u00e9ken. A BTE testv\u00e9r egyes\u00fclet\u00e9t, az Enci\u00e1nt senki se alap\u00edtja meg, jegyezteti be hivatalosan a t\u00f6rv\u00e9nysz\u00e9ken. Persze volt sz\u00f3 r\u00f3la, voltak akik az Enci\u00e1n lesz\u00e1rmazottjainak nevezt\u00e9k magukat, csak \u00e9ppen a hivataloss\u00e1 t\u00e9tele hi\u00e1nyzott.<\/p>\n<p align=\"JUSTIFY\">A BTE eln\u00f6ke, Szotyory Gy\u00f6rgy \u00fagy hat\u00e1rozott, hogy az Enci\u00e1n testv\u00e9r egyes\u00fcletet nem engedi feled\u00e9sben mer\u00fclni \u00e9s ha m\u00e1sk\u00e9ppen nem is lehet, az Enci\u00e1nt BTE honlapj\u00e1n \u00e9letre kelti \u00e9s tov\u00e1bbra is a BTE testv\u00e9r egyes\u00fclet\u00e9nek ismeri el. Ezek ut\u00e1n az Enci\u00e1n a BTE egyes\u00fclet keret\u00e9n \u00fajb\u00f3l l\u00e9tezik. Az Enci\u00e1nra eml\u00e9kezve t\u00far\u00e1kat is fogunk szervezni.<\/p>\n<p align=\"JUSTIFY\">Nagy odaad\u00e1ssal v\u00e1rjuk, hogy l\u00e9tes\u00fclj\u00f6n Brass\u00f3ban egy olyan turista egyes\u00fclet, amely az ENCIANT mag\u00e1\u00e9v\u00e1 teszi \u00e9s hivatalosan bejegyzi a brass\u00f3i t\u00f6rv\u00e9nysz\u00e9ken.<\/p>\n<p><b>\u00c9ljen a feled\u00e9sb\u0151l felt\u00e1masztott ENCI\u00c1N!<\/b><\/p>\n<p align=\"JUSTIFY\">Az al\u00e1bbiakban, az Enci\u00e1n havilapokban tall\u00f3zva fogunk r\u00e9szleteket k\u00f6z\u00f6lni, tov\u00e1bb\u00e1 f\u00e9nyk\u00e9peket is k\u00f6zl\u00fcnk Hild M\u00e1ria, Hild J\u00e1nos eln\u00f6k le\u00e1nya f\u00e9nyk\u00e9p album\u00e1b\u00f3l, amit ez alkalommal k\u00f6sz\u00f6n\u00fcnk meg, hogy a f\u00e9nyk\u00e9peket rendelkez\u00e9s\u00fcnkre bocs\u00e1totta.<\/p>\n<p align=\"JUSTIFY\">1946 m\u00e1jus 7-\u00e9n, Csern\u00e1tfaluban megalakult a \u201eH\u00e9tfalusi csoport\u201d A k\u00f6zgy\u0171l\u00e9sen az anyaegyes\u00fclet r\u00e9sz\u00e9r\u0151l jelen volt : \u00d6rd\u00f6gh S\u00e1ndor eln\u00f6k, Csegezy Gy\u00f6rgy \u00e9s F\u00f6rster Bal\u00e1zs aleln\u00f6k\u00f6k, L\u00e1jber D\u00e9nes \u00e9s Imreh M\u00e1ria szakoszt\u00e1lyvezet\u0151k, Sz\u0151ts Tibor f\u0151titk\u00e1r, Cseh Ferenc titk\u00e1r, Kiss Elvira jegyz\u0151. A szab\u00e1lyzatot F\u00f6rster Bal\u00e1zs aleln\u00f6k ismertette. Eln\u00f6knek Papp Andr\u00e1st v\u00e1lasztott\u00e1k.<\/p>\n<p>1948-ban, Hild J\u00e1nos tiszteletbeli eln\u00f6k OKLEV\u00c9LLEL volt kit\u00fcntetve mint \u201eMAGASHEGYJ\u00c1R\u00d3\u201d A f\u00e9nym\u00e1solat\u00e1t az oklev\u00e9lnek k\u00f6z\u00f6lj\u00fck.<\/p>\n<p><strong>Az ENCI\u00c1N vezet\u0151s\u00e9ge:<\/strong><\/p>\n<p>[nggallery id=20]<\/p>\n<p>Balr\u00f3l jobbra: Tomcs\u00e1nyi B\u00e9la &#8211; tiszteletbeli eln\u00f6k, Hild J\u00e1nos &#8211; eln\u00f6k, F\u00f6rster Bal\u00e1zs &#8211; aleln\u00f6k, \u00d6rd\u00f6gh S\u00e1ndor &#8211; f\u00f6titk\u00e1r, Laiber D\u00e9nes &#8211; szakoszt\u00e1ly vezet\u0151<\/p>\n<p>[singlepic id=212 w=640 h=480 float=center]<\/p>\n<p>[singlepic id=233 w=640 h=480 float=center]<\/p>\n<p>&nbsp;<\/p>\n<p><b>Az ENCIAN havi foly\u00f3irat 1936 janu\u00e1r. II. \u00e9vfolyam 1. sz\u00e1m.<\/b><\/p>\n<p><b>Megjelent k\u00f6zlem\u00e9ny.<\/b><\/p>\n<p><i><b>Az \u201eEncian\u201d jubil\u00e1ris \u00fcnneps\u00e9ge.<\/b><\/i><\/p>\n<p><span style=\"font-size: medium;\">A szerz\u0151 neve nincs felt\u00fcntetve<\/span><\/p>\n<p align=\"JUSTIFY\"><i> <\/i><span style=\"font-size: medium;\">Vas\u00e1rnap, janu\u00e1r 12-\u00e9n este \u00fcnnepelte egyes\u00fclet\u00fcnk fenn\u00e1ll\u00e1s\u00e1nak \u00f6t\u00f6dik \u00e9vfordul\u00f3j\u00e1t. A jubil\u00e1ris \u00fcnneps\u00e9g , melyen mintegy 70 sportt\u00e1rs jelent meg, mindv\u00e9gig lelkes hangulatban folyt le.<\/span><\/p>\n<p align=\"JUSTIFY\"><span style=\"font-size: medium;\"> Az \u00fcnnepi gy\u0171l\u00e9st Hild J\u00e1nos eln\u00f6k nyitotta meg, \u00fcdv\u00f6z\u00f6lve a megjelenteket. \u00c1tadta a sz\u00f3t Tomcs\u00e1nyi B\u00e9la tb. eln\u00f6knek, aki az egyes\u00fclet megalakul\u00e1s\u00e1nak t\u00f6rt\u00e9net\u00e9t ismerteti. Felolvassa azt a jegyz\u0151k\u00f6nyvet, amelyet a \u201eVictoria S. K.\u201d turista aloszt\u00e1ly\u00e1nak a megalakul\u00e1sakor vettek fel. Ez a jegyz\u0151k\u00f6nyv, amelyet 1931 janu\u00e1r 7-\u00e9n kelt, az egyes\u00fclet megalakul\u00e1s\u00e1nak hivatalos okm\u00e1ny\u00e1t k\u00e9pezi Ezut\u00e1n meleg szavakkal eml\u00e9kezik meg azokr\u00f3l a sportt\u00e1rsakr\u00f3l, akik mell\u00e9je \u00e1lltak \u00e9s seg\u00e9dkezet ny\u00fajtottak neki megalakul\u00e1s neh\u00e9zs\u00e9geinek a lek\u00fczd\u00e9s\u00e9re \u00e9s azut\u00e1n is kitartottak mellette \u00f6t hossz\u00fa \u00e9ven kereszt\u00fcl. <\/span><\/p>\n<p align=\"JUSTIFY\"><span style=\"font-size: medium;\"> Tomcs\u00e1nyi tb. eln\u00f6k ut\u00e1n \u00d6rd\u00f6gh S\u00e1ndor f\u0151titk\u00e1r teszi meg jelent\u00e9s\u00e9t, amelyb\u0151l kiemelj\u00fck a fontosabb esem\u00e9nyeket :<\/span><\/p>\n<p align=\"JUSTIFY\"><span style=\"font-size: medium;\"> A \u201eVictoria Soport Club\u201d Turista aloszt\u00e1lya n\u00e9ven megalakult egyes\u00fclet nyilv\u00e1nos szerepl\u00e9se az 1931 febru\u00e1r 2-\u00e1n megrendezett s\u00edversennyel veszi kezdet\u00e9t. Az ugr\u00f3versenyt egy ideiglenes s\u00e1ncon bonyol\u00edtottuk le, amelyet a Poj\u00e1n\u00e1ban, az Orendi-domb oldal\u00e1n \u00e9p\u00edtettek lelkes ugr\u00f3ink. <\/span><\/p>\n<p align=\"JUSTIFY\"><span style=\"font-size: medium;\"> A t\u00e9l elm\u00falt\u00e1val megkezdj\u00fck a t\u00e1rsaskir\u00e1ndul\u00e1sok megrendez\u00e9s\u00e9t. 30 \u2013 40 tag\u00fa csoportokat vezet\u00fcnk ki a hegyekre, megismertetve vel\u00fck a szabad term\u00e9szet sz\u00e9ps\u00e9geit. Ny\u00e1ron k\u00e9thetes t\u00far\u00e1t rendez\u00fcnk a Fekete tengerre, amely f\u00e9nyesen siker\u00fclt. \u0150sz be\u00e1llt\u00e1val fel\u00e9p\u00edtik tagjaink a mai ugr\u00f3s\u00e1ncunkat a Poj\u00e1n\u00e1ban. M\u00e9g ez \u00e9v 1931 \u0151sz\u00e9n n\u00e9h\u00e1ny tagunk anyagi hozz\u00e1j\u00e1rul\u00e1s\u00e1val egy Klubhelyis\u00e9get rendez\u00fcnk be a Hirscher utc\u00e1ban, ahol tagjaink meleg otthonra tal\u00e1lnak.<\/span><\/p>\n<p align=\"JUSTIFY\"><span style=\"font-size: medium;\"> Ekkora m\u00e1r az egyes\u00fclet annyira fejl\u0151d\u00f6tt, hogy az eddigi keretek sz\u0171knek bizonyultak. Felmer\u00fcl az \u00f6n\u00e1ll\u00f3 s\u00ed- \u00e9s turista egyes\u00fclet gondolata. Az 1932 janu\u00e1rj\u00e1ban \u00f6sszeh\u00edvott k\u00f6zgy\u0171l\u00e9s kimondja az anyaegyes\u00fclett\u0151l val\u00f3 elszakad\u00e1st \u00e9s \u201eEnci\u00e1n\u201d n\u00e9ven \u00f6n\u00e1ll\u00f3 s\u00ed- \u00e9s turista egyes\u00fclet megalak\u00edt\u00e1s\u00e1t hat\u00e1rozza el. <\/span><\/p>\n<p align=\"JUSTIFY\"><span style=\"font-size: medium;\"> Az \u201eEnci\u00e1n\u201d megalakul\u00e1sa ut\u00e1n bel\u00e9p az Orsz\u00e1gos S\u00edsz\u00f6vets\u00e9gbe, az 1931-32 \u00e9vi orsz\u00e1gos s\u00edversenyeken az ifj\u00fas\u00e1gi ugr\u00f3bajnoks\u00e1got \u00e9s m\u00e9g k\u00e9t helyez\u00e9st nyer el.1933 \u0151sz\u00e9n a V\u00e1r-u. 2 sz. alatt, a v\u00e1ros tulajdon\u00e1t k\u00e9pez\u0151 h\u00e1zban rendezz\u00fck be klubhelyis\u00e9g\u00fcnket, ahol az\u00f3ta gy\u0171l\u00e9seinket, kult\u00farel\u0151ad\u00e1sainkat, stb. tartjuk.<\/span><\/p>\n<p align=\"JUSTIFY\"><span style=\"font-size: medium;\"> 1934-ben, egyes\u00fclet\u00fcnket az a megtiszteltet\u00e9s \u00e9ri, hogy a budapesti Term\u00e9szetbar\u00e1tok T. E. h\u00e9t tagja vezet\u0151ink kalauzol\u00e1sa mellett k\u00e9t hetet t\u00f6ltenek hegyeinkben.<\/span><\/p>\n<p align=\"JUSTIFY\"><span style=\"font-size: medium;\"> Az \u00e9v jelent\u0151s esem\u00e9nnyel z\u00e1rul. Zernest k\u00f6zs\u00e9gben lak\u00f3 sportt\u00e1rsaink csoportot alak\u00edtanak, 1935 janu\u00e1r 10-\u00e9n m\u00e1r propaganda s\u00edversenyt rendez\u00fcnk ott, amelynek c\u00e9lja a s\u00edel\u00e9s meghonos\u00edt\u00e1sa Zernesten. Az \u00e9v folyam\u00e1n t\u00f6bb k\u00f6z\u00f6s kir\u00e1ndul\u00e1st, novemberben pedig j\u00f3l siker\u00fclt Enci\u00e1n b\u00e1lt rendeztek a zernestiek.<\/span><\/p>\n<p align=\"JUSTIFY\"><span style=\"font-size: medium;\"> A m\u00falt \u00e9v \u00e1prilis hav\u00e1ban vezet\u0151s\u00e9g\u00fcnk elhat\u00e1rozta \u201eEnci\u00e1n\u201d n\u00e9ven egy havonk\u00e9nt megjelen\u0151, turistas\u00e1ggal \u00e9s s\u00ed sporttal foglalkoz\u00f3 lapnak a kiad\u00e1s\u00e1t. <\/span><\/p>\n<p><span style=\"font-size: medium;\"> Ezenk\u00edv\u00fcl az egyes\u00fclet rendez kir\u00e1ndul\u00e1sokat \u00e9s a szok\u00e1sos ny\u00e1rb\u00facs\u00faztat\u00f3kat.<\/span><\/p>\n<p align=\"JUSTIFY\"><span style=\"font-size: medium;\"> \u00d6d\u00f6gh f\u0151titk\u00e1r jelent\u00e9s\u00e9t a gy\u0171l\u00e9s r\u00e9sztvev\u0151i sz\u0171nni nem akar\u00f3 tetsz\u00e9ssel vett\u00e9k tudom\u00e1sul, majd Jakab Antal a vezet\u0151s\u00e9g odaad\u00f3 munk\u00e1j\u00e1t m\u00e9ltatta meleg szavakkal.<\/span><\/p>\n<p align=\"JUSTIFY\"><span style=\"font-size: medium;\"> Ezut\u00e1n Hild eln\u00f6k 10 percre felf\u00fcggeszti a gy\u0171l\u00e9st. Sz\u00fcnet ut\u00e1n Aranyossy az egyes\u00fclet tagjai \u00e9s versenyz\u0151i nev\u00e9ben \u00fcdv\u00f6zli a vezet\u0151s\u00e9get, megk\u00f6sz\u00f6nve neki a t\u00e1rsadalmi \u00e9s sportszer\u0171 nevel\u00e9st, amelyet az ifj\u00fas\u00e1gnak \u00f6t \u00e9ven kereszt\u00fcl ny\u00fajtottak. K\u00e9ri a vezet\u0151ket, hogy legyenek tov\u00e1bbra is az ifj\u00fas\u00e1g vezet\u0151i. <\/span><\/p>\n<p align=\"JUSTIFY\"><span style=\"font-size: medium;\"> Ut\u00e1na G\u00e1sp\u00e1r J\u00f3zsef sz\u00f3lal fel. K\u00e9ri az ifj\u00fas\u00e1gi g\u00e1rd\u00e1t, hogy tov\u00e1bbra is t\u00e1mogass\u00e1k az egyes\u00fcletet. Ezut\u00e1n \u00e1tny\u00fajtja az eln\u00f6knek az egyes\u00fclet sz\u00e9p kivitel\u0171, megnagy\u00edtott jelv\u00e9ny\u00e9t. <\/span><\/p>\n<p align=\"JUSTIFY\"><span style=\"font-size: medium;\"> Ezut\u00e1n T\u00f3th Lajos I. emelkedik sz\u00f3l\u00e1sra. Besz\u00e9d\u00e9ben r\u00e1mutat arra a lelkes munk\u00e1ra, amely a gazdas\u00e1gi v\u00e1ls\u00e1g \u00e9s a k\u00fcls\u0151 intrika dac\u00e1ra is fenntartotta az egyes\u00fcletet : K\u00e9ri az ifj\u00fa tagt\u00e1rsakat tanuljanak, hogy \u0151k is elfoglalhass\u00e1k az \u0151ket megill\u0151 helyet az egyes\u00fclet vezet\u0151s\u00e9g\u00e9ben.<\/span><\/p>\n<p align=\"JUSTIFY\"><span style=\"font-size: medium;\"> Utolj\u00e1ra \u00fajra Tomcs\u00e1nyi B\u00e9la tb. eln\u00f6k sz\u00f3lal fel. Megk\u00f6sz\u00f6ni a G\u00e1sp\u00e1r \u00e9s Hamar sporttagt\u00e1rsak \u00e1ltal aj\u00e1nd\u00e9kozott egyes\u00fcleti jelv\u00e9nyt \u00e9s k\u00e9t k\u00e9pet, majd az \u00fcnnepi gy\u0171l\u00e9s v\u00e9get \u00e9rt.<\/span><\/p>\n<p align=\"JUSTIFY\"><span style=\"font-size: medium;\"> Este a Redut \u00e9tterm\u00e9ben t\u00e1rsasvacsora volt, mely a k\u00e9s\u0151 \u00e9jf\u00e9li \u00f3r\u00e1kig tartott.<\/span><\/p>\n<p align=\"JUSTIFY\"><b>Az ENCIAN havi foly\u00f3irat 1935 m\u00e1jus. I. \u00e9vfolyam 2. sz\u00e1m.<\/b><\/p>\n<p align=\"JUSTIFY\"><b> Megjelent k\u00f6zlem\u00e9ny. <\/b><\/p>\n<p align=\"JUSTIFY\"><i><b>Az \u201eENCI\u00c1N\u201d munk\u00e1ja.<\/b><\/i><\/p>\n<p align=\"JUSTIFY\"><span style=\"font-size: medium;\">Hal\u00e1sz Gyula BTE eln\u00f6k<\/span><\/p>\n<p align=\"JUSTIFY\"><span style=\"font-size: medium;\"> Az Enci\u00e1n szerepe \u00e9s munk\u00e1ja, j\u00f3llehet alakul\u00e1sa els\u0151 perc\u00e9ben \u00fagy t\u0171nt fel, mintha riv\u00e1lis akart volna lenni az akkor m\u00e9g vezet\u00e9sem alatt \u00e1ll\u00f3 Brass\u00f3i Turista Egyes\u00fclet-nek, az els\u0151 perct\u0151l fogva rokonszenves volt el\u0151tt\u00fcnk. Egy olyan int\u00e9zm\u00e9ny, amely nem \u00fczleti haszonra dolgozik, s amelynek motorja nem a hi\u00fas\u00e1g, nem az \u00f6n\u00e9rdek, hanem magasabb, eszmeibb c\u00e9lok \u00f6nzetlen szolg\u00e1lata, m\u00e9g akkor sem t\u00e1maszthat f\u00e9lt\u00e9kenys\u00e9get \u00e9s aggodalmat, ha a m\u00e1sik hasonl\u00f3 jelleg\u0171 alturisztikus alakulat teljes programj\u00e1t \u00e9s hivat\u00e1si- \u00e9s hat\u00e1sk\u00f6r\u00e9t kisaj\u00e1t\u00edtja. A j\u00f3ban val\u00f3 v\u00e9gleges vet\u00e9lked\u00e9se is csak el\u0151nnyel j\u00e1rhat ama feladatok megold\u00e1s\u00e1ban, melyeket a versenyz\u0151 egyes\u00fcletek maguk el\u00e9 t\u0171znek. Ahogy a hegyek megf\u00e9rnek egym\u00e1s mellett, mert a term\u00e9szet egym\u00e1s mell\u00e9 teremtette \u0151ket, megf\u00e9rnek a k\u00f6z\u00e9rdek\u0171 turistaszervezetek is, melyeket k\u00f6z\u00f6s hivat\u00e1s sorakoztatott egym\u00e1s mell\u00e9. <\/span><\/p>\n<p align=\"JUSTIFY\"><span style=\"font-size: medium;\"> A BTE \u00e9s az Enci\u00e1n teh\u00e1t ugyanazon c\u00e9l fel\u00e9 t\u00f6rekedve, a legbar\u00e1ts\u00e1gosabb viszony \u00e1pol\u00e1s\u00e1ra van hivatva s mindegyiknek csak \u00f6r\u00fclnie kell, ha a m\u00e1sik valamely ir\u00e1nyban, valamely m\u00f3don jobban \u00e9rv\u00e9nyes\u00edti tagjai buzg\u00f3s\u00e1g\u00e1t, \u00f6sszetart\u00e1s\u00e1t, mint t\u00e1rsa a turistas\u00e1g szolg\u00e1lat\u00e1ban. B\u00e1r siker\u00fclne az Enci\u00e1nnak is mihamar\u00e1bb min\u00e9l \u00e9rt\u00e9kesebb alkot\u00e1sokat l\u00e9tes\u00edtenie, amelyeket a BTE m\u00e9g meg nem val\u00f3s\u00edtott, az els\u0151k voln\u00e1nk, akik tapsoln\u00e1nk az \u00e9rdemhez \u00e9s a sikerhez!<\/span><\/p>\n<p align=\"JUSTIFY\"><span style=\"font-size: medium;\"> Az a munka is azonban, amit id\u00e1ig v\u00e9geztek, azok az \u00e9z\u00e9kelhet\u0151 \u00e9rt\u00e9kek is melyekkel fejl\u0151d\u0151 turisztik\u00e1nkat megaj\u00e1nd\u00e9kozta, az a lelkes, odaad\u00f3, tettre- \u00e9s \u00e1ldozatra k\u00e9sz szellem is, mely az anachor\u00e9t\u00e1kra eml\u00e9keztetve, szer\u00e9nyen \u00e9s szeg\u00e9nyen, saj\u00e1t er\u0151b\u0151l \u00e9s \u00f6nlelk\u00e9b\u0151l t\u00e1pl\u00e1lja a szent t\u0171zet, a jobb\u00e1-tev\u0151 turistas\u00e1g j\u00f6v\u0151j\u00e9t, a legnagyobb m\u00e9lt\u00e1nyl\u00e1sra k\u00e9sztet. S mit is k\u00edv\u00e1nhatn\u00e9k egyebet, mikor \u00f6sszetart\u00f3 kis lapjukba ezt a kis \u00edr\u00e1st rovom, minthogy hi\u00fas\u00e1gt\u00f3l \u00e9s \u00f6nz\u00e9st\u0151l ment munk\u00e1jukat tov\u00e1bb is, v\u00e9gig, az egy\u00e9ni szempontokat a k\u00f6znek al\u00e1rendelve, teljes \u00f6sszhangban, egym\u00e1st, s f\u0151k\u00e9p turista hivat\u00e1sunkat megbecs\u00fclve, sikeresen folytass\u00e1k.<\/span><\/p>\n<p align=\"JUSTIFY\"><b>Az ENCIAN havi foly\u00f3irat 1935 augusztus. I. \u00e9vfolyam 1. sz\u00e1m.<\/b><\/p>\n<p align=\"JUSTIFY\"><span style=\"font-size: medium;\"><b> Megjelent k\u00f6zlem\u00e9ny.<\/b><\/span><\/p>\n<p align=\"JUSTIFY\"><span style=\"font-size: medium;\"> <i><b>Barangol\u00e1s a G<\/b><\/i><i><b>\u00e2<\/b><\/i><i><b>rbova-hegys\u00e9g \u00e9szaki r\u00e9sz\u00e9n.<\/b><\/i><\/span><\/p>\n<p align=\"JUSTIFY\"><span style=\"font-size: medium;\"> Sz\u00e9kely G\u00e9za BTE turistatitk\u00e1r<\/span><\/p>\n<p align=\"JUSTIFY\"><span style=\"font-size: medium;\"> \u00c9vtizedek \u00f3ta v\u00e1gyakozva n\u00e9ztem azokra a magas, kop\u00e1r hegyekre, amelyek a Piatra Mare-t\u0151l d\u00e9lre, a Prahova v\u00f6lgy keleti, bal oldal\u00e1n emelkedik az \u00e9g fel\u00e9. Unszolt a k\u00edv\u00e1ncsis\u00e1g, hogy milyen l\u00e1tnival\u00f3k lehetnek a laposnak l\u00e1tsz\u00f3 hegyh\u00e1takon, mit rejtenek m\u00e9ly\u00fckben a v\u00f6lgyek s milyen \u00fajszer\u0171 k\u00f6rk\u00e9p t\u00e1rul a turist\u00e1k szeme el\u00e9. <\/span><\/p>\n<p align=\"JUSTIFY\"><span style=\"font-size: medium;\"> Tavaly tavasszal negyedmagammal elhat\u00e1roztam, hogy v\u00e9gig megyek a kop\u00e1r hegyeken, El\u0151vettem a t\u00e9rk\u00e9pet, alaposan v\u00e9gigtanulm\u00e1nyoztam a tervezett \u00fatvonalat \u00e9s kisz\u00e1m\u00edtottam, hogy a Piatra M\u00e1ren lev\u0151 BTE mened\u00e9kh\u00e1zt\u00f3l Azug\u00e1ig 10 \u2013 12 \u00f3ra alatt lehet megtenni az utat. <\/span><\/p>\n<p align=\"JUSTIFY\"><span style=\"font-size: medium;\"> Egy bor\u00fas kora-ny\u00e1ri este el is indultunk Bra\u015fovb\u00f3l s \u00e9jf\u00e9l k\u00f6r\u00fcl alaposan meg\u00e1zva szomor\u00faan sz\u00e1r\u00edtkoztunk a mened\u00e9kh\u00e1z konyh\u00e1j\u00e1ban, mert \u00fatk\u00f6zben a V\u00e1ly\u00fas-forr\u00e1s k\u00f6r\u00fcl alapos havasi es\u0151 fogott meg. Moln\u00e1r gazd\u00e1\u00e9k te\u00e1ja hamar j\u00f3kedvre hangolt s egy \u00f3ra m\u00falva m\u00e1r k\u00e9t- k\u00e9t pokr\u00f3cba b\u00fajva horkoltunk a t\u00f6megsz\u00e1ll\u00e1s priccs\u00e9n.<\/span><\/p>\n<p align=\"JUSTIFY\"><span style=\"font-size: medium;\"> Reggel \u00f6t \u00f3ra k\u00f6r\u00fcl dideregve bujtunk ki \u00e9s indultunk a hideg, p\u00e1r\u00e1s leveg\u0151ben, vizes f\u0171ben az \u00cdrott-k\u0151 alatt vezet\u0151 z\u00f6ld jelz\u00e9s\u0171 prede\u00e1lli \u00faton a havas gerince fel\u00e9, majd az els\u0151 baloldali v\u00f6lgy \u00fattalan m\u00e9ly\u00e9n toronyir\u00e1nt lefel\u00e9, keleti ir\u00e1nyban. R\u00f6vid\u00edtett\u00fcnk, hogy ne kanyarodjunk el t\u00fals\u00e1gosan Prede\u00e1l fel\u00e9, mert az ismert eszten\u00e1t\u00f3l \u00fagyis visszafel\u00e9 kellett volna j\u00f6nni. <\/span><\/p>\n<p align=\"JUSTIFY\"><span style=\"font-size: medium;\"> A nap akkor m\u00e1r v\u00edgan s\u00fct\u00f6tt, de meleget alig \u00e1rasztott. ,,,K\u00f6d csom\u00f3k b\u00fajtak el\u0151 a v\u00f6lgyekb\u0151l s mi aggodalmasan n\u00e9zt\u00fck, hogy a t\u00e1voli Paltin-tet\u0151 cs\u00facsa k\u00f6r\u00fcl adnak egym\u00e1snak tal\u00e1lk\u00e1t s hogy egy f\u00e9l\u00f3ra alatt s\u0171r\u0171 fekete felh\u0151 alakult a hegy teteje k\u00f6r\u00fcl. <\/span><\/p>\n<p align=\"JUSTIFY\"><span style=\"font-size: medium;\"> Nagy baj nem lehet bel\u0151le \u2013 gondoltam \u2013 mert van t\u00e9rk\u00e9pem is, ir\u00e1nyt\u0171m is, el nem t\u00e9vedhet\u00fcnk a soha nem j\u00e1rt helyen sem.<\/span><\/p>\n<p align=\"JUSTIFY\"><span style=\"font-size: medium;\"> A mened\u00e9kh\u00e1zt\u00f3l egy \u00f3r\u00e1nyira, a Garcsin \u00e9s Azuga-patak v\u00edzv\u00e1laszt\u00f3j\u00e1n el\u00e9rt\u00fck a r\u00e9gi hat\u00e1rk\u00f6veket \u00e9s a t\u00f6bb m\u00e9ter sz\u00e9les hat\u00e1r\u00fat-irt\u00e1s\u00e1t \u00e9s megkezd\u0151d\u00f6tt az enyhe m\u00e1sz\u00e1s az Andor-b\u00e9rc fel\u00e9, melyet 20 \u2013 25 perc alatt el\u00e9rt\u00fck. Az 1464 m. magas tet\u0151 a Garcsin \u00e9s a Kis\u00e1g-patak k\u00f6z\u00f6tt emelked\u0151, kasz\u00e1l\u00f3kkal \u00e9s erd\u0151 irt\u00e1sokkal bor\u00edtott kis gerinc legmagasabb pontja.<\/span><\/p>\n<p align=\"JUSTIFY\"><span style=\"font-size: medium;\"> Innen keveset lefel\u00e9 haladva k\u00e9t \u00edzben is, \u00fajra m\u00e1sz\u00e1s k\u00f6vetkezik. Elmaradtak a f\u00e1k, kop\u00e1r lapos gerincen m\u00e1szunk. Egym\u00e1s ut\u00e1n hagyjuk el a hat\u00e1rk\u00f6veket s az Andor-b\u00e9rc ut\u00e1n egy \u00f3ra m\u00falva a T\u00f3th P\u00e1l-tet\u0151 1680 m. cs\u00facs\u00e1t jelent\u0151 c\u00f6vekn\u00e9l \u00e1llunk. <\/span><\/p>\n<p align=\"JUSTIFY\"><span style=\"font-size: medium;\"> K\u00fcl\u00f6n\u00f6s l\u00e1tv\u00e1ny t\u00e1rul szem\u00fcnk el\u00e9. \u00c9szaknyugatra a Piatra Mare emelkedett, melynek fel\u00e9nk n\u00e9z\u0151 oldal\u00e1t feh\u00e9r naps\u00fct\u00e9s ragyogtatta. Az ellenkez\u0151 ir\u00e1nyban s\u00f6t\u00e9t felh\u0151 gomolygott. A k\u00e9t v\u00e9glet k\u00f6z\u00f6tt napos \u00e9s \u00e1rny\u00e9kos hegyek \u00e9s v\u00f6lgyek. A Csuk\u00e1s n\u00e9ha el\u0151dugta h\u00e1rmas cs\u00facs\u00e1t, a Buceci tiszta naps\u00fct\u00e9sben \u00e1ll. El\u0151tte a Prahova-v\u00f6lgy, l\u00e1bunk alatt a m\u00e9lyben az Azuga-vize tajt\u00e9kozott az \u00e9jjeli vihar nyom\u00e1n, m\u00e1sik oldalunkon pedig az \u00f3s\u00e1nci v\u00f6lgybe szalad\u00f3 v\u00f6lgyek s\u00f6t\u00e9tlettek a nagy felh\u0151 \u00e1rny\u00e9k\u00e1ban.<\/span><\/p>\n<p align=\"JUSTIFY\"><span style=\"font-size: medium;\"> A cs\u00facsot elhagyva teljesen d\u00e9l ir\u00e1nyban kanyarodott az \u00fat. Megker\u00fclt\u00fcnk oldalt vezet\u0151 utakon k\u00e9t kisebb cs\u00facsot s azt\u00e1n az \u00fatr\u00f3l balra let\u00e9rve a Paltin meredek, f\u00fcves oldal\u00e1n kapaszkodtunk az 1900 m. magas cs\u00facs fel\u00e9.<\/span><\/p>\n<p align=\"JUSTIFY\"><span style=\"font-size: medium;\"> Mire fel\u00e9rt\u00fcnk, a felh\u0151 is fentebb sz\u00e1llt, de vel\u0151ig hat\u00f3 hideg sz\u00e9l fogadott, \u00fagy, hogy szedt\u00fck a s\u00e1torf\u00e1nkat \u00e9s v\u00e9dett helyre bujtunk, k\u00f6r\u00fcln\u00e9zni a vid\u00e9ken.<\/span><\/p>\n<p align=\"JUSTIFY\"><span style=\"font-size: medium;\"> \u00daj vid\u00e9ket l\u00e1ttunk. A Doftana-patak v\u00f6lgy\u00e9t, mely a Prahov\u00e1val p\u00e1rhuzamosan folyik \u00e9s C\u00e2mpina k\u00f6zel\u00e9ben egyes\u00fcl vele. K\u00e9t oldal\u00e1n szel\u00edd, erd\u0151 koszor\u00fazta hegyek, aljukban egy-egy k\u00f6zs\u00e9g h\u00e1zcsoportja. De sok id\u0151 nem volt n\u00e9zel\u0151d\u00e9sre, mert az \u00fatnak m\u00e9g fel\u00e9t sem hagytuk h\u00e1tra s a hideg sz\u00e9l is ellen\u00fcnk fordult. <\/span><\/p>\n<p align=\"JUSTIFY\"><span style=\"font-size: medium;\"> \u00dajra ir\u00e1nyt v\u00e1ltoztattunk. Elhagytuk a hat\u00e1rk\u00f6veket, melyek innen lefel\u00e9, a Predelu\u0163 \u2013 h\u00e1g\u00f3 fel\u00e9 s a Csuk\u00e1s fel\u00e9 folytatt\u00e1k \u00fatjukat s mi kiss\u00e9 nyugat fel\u00e9, majd d\u00e9l ir\u00e1nyban k\u00f6vett\u00fck az \u00f6sv\u00e9nyt. M\u00e1sz\u00e1s k\u00f6vetkezett s nemsok\u00e1ra el\u00e9rt\u00fck utunk legmagasabb pontj\u00e1t, az 1926-os magaslatot.<\/span><\/p>\n<p align=\"JUSTIFY\"><span style=\"font-size: medium;\"> Olyan kil\u00e1t\u00e1s t\u00e1rult el\u00e9nk, melyhez hasonl\u00f3 kev\u00e9s van a vid\u00e9k\u00fcnk\u00f6n. Az el\u0151t\u00e9rben v\u00e9gtelen hull\u00e1mz\u00e1sban enyhe lejt\u0151j\u0171, szikla- \u00e9s fa n\u00e9lk\u00fcli hegyh\u00e1tak, d\u00fas legel\u0151vel, sz\u00e1mtalan ny\u00e1jjal, juhcsap\u00e1sokt\u00f3l cs\u00edkos hegyoldalakkal. Egy-k\u00e9tezer m\u00e9ternyire a legel\u0151 minden \u00e1tmenet n\u00e9lk\u00fcl \u00e1tmegy s\u0171r\u0171 erd\u0151ben s z\u00f6ld lombkoszor\u00fa bor\u00edt mindent, le a v\u00f6lgyek alj\u00e1ban csillog\u00f3 hegyi patakokig. A legel\u0151 \u00e9s erd\u0151 hat\u00e1r\u00e1n minden f\u00e9l\u00f3r\u00e1nyira eszten\u00e1k feh\u00e9r zsendely fedele csillogott, t\u00e1volabb k\u00f6rben a Piatra Mare, Postovar, a Buceci , a Baiu, Csuk\u00e1s \u00e9s sz\u00e1mtalan k\u00f6zeli s t\u00e1voli, kis \u00e9s nagy hegy \u00e9s havas. <\/span><\/p>\n<p align=\"JUSTIFY\"><span style=\"font-size: medium;\"> Az id\u0151 s\u00fcrgetett, indulni kellett. H\u00e1rom \u00f3r\u00e1n \u00e1t ment\u00fcnk fel \u2013 le, fel \u2013 le, v\u00e9gig 1850 \u2013 1900 m. magas hegygerinceken, minden pillanatban gy\u00f6ny\u00f6rk\u00f6dve a soha nem l\u00e1tott, k\u00fcl\u00f6n\u00f6s jelleg\u0171 vid\u00e9k sz\u00e9ps\u00e9geiben. A h\u00e1bor\u00fab\u00f3l fedez\u00e9kek, l\u00f6v\u00e9sz\u00e1rkok, pihen\u0151\u00e1ll\u00e1sok maradv\u00e1nyai tark\u00edtott\u00e1k az utat, t\u00e1rsaimat pedig az villanyozta fel, hogy \u00e9n egy v\u00e9lt r\u00f6vid\u00edt\u00e9s helyett egy k\u00fcl\u00f6n\u00e1ll\u00f3 hegyet megm\u00e1szva egy \u00f3r\u00e1s \u201eextra-t\u00far\u00e1t\u201d rendeztem, 300 m-es leereszked\u00e9ssel \u00e9s 200 m-es \u00fajram\u00e1sz\u00e1ssal, mely t\u00e9rdeimet alaposan el\u0151vette. Nem irigyelt\u00e9k azt a n\u00e1rcisz-csom\u00f3t sem, amit a leereszked\u00e9sem alkalm\u00e1val szereztem, enn\u00e9l t\u00f6bbet \u00e9rt nekik a pihen\u00e9s, de m\u00e9g t\u00f6bbet a k\u00e1r\u00f6r\u00f6m \u201eb\u00f6lcsess\u00e9gem\u201d miatt.<\/span><\/p>\n<p align=\"JUSTIFY\"><span style=\"font-size: medium;\"> Az Orijogoaea nev\u0171 hegy el\u0151tt teljesen nyugatra fordultunk \u00e9s h\u00e1rom kisebb-nagyobb hegy (Prislop 1601 m., Ceau\u015foaei 1617, Cazacul 1757 m.), megm\u00e1sz\u00e1sa ut\u00e1n megunva a hossz\u00fa gerincv\u00e1ndorl\u00e1st, beereszkedt\u00fcnk az Azuga-patak v\u00f6lgy\u00e9ben. \u00dattalan, s\u0171r\u0171 erd\u0151n haladtunk lefel\u00e9 s j\u00f3 f\u00e9l\u00f3ra alatt m\u00e1r a patak partj\u00e1ra \u00e9rkezt\u00fcnk. A sok sz\u00e9l ut\u00e1n j\u00f3l esett a v\u00f6lgy kellemes melege s haboz\u00e1s n\u00e9lk\u00fcl fek\u00fcdt\u00fcnk ki a napra, hogy napf\u00fcrd\u0151zve pihenj\u00fcnk egy f\u00e9l\u00f3r\u00e1t. Majd j\u00f3 lemosakod\u00e1s ut\u00e1n felfriss\u00fclve vonultunk be az els\u0151 azugai \u2013 cukr\u00e1szd\u00e1ban.<\/span><\/p>\n<p align=\"JUSTIFY\"><span style=\"font-size: medium;\"> Itt \u00e1rultam el, hogy t\u00e1rsaimat becsaptam a vonat indul\u00e1si idej\u00e9vel. A h\u00e9t\u00f3r\u00e1s vonatindul\u00e1sig m\u00e9g egy teljes \u00f3r\u00e1nk volt. S mit tett\u00fcnk ez alatt? Az \u00fat sz\u00e9ps\u00e9geir\u0151l besz\u00e9lt\u00fcnk, melyek meg\u00e9rdemlik a nagyobb l\u00e1togatotts\u00e1got. <\/span><\/p>\n<p align=\"JUSTIFY\"><span style=\"font-size: medium;\"> <b>Az ENCIAN 1939 febru\u00e1ri sz\u00e1m\u00e1ban megjelent k\u00f6zlem\u00e9ny. <\/b><\/span><\/p>\n<p align=\"JUSTIFY\"><span style=\"font-size: medium;\"><b> Cz\u00e1r\u00e1n Gyula. <\/b><i><b>A term\u00e9szetj\u00e1r\u00e1s apostola, \u00e9lete \u00e9s tev\u00e9kenys\u00e9ge. <\/b><\/i><i> <\/i><\/span><\/p>\n<p align=\"JUSTIFY\"><i><b> R\u00e9szletek a le\u00edr\u00e1sb\u00f3l.<\/b><\/i><\/p>\n<p align=\"JUSTIFY\"><span style=\"font-size: medium;\"><i><b> <\/b><\/i>Erd\u00e9lyi Ferenc.<\/span><\/p>\n<p align=\"JUSTIFY\"><span style=\"font-size: medium;\"><b> <\/b>\u201e V\u00e9gig utazta : Olaszorsz\u00e1got, N\u00e9metorsz\u00e1got, Sv\u00e1jcot, Ausztri\u00e1t, majd Franciaorsz\u00e1got,<b> <\/b>Alpeseket, T\u00e1tr\u00e1t, Konstantin\u00e1polyt, Csehorsz\u00e1got, Erd\u00e9lyt, az Al-Dun\u00e1t j\u00e1rta be. 1889-ben hazat\u00e9rt k\u00fclf\u00f6ldr\u0151l\u201d. <\/span><\/p>\n<p align=\"JUSTIFY\"><span style=\"font-size: medium;\"><b> <\/b>\u201e Anyagilag olyan helyzetben volt, hogy eg\u00e9sz \u00e9let\u00e9t \u00e9s terveit az Alpesekben \u00e9lhette volna \u00e1t, de \u0151 vil\u00e1gh\u00edrn\u00e9vre nem t\u00f6rekedett. Jelszava volt : Becs\u00fclj\u00fck meg mindig els\u0151nek sz\u00fcl\u0151f\u00f6ld\u00fcnket! 1895-ben bel\u00e9pett az EK\u00c9-be, mely akkor m\u00e9g csecsem\u0151 kor\u00e1t \u00e9lte. Cz\u00e1r\u00e1n Gyula a megkezdett \u00fatr\u00f3l nem t\u00e9rt le, tov\u00e1bb folytatta tev\u00e9kenys\u00e9g\u00e9t, r\u00f6videsen felt\u00e1rta a turist\u00e1k sz\u00e1m\u00e1ra a m\u00e9g ma is oly csod\u00e1latos Szamosb\u00e1z\u00e1rt, amelyr\u0151l<b> <\/b>k\u00fcl\u00f6n k\u00f6nyvet is adott ki Cz\u00e1r\u00e1n, hol t\u00f6bbek k\u00f6z\u00f6tt azt \u00edrja : Miben m\u00e1rtsam tollam, hogy dics\u0151 k\u00e9pedet h\u00edven lerajzoljam? Mert aki m\u00e1r j\u00e1rt ezen a vid\u00e9ken, az azt elfeledni sohase tudja, viszont, azt csak l\u00e1tni lehet, de le\u00edrni soha sem. 1898 j\u00falius\u00e1ban kir\u00e1ndul\u00e1st hirdetett e helyekre s ekkor mutatta be ezen \u00fajabb felt\u00e1r\u00e1sait az EK\u00c9-nek. Cz\u00e1r\u00e1n Gyula mint bels\u0151s\u00e9gesebb viszonyban ker\u00fcl a z EK\u00c9-vel. Alap\u00edtv\u00e1nyt tesz ott. Majd felh\u00edvja az EKE figyelm\u00e9t a Bihar sz\u00e9ps\u00e9geire. Ezzel is mind jobban \u00f3hajtotta kidombor\u00edtani, hogy becs\u00fclj\u00fck meg els\u0151 sorban azt, ami a mi\u00e9nk. Ne szaladjunk k\u00fclf\u00f6ldre, ne vigy\u00fck oda a p\u00e9nzt, hiszen fele \u00f6sszeggel megkapjuk ugyanazt itthon, mert Erd\u00e9ly term\u00e9szeti sz\u00e9ps\u00e9gei vet\u00e9lkedhet Sv\u00e1jccal. Ha ezt egyesek \u00fagy \u00edt\u00e9ln\u00e9k meg, hogy ez lok\u00e1l patriotizmus, Cz\u00e1r\u00e1nnak m\u00e9g akkor is igaza volt. \u0150t nem hazafias felbuzd\u00edt\u00e1s k\u00e9sztette erre, hiszen k\u00fclf\u00f6ld\u00f6n eleget l\u00e1tott, hanem annak a bizonyos m\u0171v\u00e9szi sz\u00e9pnek az \u00e9szrev\u00e9tele, amely mellett ezer \u00e9s ezer ember elhalad an\u00e9lk\u00fcl, hogy annak csak kis h\u00e1nyad\u00e1t is megl\u00e1tn\u00e1. S a term\u00e9szetnek m\u0171v\u00e9szi sz\u00e9ps\u00e9ge serkentette Cz\u00e1r\u00e1nt a robot munk\u00e1ra s \u2013 ezt a sz\u00e9ps\u00e9get \u00fagy megtal\u00e1lni senki sem tudta rajta k\u00edv\u00fcl \u2013 sem el\u0151tte, sem ut\u00e1na napjainkig\u201d.<\/span><\/p>\n<p align=\"JUSTIFY\"><span style=\"font-size: medium;\"> \u201eTurista testv\u00e9rek! Ha az \u0150 nyomdokain a Biharban j\u00e1rtok : szenteljetek mindig p\u00e1r percet az <b>\u0150 eml\u00e9k\u00e9re. <\/b>S ha valaki k\u00f6z\u00fcletek eljut Moneasara, Bihar vadvir\u00e1gait tegye s\u00edrhantj\u00e1ra\u201d.<\/span><\/p>\n<p align=\"JUSTIFY\"><span style=\"font-size: medium;\"> <b>Az ENCIAN 1939 decemberi sz\u00e1m\u00e1ban megjelent k\u00f6zlem\u00e9ny. <\/b><\/span><\/p>\n<p align=\"JUSTIFY\"><span style=\"font-size: medium;\"><b> <\/b><i><b>A csuklyoni meleged\u0151.<\/b><\/i> <\/span><\/p>\n<p align=\"JUSTIFY\"><span style=\"font-size: medium;\"> A szerz\u0151 neve nincs felt\u00fcntetve.<\/span><\/p>\n<p align=\"JUSTIFY\"><span style=\"font-size: medium;\"> Elhat\u00e1roztuk, hogy a Csuklyon-havason ter\u00fcletet v\u00e1s\u00e1rolunk \u00e9s id\u0151vel, &#8211; ha anyagi k\u00f6r\u00fclm\u00e9nyeink megengedik, egy mened\u00e9kh\u00e1zat \u00e9p\u00edt\u00fcnk.<\/span><\/p>\n<p align=\"JUSTIFY\"><span style=\"font-size: medium;\"> A ter\u00fclet v\u00e1s\u00e1rl\u00e1s l\u00e9tre is j\u00f6tt \u00e9s ez\u00e1ltal a Csuklyon-havas legszebb r\u00e9sz\u00e9nek lett\u00fcnk tulajdonosai. J\u00f3 s\u00edterep, j\u00f3 viz\u0171 forr\u00e1s, sz\u00e9p kil\u00e1t\u00e1s, egysz\u00f3val minden megvan e helyen, ami egy mened\u00e9kh\u00e1z \u00e9p\u00edt\u00e9s\u00e9nek el\u0151felt\u00e9telei.<\/span><\/p>\n<p align=\"JUSTIFY\"><span style=\"font-size: medium;\"> A munka megindult. Tagjaink sz\u00edne-java kivette r\u00e9sz\u00e9t a munk\u00e1b\u00f3l. D\u00f6nt\u00f6tt\u00e9k a f\u00e1t, \u00e1st\u00e1k \u00e9s hordt\u00e1k a f\u00f6ldet, cipelt\u00e9k a deszk\u00e1kat, k\u00e1tr\u00e1nypap\u00edrt, ajt\u00f3t, ablakokat. \u00c9s amikor a h\u00e1z k\u00e9szen \u00e1llt, igyekezt\u00fcnk bel\u00fclr\u0151l is bar\u00e1ts\u00e1goss\u00e1, k\u00e9nyelmes\u00e9 tenni azt. F\u0151z\u0151k\u00e1lyha, ed\u00e9nyek, padok, asztal, fekv\u0151helyek v\u00e1rt\u00e1k itt a s\u00edz\u0151t, a turist\u00e1t. A falakon k\u00e9pek, t\u00e9rk\u00e9pek. Szertettel j\u00e1rtunk oda s\u00edzni, kir\u00e1ndulni. Szombat este mindig voltak t\u00f6bben is a h\u00e1zban, s\u0151t szilveszter \u00e9jszak\u00e1j\u00e1n is. <\/span><\/p>\n<p align=\"JUSTIFY\"><span style=\"font-size: medium;\"> Azt\u00e1n j\u00f6tt egy tavaszi vas\u00e1rnap, amikor a felmen\u0151k a h\u00e1zat, a mi meleged\u0151 kunyh\u00f3nkat felt\u00f6rve tal\u00e1lt\u00e1k. Kisebb rong\u00e1l\u00e1s egy\u00e9b semmi. P\u00e1r h\u00e9tre r\u00e1 \u00fajabb bet\u00f6r\u00e9s, amikor minden megmozd\u00edthat\u00f3t, k\u00e1lyh\u00e1t\u00f3l az utols\u00f3 kan\u00e1lig mindent elvittek. K\u00f6vetkez\u0151 alkalommal m\u00e1r az ablakr\u00e1m\u00e1k ker\u00fcltek sorra, azut\u00e1n az ajt\u00f3 sarokvas\u00e1t lopt\u00e1k el. Asztal, padok \u00f6sszet\u00f6rve, a falakr\u00f3l a k\u00e9pek a tap\u00e9t\u00e1k let\u00e9pve, a tet\u0151t v\u00e9d\u0151 k\u00e1tr\u00e1nypap\u00edr leszedve. <\/span><\/p>\n<p align=\"JUSTIFY\"><span style=\"font-size: medium;\"> Ez \u00e9v \u0151sz\u00e9n elhat\u00e1roztuk, hogy a meleged\u0151t \u00fajra rendbe hozzuk. <\/span><\/p>\n<p align=\"JUSTIFY\"><span style=\"font-size: medium;\"> \u0150szut\u00f3i havaz\u00e1sban cipel\u0151zk\u00f6d\u00e9s. A munka megindul. F\u0171r\u00e9sz zen\u00e9l, fejsze csattog, kalap\u00e1cs kattog a munka hev\u00e9ben. Eszre sem vessz\u00fck, hogy alkonyodik. Miut\u00e1n a csillagok kigy\u00falnak, a h\u00e1z \u00fajra k\u00e9szen \u00e1ll a turist\u00e1k befogad\u00e1s\u00e1ra&#8230;.. <\/span><\/p>\n<p align=\"JUSTIFY\"><span style=\"font-size: medium;\"> \u2026.. A r\u00e1k\u00f6vetkez\u0151 h\u00e9ten n\u00e9gy term\u00e9szetj\u00e1r\u00f3 a h\u00e1zat \u00fajra \u00fcresen tal\u00e1lta. Furfangos z\u00e1r felt\u00f6rve, k\u00e1lyha, egy tekercs k\u00e1tr\u00e1nypap\u00edr ellopva&#8230;..<\/span><\/p>\n<p align=\"JUSTIFY\"><span style=\"font-size: medium;\"> Val\u00f3j\u00e1ban hol volt ez a Enci\u00e1n meleged\u0151? \u00c9s milyen sors v\u00e1rt r\u00e1 \u00e9s hogy n\u00e9zett ki? <\/span><\/p>\n<p align=\"JUSTIFY\"><span style=\"font-size: medium;\"> 1995-ben, a brass\u00f3i EKE Jezsek K\u00e1lm\u00e1n \u00e9s Papp Anna vezet\u00e9s\u00e9vel kir\u00e1ndul\u00e1st szervezett a Csuklyon-havasra. A kir\u00e1ndul\u00e1son sok \u00c1prily Lajos di\u00e1k vett r\u00e9szt. Jezsek K\u00e1lm\u00e1n elhozta azt az Enci\u00e1n lapot, amiben benne volt a meleged\u0151 f\u00e9nyk\u00e9pe, mindenki megn\u00e9zhette, majd megmutatta, hogy hol \u00e1llt a meleged\u0151 ma is l\u00e1that\u00f3 alapj\u00e1t. Sajnos ugyanaz a sors v\u00e1rt r\u00e1 mind a t\u00f6bbi magyarok \u00e1ltal \u00e9p\u00edtett turista h\u00e1zakra., a pusztul\u00e1sra \u00e9s a felgy\u00fajt\u00e1sra. \u00dagy tudjuk, hogy ezt a h\u00e1zat nem gy\u00fajtott\u00e1k fel, ismeretlen tetessek lerombolt\u00e1k \u00e9s anyag\u00e1t elhordt\u00e1k, val\u00f3sz\u00edn\u0171 esztena \u00e9p\u00edt\u00e9sre.<\/span><\/p>\n<p align=\"JUSTIFY\"><span style=\"font-size: medium;\"> A meleged\u0151 az Enci\u00e1nban megjelent f\u00e9nyk\u00e9p ut\u00e1n k\u00e9sz\u00edtett mell\u00e9kelt festm\u00e9nyen l\u00e1that\u00f3.<\/span><\/p>\n<p align=\"JUSTIFY\"><span style=\"font-size: medium;\"> <b>Tall\u00f3z\u00e1s ENCIAN foly\u00f3iratokban, innen \u2013 onnan. <\/b><\/span><\/p>\n<p align=\"JUSTIFY\"><span style=\"font-size: medium;\"><b> <\/b><b>1935-36-os t\u00e9li szezonban. <\/b>Tal\u00e1n azt lehet mondani egyetlen igazi t\u00e9l vas\u00e1rnap febru\u00e1r 16-\u00e1n volt. Csikorg\u00f3 hideg, s\u00edel\u00e9sre alkalmas j\u00f3 porh\u00f3 \u00e9s gy\u00f6ny\u00f6r\u0171 naps\u00fct\u00e9s mindenhol a hegyekben. Ny\u00fczsg\u00f6tt is a s\u00edz\u0151k hada mindenfel\u00e9, aminek meg is adta az \u00e1r\u00e1t egy n\u00e9h\u00e1ny boka \u2013 \u00e9s k\u00e9zficamod\u00e1s meg l\u00e1bt\u00f6r\u00e9s, hogy a s\u00ed-t\u00f6r\u00e9seket ne is sz\u00e1m\u00edtsuk.<\/span><\/p>\n<p align=\"JUSTIFY\"><span style=\"font-size: medium;\"> <b>Az \u00faj herny\u00f3talpas aut\u00f3busz. <\/b>Mely Poj\u00e1na \u00e9s Bra\u015fov k\u00f6z\u00f6tt fogja a forgalmat lebonyol\u00edtani, meg\u00e9rkezett \u00e9s m\u00e1jus h\u00f3 12-\u00e9n teszi meg az els\u0151 \u00fatj\u00e1t a Poj\u00e1n\u00e1ban. <\/span><\/p>\n<p align=\"JUSTIFY\"><span style=\"font-size: medium;\"> <b>\u00d3vakodjunk a viper\u00e1kt\u00f3l. <\/b>Mind tudjuk, a D\u00e9lkeleti K\u00e1rp\u00e1tok lejt\u0151in, amelyhez a mi hegyeink is tartoznak, minden\u00fctt tal\u00e1lhat\u00f3 a vipera, a T\u00e2mpa szikl\u00e1i k\u00f6z\u00f6tt is tany\u00e1zik. Legjobb \u00e9s legbiztosabb gy\u00f3gyszere a viperasz\u00e9rum. <\/span><\/p>\n<p align=\"JUSTIFY\"><span style=\"font-size: medium;\"> <b>A BTE javaslata : <\/b>j\u00f3 lenne ha minden term\u00e9szetj\u00e1r\u00f3nak a h\u00e1tizs\u00e1kj\u00e1ban,a gy\u00f3gyszer doboz\u00e1ban lenne egy m\u00e9regsz\u00edv\u00f3 pompa. Haszn\u00e1lhat\u00f3 : vipera, skorpi\u00f3, dar\u00e1zs, p\u00f3k stb. m\u00e9rg\u00e9nek a kisz\u00edv\u00e1s\u00e1ra, m\u00e9regtelen\u00edt\u00e9s\u00e9re. A pomp\u00e1t harap\u00e1s vagy cs\u00edp\u00e9s eset\u00e9n, azonnal kell haszn\u00e1lni, a pompa k\u00e9zn\u00e9l kell legyen, ne tegy\u00fck a h\u00e1tizs\u00e1k m\u00e9ly\u00e9re, sose lehet tudni, hogy mikor van r\u00e1 sz\u00fcks\u00e9g. <span style=\"text-decoration: underline;\"><b>A pompa a kullancs elt\u00e1vol\u00edt\u00e1s\u00e1ra is alkalmas.<\/b><\/span> <\/span><\/p>\n<p align=\"JUSTIFY\"><span style=\"font-size: medium;\"> <b>Figyelmeztetj\u00fck <\/b>a kir\u00e1ndul\u00f3kat \u00e9s turist\u00e1kat, hogy esetleges kellemetlens\u00e9g elker\u00fcl\u00e9se v\u00e9gett hordj\u00e1k magukkal szem\u00e9lyazonoss\u00e1gukat igazol\u00f3 iratait. T\u00falbuzg\u00f3 hat\u00f3s\u00e1gi k\u00f6zegek nem egyszer tereltek be eg\u00e9sz t\u00e1rsas\u00e1got a k\u00f6zs\u00e9gh\u00e1z\u00e1ba, elrontva ilyenform\u00e1n eg\u00e9sz napjukat.<\/span><\/p>\n<p align=\"JUSTIFY\"><span style=\"font-size: medium;\"> <b>\u00daj turista foly\u00f3irat <\/b><b>Bra\u015fovban<\/b><b>. \u201eBra<\/b><b>\u015fovul Turistic\u201d <\/b>Amely mint a helybeli Touring Club hivatalos lapja, v\u00e1rosunk k\u00f6rny\u00e9k\u00e9nek turista kalauza akar lenni\u201d. <\/span><\/p>\n<p align=\"JUSTIFY\"><span style=\"font-size: medium;\"> A lapok sok hegyi hal\u00e1los kimenetel\u0171 \u00e9s lavinaszerencs\u00e9tlens\u00e9gekr\u0151l sz\u00e1molnak be, f\u0151leg a B\u00facsecs hegys\u00e9gben. Olvassuk : \u201eComanescu r\u00e9m\u00fclten felki\u00e1ltott! A t\u00e1rsas\u00e1g megtorpant. Comanescu a r\u00e9m\u00fclett\u0151l kid\u00fclledt szemekkel mutatott a cs\u00facs fel\u00e9 \u00e9s elcsukl\u00f3 hangon ki\u00e1ltotta : &#8211; itt a v\u00e9g! Nincs menek\u00fcl\u00e9s! Mindenki a megjel\u00f6lt ir\u00e1nyban pillantott. A cs\u00facsr\u00f3l hatalmas h\u00f3lavina z\u00fadult lefel\u00e9 \u00e9s egyenesen fel\u00e9j\u00fck tartott. A t\u00e1rsas\u00e1g tagjai nem menek\u00fclhettek egy ir\u00e1nyban sem, mivel k\u00e9t szikla k\u00f6z\u00f6tt, egy sz\u00e9les reped\u00e9sben \u00e1lltak, a lavina, amely borzalmas d\u00fcb\u00f6rg\u00e9ssel sz\u00e1guldott a v\u00f6lgy fel\u00e9, be\u00e9rte a t\u00e1rsas\u00e1got, elkapta a nyolc kir\u00e1ndul\u00f3t, mag\u00e1val sodorta \u0151ket&#8230;.. T\u00f6bb\u00f3r\u00e1s \u00e1jul\u00e1s ut\u00e1n Marinescu visszanyerte eszm\u00e9let\u00e9t. \u00d3ri\u00e1si f\u00e1jdalmai ellen\u00e9re lev\u00e1nszorgott Bu\u015ftenibe seg\u00edts\u00e9g\u00e9rt. 4 turista \u00e9lte t\u00fal a lavina szerencs\u00e9tlens\u00e9get, k\u00fcl\u00f6nb\u00f6z\u0151 t\u00f6r\u00e9sekkel\u201d.<\/span><\/p>\n<p align=\"JUSTIFY\"><span style=\"font-size: medium;\"> <b>1935 novemberi sz\u00e1m. \u00c9rdekes adatok <\/b>ker\u00fcltek nyilv\u00e1noss\u00e1gra az EKE tordai mened\u00e9kh\u00e1z\u00e1nak felavat\u00e1s\u00e1val kapcsolatban. Bors Mih\u00e1ly, az EKE \u00faj eln\u00f6ke, kinek nev\u00e9t viseli az \u00faj \u00e9p\u00fclet \u00e9s k\u00f6sz\u00f6nheti mai form\u00e1j\u00e1t, a felszentel\u00e9s \u00fcnnep\u00e9ly\u00e9n gavall\u00e9ri\u00e1j\u00e1nak \u00e9rdekes tan\u00fajel\u00e9t adta. \u0150 fedezte ugyanis a megjelentek vend\u00e9gl\u00e1t\u00e1s\u00e1t \u00e9s saj\u00e1t k\u00f6lts\u00e9g\u00e9n 20 m\u00e1zsa kenyeret, 4 m\u00e1zsa szalonn\u00e1t, 2 m\u00e1zsa t\u00far\u00f3t, 1 m\u00e1zsa kolb\u00e1szt, 2000 darab paprik\u00e1t, 2000 darab hagym\u00e1t, 200 liter p\u00e1link\u00e1t \u00e9s 5000 liter bort szerzett be. Term\u00e9szetesen, hogy minden elfogyott \u00e9s az \u00fcnnep\u00e9lyen megjelentek hangulata r\u00f3zs\u00e1s volt. <\/span><\/p>\n<p align=\"JUSTIFY\"><span style=\"font-size: medium;\"> <b>V\u00e9dj\u00fck a term\u00e9szet vir\u00e1gait! <\/b> Ne szak\u00edtsuk le az alpesi v\u00e9dett vir\u00e1gokat, ne vigy\u00fck haza, ott gy\u00f6ny\u00f6rk\u00f6dj\u00fcnk benne, ahol r\u00e1tal\u00e1ltunk. Pr\u00f3b\u00e1ljunk uralkodni magunkon. \u00dagy legyen! <\/span><\/p>\n<p align=\"JUSTIFY\"><span style=\"font-size: medium;\"> \u201eVan a Csuk\u00e1son egy kereszt! Egyszer\u0171 vas kereszt, alj\u00e1n vir\u00e1gtart\u00f3val. A kegyelet \u00e1ll\u00edtotta a m\u00e9lyen t\u00e1tong\u00f3 szakad\u00e9k fel\u00e9 a keskeny kiugr\u00f3 sziklany\u00falv\u00e1ny v\u00e9g\u00e9re. A kegyelet \u00e9s a bar\u00e1ti szeretet annak jel\u00e9\u00fcl, hogy 1931 j\u00falius 12-\u00e9n reggel Iacobescu J\u00f3zsef a brass\u00f3i rep\u00fcl\u0151g\u00e9pgy\u00e1r 20 \u00e9ves tisztvisel\u0151je arr\u00f3l a helyr\u0151l lezuhanva meghalt. Meghalt egy sz\u00e1l vir\u00e1g\u00e9rt, b\u00e1rsonyos, lensz\u0151ke, egyszer\u0171 kis gyop\u00e1r\u00e9rt.<\/span><\/p>\n<h2 style=\"text-align: center;\" align=\"JUSTIFY\"><span style=\"font-size: medium;\"> <b>GYOP\u00c1R<\/b><\/span><\/h2>\n<p style=\"text-align: right;\" align=\"JUSTIFY\"><span style=\"font-size: medium;\">\u00cdrta : ifj. T\u00e9gl\u00e1s G\u00e1bor<\/span><\/p>\n<p style=\"text-align: center;\"><span style=\"font-size: medium;\"> Az Isten sziklatemplom\u00e1ban,<br \/>\n<\/span><span style=\"font-size: medium; line-height: 1.5;\">Hol elcsendes\u00fcl a vil\u00e1g,<br \/>\n<\/span><span style=\"font-size: medium;\">F\u00e1tyolos felh\u0151k oltalm\u00e1ban,<br \/>\n<\/span><span style=\"font-size: medium;\">Ny\u00edlik egy h\u00f3feh\u00e9r vir\u00e1g:<br \/>\n<\/span><span style=\"font-size: medium;\">Sz\u00e9l \u00e9s vihar vet n\u00e9ki \u00e1gyat,<br \/>\n<\/span><span style=\"font-size: medium;\">Haz\u00e1ja elhagyott, kop\u00e1r &#8211;<br \/>\n<\/span><span style=\"font-size: medium;\">S nem ismer m\u00e9gse b\u00fcszke v\u00e1gyat,<br \/>\n<\/span><span style=\"font-size: medium;\">A csillagszem\u0171 kis gyop\u00e1r.<br \/>\n<\/span><\/p>\n<p style=\"text-align: center;\"><span style=\"font-size: medium; line-height: 1.5;\">Puha b\u00e1rsonyb\u00f3l a ruh\u00e1ja,<br \/>\n<\/span><span style=\"font-size: medium;\">A haja sz\u0151ke, mint a len:<br \/>\n<\/span><span style=\"font-size: medium;\">Hogy \u00fcnnepelj\u00e9k, soh-se v\u00e1rja<br \/>\n<\/span><span style=\"font-size: medium; line-height: 1.5;\">S mag\u00e1t j\u00f3l \u00e9rzi odafenn,<br \/>\n<\/span><span style=\"font-size: medium;\">Nincs senkije: a k\u00f6zel\u00e9ben<br \/>\n<\/span><span style=\"font-size: medium;\">Alig ny\u00edlik bokor n\u00e9h\u00e1ny,<br \/>\n<\/span><span style=\"font-size: medium;\">Szel\u00edd, \u00e1rtatlan: olyan \u00e9ppen,<br \/>\n<\/span><span style=\"font-size: medium;\">Mint egy mosolyg\u00f3, sz\u00e9p le\u00e1ny.<\/span><\/p>\n<p align=\"JUSTIFY\"><span style=\"font-size: medium;\"> Tal\u00e1n, \u00e9desanyj\u00e1nak sz\u00e1nta, tal\u00e1n, menyasszony\u00e1nak akart kedveskedni vele. Nem gondolta, hogy r\u00f6videsen frissen hantolt s\u00edrj\u00e1t bor\u00edt\u00f3 vir\u00e1gerd\u0151 k\u00f6z\u00f6tt, szer\u00e9nyen fog megh\u00faz\u00f3dni egy sz\u00e1l havasi-gyop\u00e1r. Az arra j\u00e1r\u00f3, n\u00e9h\u00e1ny r\u00f6vid perccel ad\u00f3zzon term\u00e9szetj\u00e1r\u00f3 testv\u00e9re eml\u00e9k\u00e9nek. \u00dagy tegy\u00fcnk!<\/span><\/p>\n<p align=\"JUSTIFY\"><span style=\"font-size: medium;\"> Megjegyz\u00e9s : A sz\u00f6vegben eml\u00edtett vaskereszt ma is l\u00e1that\u00f3 a cs\u00facs fel\u00e9 vezet\u0151 \u00faton, a Teszla fel\u00e9 h\u00faz\u00f3d\u00f3 sziklasor valamelyik\u00e9n. \u00a0 \u00a0 \u00a0 \u00a0 \u00a0 \u00a0\u00a0<\/span><\/p>\n<p><strong>\u00a0Nosztalgiak\u00e9pek az ENCI\u00c1N t\u00far\u00e1ir\u00f3l &#8211; rendezv\u00e9nyeir\u0151l<\/strong><\/p>\n<p><span style=\"line-height: 1.5;\">[nggallery id=17]<\/span><\/p>\n<p>&nbsp;<\/p>\n<p>A k\u00e9peket Hild M\u00e1ria bocs\u00e1jtotta rendelkez\u00e9s\u00fcnkre.<\/p>\n<p>&nbsp;<\/p>\n","protected":false},"excerpt":{"rendered":"<p>[singlepic id=324 w=320 h=240 float=center] Victoria Sport Club \u201eENCI\u00c1N\u201d Az 1930-as \u00e9vekben k\u00e9t magyar bejegyzett turista egyes\u00fclet m\u0171k\u00f6d\u00f6tt Brass\u00f3ban. A Brass\u00f3i Turista Egyes\u00fclet BTE, alap\u00edtotta Hal\u00e1sz Gyula tan\u00e1r 1927-ben. A Victoria Sport Club \u201eEnci\u00e1n\u201d Victoria S. K. alap\u00edtotta Tomcs\u00e1nyi B\u00e9la 1931 janu\u00e1r 7-\u00e9n. Az egyes\u00fclet vezet\u0151i: Tomcs\u00e1nyi B\u00e9la tb. eln\u00f6k, Hild J\u00e1nos eln\u00f6k, \u00d6rd\u00f6gh S\u00e1ndor &hellip; <a href=\"https:\/\/brassoi-turista-egyesulet.eu\/?page_id=257\" class=\"more-link\">Continue reading <span class=\"screen-reader-text\">ENCI\u00c1N<\/span> <span class=\"meta-nav\">&rarr;<\/span><\/a><\/p>\n","protected":false},"author":1,"featured_media":0,"parent":0,"menu_order":0,"comment_status":"closed","ping_status":"open","template":"","meta":{"footnotes":""},"class_list":["post-257","page","type-page","status-publish","hentry"],"_links":{"self":[{"href":"https:\/\/brassoi-turista-egyesulet.eu\/index.php?rest_route=\/wp\/v2\/pages\/257","targetHints":{"allow":["GET"]}}],"collection":[{"href":"https:\/\/brassoi-turista-egyesulet.eu\/index.php?rest_route=\/wp\/v2\/pages"}],"about":[{"href":"https:\/\/brassoi-turista-egyesulet.eu\/index.php?rest_route=\/wp\/v2\/types\/page"}],"author":[{"embeddable":true,"href":"https:\/\/brassoi-turista-egyesulet.eu\/index.php?rest_route=\/wp\/v2\/users\/1"}],"replies":[{"embeddable":true,"href":"https:\/\/brassoi-turista-egyesulet.eu\/index.php?rest_route=%2Fwp%2Fv2%2Fcomments&post=257"}],"version-history":[{"count":20,"href":"https:\/\/brassoi-turista-egyesulet.eu\/index.php?rest_route=\/wp\/v2\/pages\/257\/revisions"}],"predecessor-version":[{"id":279,"href":"https:\/\/brassoi-turista-egyesulet.eu\/index.php?rest_route=\/wp\/v2\/pages\/257\/revisions\/279"}],"wp:attachment":[{"href":"https:\/\/brassoi-turista-egyesulet.eu\/index.php?rest_route=%2Fwp%2Fv2%2Fmedia&parent=257"}],"curies":[{"name":"wp","href":"https:\/\/api.w.org\/{rel}","templated":true}]}}